{"id":905,"date":"2020-04-11T13:03:33","date_gmt":"2020-04-11T11:03:33","guid":{"rendered":"http:\/\/www1.up.poznan.pl\/ckf\/?page_id=905"},"modified":"2020-05-05T13:45:03","modified_gmt":"2020-05-05T11:45:03","slug":"sport-studencki","status":"publish","type":"page","link":"https:\/\/sparrow.up.poznan.pl\/ckf\/sport-studencki\/","title":{"rendered":""},"content":{"rendered":"\n<p><\/p>\n\n\n\n<h3 class=\"has-text-align-center wp-block-heading\">UNIWERSYTET PRZYRODNICZY TRZECI NA P\u00d3\u0141METKU<\/h3>\n\n\n\n<p><\/p>\n\n\n\n<h5 class=\"wp-block-heading\">COVID-19 skutecznie wstrzyma\u0142 wszystkie rozgrywki na szczeblu akademickim, a studenci-sportowcy zostali zmuszeni do treningu w bardzo ograniczonych warunkach, tak w skr\u00f3cie mo\u017cna opisa\u0107 sytuacj\u0119 z ostatnich tygodni w odniesieniu do sportu akademickiego. Sytuacja wydaje si\u0119 poprawia\u0107 z dnia na dzie\u0144, jednak do idea\u0142u nadal sporo brakuje, a wstrzymane rozgrywki nadal pozostaj\u0105 zamro\u017cone. Obecnie mo\u017cemy przygl\u0105da\u0107 si\u0119 wydarzeniom z nadziej\u0105, \u017ce luzowanie restrykcji pozwoli na doko\u0144czenie sezonu akademickiego 2019\/20, a w wolnej chwili polecamy <a rel=\"noreferrer noopener\" href=\"https:\/\/gloswielkopolski.pl\/rywalizacja-wielkopolskich-studentow-na-polmetku-azs-poznan-podsumowal-pierwsza-czesc-miedzyuczelnianych-rozgrywek-w-roku\/ar\/c2-14946156\" target=\"_blank\">artyku\u0142 G\u0142osu Wielkopolskiego<\/a> podsumowuj\u0105cy dotychczasow\u0105 rywalizacj\u0119 w trwaj\u0105cym wci\u0105\u017c roku akademickim zw\u0142aszcza, \u017ce <strong>Uniwersytet Przyrodniczy<\/strong> zajmuje na p\u00f3\u0142metku rywalizacji <strong>trzecie miejsce<\/strong> w tymczasowej tabeli klasyfikacji generalnej.<\/h5>\n\n\n\n<p>&#8212;&#8212;&#8212;&#8212;&#8212;&#8212;&#8212;&#8212;&#8212;&#8212;&#8212;&#8212;&#8212;&#8212;&#8212;&#8212;&#8212;&#8212;&#8212;&#8212;&#8212;&#8212;&#8212;&#8212;&#8212;&#8212;&#8212;&#8212;&#8212;&#8212;&#8212;&#8212;&#8212;&#8212;&#8212;&#8212;&#8212;&#8212;&#8211;<\/p>\n\n\n<h5>W zwi\u0105zku z zagro\u017ceniem epidemiologicznym wywo\u0142anym koronawirusem COVID-19 wszelka dzia\u0142alno\u015b\u0107 sportowa zar\u00f3wno w wymiarze krajowym jak i mi\u0119dzynarodowym, zawodowym jak i amatorski mocno wyhamowa\u0142a. Nie inaczej jest ze sportem studenckim, kt\u00f3ry zgodnie z rozporz\u0105dzeniem w\u0142adz AZS zostaje okresowo zawieszony. Naj\u015bwie\u017csze informacje dost\u0119pne s\u0105 na stronach:<\/h5>\n<h5><a href=\"http:\/\/www.poznanazs.pl\/\">AZS POZNA\u0143<\/a> oraz <a href=\"https:\/\/azs.pl\/\">AZS ZARZ\u0104D G\u0141\u00d3WNY<\/a><\/h5>\n<p>\u00a0<\/p>\n<h5><a href=\"http:\/\/www1.up.poznan.pl\/ckf\/wp-content\/uploads\/2020\/04\/AMPiW-komunikat-ws.-wirusa-3.pdf\">Aktualny komunikat AZS O\u015a Pozna\u0144<\/a><\/h5>\n<p>\u00a0<\/p>","protected":false},"excerpt":{"rendered":"<p>UNIWERSYTET PRZYRODNICZY TRZECI NA P\u00d3\u0141METKU COVID-19 skutecznie wstrzyma\u0142 wszystkie rozgrywki na szczeblu akademickim, a studenci-sportowcy zostali zmuszeni do treningu w bardzo ograniczonych warunkach, tak w skr\u00f3cie mo\u017cna opisa\u0107 sytuacj\u0119 z ostatnich tygodni w odniesieniu do sportu akademickiego. Sytuacja wydaje si\u0119&hellip; <\/p>\n","protected":false},"author":2,"featured_media":0,"parent":0,"menu_order":0,"comment_status":"closed","ping_status":"closed","template":"","meta":{"footnotes":""},"class_list":["post-905","page","type-page","status-publish","hentry"],"_links":{"self":[{"href":"https:\/\/sparrow.up.poznan.pl\/ckf\/wp-json\/wp\/v2\/pages\/905","targetHints":{"allow":["GET"]}}],"collection":[{"href":"https:\/\/sparrow.up.poznan.pl\/ckf\/wp-json\/wp\/v2\/pages"}],"about":[{"href":"https:\/\/sparrow.up.poznan.pl\/ckf\/wp-json\/wp\/v2\/types\/page"}],"author":[{"embeddable":true,"href":"https:\/\/sparrow.up.poznan.pl\/ckf\/wp-json\/wp\/v2\/users\/2"}],"replies":[{"embeddable":true,"href":"https:\/\/sparrow.up.poznan.pl\/ckf\/wp-json\/wp\/v2\/comments?post=905"}],"version-history":[{"count":4,"href":"https:\/\/sparrow.up.poznan.pl\/ckf\/wp-json\/wp\/v2\/pages\/905\/revisions"}],"predecessor-version":[{"id":1049,"href":"https:\/\/sparrow.up.poznan.pl\/ckf\/wp-json\/wp\/v2\/pages\/905\/revisions\/1049"}],"wp:attachment":[{"href":"https:\/\/sparrow.up.poznan.pl\/ckf\/wp-json\/wp\/v2\/media?parent=905"}],"curies":[{"name":"wp","href":"https:\/\/api.w.org\/{rel}","templated":true}]}}