{"id":46,"date":"2024-05-28T14:48:31","date_gmt":"2024-05-28T12:48:31","guid":{"rendered":"https:\/\/sparrow.up.poznan.pl\/life\/bg\/?page_id=46"},"modified":"2024-06-21T11:31:25","modified_gmt":"2024-06-21T09:31:25","slug":"about-us","status":"publish","type":"page","link":"https:\/\/sparrow.up.poznan.pl\/life\/tr\/about-us\/","title":{"rendered":"HAKKIMIZDA"},"content":{"rendered":"\t\t<div data-elementor-type=\"wp-page\" data-elementor-id=\"46\" class=\"elementor elementor-46\" data-elementor-post-type=\"page\">\n\t\t\t\t<div class=\"elementor-element elementor-element-2f0e142b e-flex e-con-boxed e-con e-parent\" data-id=\"2f0e142b\" data-element_type=\"container\" data-settings=\"{&quot;background_background&quot;:&quot;classic&quot;}\">\n\t\t\t\t\t<div class=\"e-con-inner\">\n\t\t<div class=\"elementor-element elementor-element-2d9a967 e-con-full e-flex e-con e-child\" data-id=\"2d9a967\" data-element_type=\"container\">\n\t\t\t\t<div class=\"elementor-element elementor-element-54b6b425 elementor-widget elementor-widget-image\" data-id=\"54b6b425\" data-element_type=\"widget\" data-widget_type=\"image.default\">\n\t\t\t\t<div class=\"elementor-widget-container\">\n\t\t\t<style>\/*! elementor - v3.21.0 - 26-05-2024 *\/\n.elementor-widget-image{text-align:center}.elementor-widget-image a{display:inline-block}.elementor-widget-image a img[src$=\".svg\"]{width:48px}.elementor-widget-image img{vertical-align:middle;display:inline-block}<\/style>\t\t\t\t\t\t\t\t\t\t<img fetchpriority=\"high\" decoding=\"async\" width=\"800\" height=\"800\" src=\"https:\/\/sparrow.up.poznan.pl\/life\/tr\/wp-content\/uploads\/2024\/05\/gse_life_orlik-1024x1024.png\" class=\"attachment-large size-large wp-image-9\" alt=\"\" srcset=\"https:\/\/sparrow.up.poznan.pl\/life\/tr\/wp-content\/uploads\/2024\/05\/gse_life_orlik-1024x1024.png 1024w, https:\/\/sparrow.up.poznan.pl\/life\/tr\/wp-content\/uploads\/2024\/05\/gse_life_orlik-300x300.png 300w, https:\/\/sparrow.up.poznan.pl\/life\/tr\/wp-content\/uploads\/2024\/05\/gse_life_orlik-150x150.png 150w, https:\/\/sparrow.up.poznan.pl\/life\/tr\/wp-content\/uploads\/2024\/05\/gse_life_orlik-768x768.png 768w, https:\/\/sparrow.up.poznan.pl\/life\/tr\/wp-content\/uploads\/2024\/05\/gse_life_orlik-1536x1536.png 1536w, https:\/\/sparrow.up.poznan.pl\/life\/tr\/wp-content\/uploads\/2024\/05\/gse_life_orlik-2048x2048.png 2048w\" sizes=\"(max-width: 800px) 100vw, 800px\" \/>\t\t\t\t\t\t\t\t\t\t\t\t\t<\/div>\n\t\t\t\t<\/div>\n\t\t\t\t<\/div>\n\t\t<div class=\"elementor-element elementor-element-81b6383 e-con-full e-flex e-con e-child\" data-id=\"81b6383\" data-element_type=\"container\">\n\t\t\t\t<div class=\"elementor-element elementor-element-63f4a3fd elementor-widget elementor-widget-image\" data-id=\"63f4a3fd\" data-element_type=\"widget\" data-widget_type=\"image.default\">\n\t\t\t\t<div class=\"elementor-widget-container\">\n\t\t\t\t\t\t\t\t\t\t\t\t\t<img decoding=\"async\" width=\"800\" height=\"556\" src=\"https:\/\/sparrow.up.poznan.pl\/life\/tr\/wp-content\/uploads\/2024\/05\/Natura_2000_logo.svg_-1024x712.png\" class=\"attachment-large size-large wp-image-10\" alt=\"\" srcset=\"https:\/\/sparrow.up.poznan.pl\/life\/tr\/wp-content\/uploads\/2024\/05\/Natura_2000_logo.svg_-1024x712.png 1024w, https:\/\/sparrow.up.poznan.pl\/life\/tr\/wp-content\/uploads\/2024\/05\/Natura_2000_logo.svg_-300x209.png 300w, https:\/\/sparrow.up.poznan.pl\/life\/tr\/wp-content\/uploads\/2024\/05\/Natura_2000_logo.svg_-768x534.png 768w, https:\/\/sparrow.up.poznan.pl\/life\/tr\/wp-content\/uploads\/2024\/05\/Natura_2000_logo.svg_-1536x1068.png 1536w, https:\/\/sparrow.up.poznan.pl\/life\/tr\/wp-content\/uploads\/2024\/05\/Natura_2000_logo.svg_-2048x1424.png 2048w\" sizes=\"(max-width: 800px) 100vw, 800px\" \/>\t\t\t\t\t\t\t\t\t\t\t\t\t<\/div>\n\t\t\t\t<\/div>\n\t\t\t\t<\/div>\n\t\t<div class=\"elementor-element elementor-element-1a5ed8e7 e-con-full e-flex e-con e-child\" data-id=\"1a5ed8e7\" data-element_type=\"container\">\n\t\t\t\t<div class=\"elementor-element elementor-element-5685c374 elementor-widget elementor-widget-image\" data-id=\"5685c374\" data-element_type=\"widget\" data-widget_type=\"image.default\">\n\t\t\t\t<div class=\"elementor-widget-container\">\n\t\t\t\t\t\t\t\t\t\t\t\t\t<img decoding=\"async\" width=\"800\" height=\"578\" src=\"https:\/\/sparrow.up.poznan.pl\/life\/tr\/wp-content\/uploads\/2024\/05\/life_1_11-1024x740.jpg\" class=\"attachment-large size-large wp-image-11\" alt=\"\" srcset=\"https:\/\/sparrow.up.poznan.pl\/life\/tr\/wp-content\/uploads\/2024\/05\/life_1_11-1024x740.jpg 1024w, https:\/\/sparrow.up.poznan.pl\/life\/tr\/wp-content\/uploads\/2024\/05\/life_1_11-300x217.jpg 300w, https:\/\/sparrow.up.poznan.pl\/life\/tr\/wp-content\/uploads\/2024\/05\/life_1_11-768x555.jpg 768w, https:\/\/sparrow.up.poznan.pl\/life\/tr\/wp-content\/uploads\/2024\/05\/life_1_11-1536x1110.jpg 1536w, https:\/\/sparrow.up.poznan.pl\/life\/tr\/wp-content\/uploads\/2024\/05\/life_1_11.jpg 1580w\" sizes=\"(max-width: 800px) 100vw, 800px\" \/>\t\t\t\t\t\t\t\t\t\t\t\t\t<\/div>\n\t\t\t\t<\/div>\n\t\t\t\t<\/div>\n\t\t<div class=\"elementor-element elementor-element-31b0f660 e-con-full e-flex e-con e-child\" data-id=\"31b0f660\" data-element_type=\"container\">\n\t\t\t\t<div class=\"elementor-element elementor-element-1c2b647c elementor-nav-menu__align-center elementor-nav-menu--stretch elementor-nav-menu--dropdown-tablet elementor-nav-menu__text-align-aside elementor-nav-menu--toggle elementor-nav-menu--burger elementor-widget elementor-widget-nav-menu\" data-id=\"1c2b647c\" data-element_type=\"widget\" data-settings=\"{&quot;full_width&quot;:&quot;stretch&quot;,&quot;layout&quot;:&quot;horizontal&quot;,&quot;submenu_icon&quot;:{&quot;value&quot;:&quot;&lt;svg class=\\&quot;e-font-icon-svg e-fas-caret-down\\&quot; viewBox=\\&quot;0 0 320 512\\&quot; xmlns=\\&quot;http:\\\/\\\/www.w3.org\\\/2000\\\/svg\\&quot;&gt;&lt;path d=\\&quot;M31.3 192h257.3c17.8 0 26.7 21.5 14.1 34.1L174.1 354.8c-7.8 7.8-20.5 7.8-28.3 0L17.2 226.1C4.6 213.5 13.5 192 31.3 192z\\&quot;&gt;&lt;\\\/path&gt;&lt;\\\/svg&gt;&quot;,&quot;library&quot;:&quot;fa-solid&quot;},&quot;toggle&quot;:&quot;burger&quot;}\" data-widget_type=\"nav-menu.default\">\n\t\t\t\t<div class=\"elementor-widget-container\">\n\t\t\t<link rel=\"stylesheet\" href=\"https:\/\/sparrow.up.poznan.pl\/life\/tr\/wp-content\/plugins\/elementor-pro\/assets\/css\/widget-nav-menu.min.css\">\t\t\t<nav class=\"elementor-nav-menu--main elementor-nav-menu__container elementor-nav-menu--layout-horizontal e--pointer-underline e--animation-fade\">\n\t\t\t\t<ul id=\"menu-1-1c2b647c\" class=\"elementor-nav-menu\"><li class=\"menu-item menu-item-type-post_type menu-item-object-page menu-item-home menu-item-60\"><a href=\"https:\/\/sparrow.up.poznan.pl\/life\/tr\/\" class=\"elementor-item\">ANASAYFA<\/a><\/li>\n<li class=\"menu-item menu-item-type-post_type menu-item-object-page menu-item-58\"><a href=\"https:\/\/sparrow.up.poznan.pl\/life\/tr\/news\/\" class=\"elementor-item\">HABERLER<\/a><\/li>\n<li class=\"menu-item menu-item-type-post_type menu-item-object-page menu-item-59\"><a href=\"https:\/\/sparrow.up.poznan.pl\/life\/tr\/about-the-project\/\" class=\"elementor-item\">HAKKINDA PROJES\u0130<\/a><\/li>\n<li class=\"menu-item menu-item-type-post_type menu-item-object-page menu-item-57\"><a href=\"https:\/\/sparrow.up.poznan.pl\/life\/tr\/about-us\/\" class=\"elementor-item\">HAKKIMIZDA<\/a><\/li>\n<li class=\"menu-item menu-item-type-post_type menu-item-object-page menu-item-56\"><a href=\"https:\/\/sparrow.up.poznan.pl\/life\/tr\/map\/\" class=\"elementor-item\">HAR\u0130TA<\/a><\/li>\n<li class=\"menu-item menu-item-type-post_type menu-item-object-page menu-item-55\"><a href=\"https:\/\/sparrow.up.poznan.pl\/life\/tr\/downloads\/\" class=\"elementor-item\">\u0130ND\u0130RMELER<\/a><\/li>\n<li class=\"menu-item menu-item-type-post_type menu-item-object-page menu-item-54\"><a href=\"https:\/\/sparrow.up.poznan.pl\/life\/tr\/contact\/\" class=\"elementor-item\">\u0130LET\u0130\u015e\u0130M<\/a><\/li>\n<\/ul>\t\t\t<\/nav>\n\t\t\t\t\t<div class=\"elementor-menu-toggle\" role=\"button\" tabindex=\"0\" aria-label=\"Menu Toggle\" aria-expanded=\"false\">\n\t\t\t<svg aria-hidden=\"true\" role=\"presentation\" class=\"elementor-menu-toggle__icon--open e-font-icon-svg e-eicon-menu-bar\" viewBox=\"0 0 1000 1000\" xmlns=\"http:\/\/www.w3.org\/2000\/svg\"><path d=\"M104 333H896C929 333 958 304 958 271S929 208 896 208H104C71 208 42 237 42 271S71 333 104 333ZM104 583H896C929 583 958 554 958 521S929 458 896 458H104C71 458 42 487 42 521S71 583 104 583ZM104 833H896C929 833 958 804 958 771S929 708 896 708H104C71 708 42 737 42 771S71 833 104 833Z\"><\/path><\/svg><svg aria-hidden=\"true\" role=\"presentation\" class=\"elementor-menu-toggle__icon--close e-font-icon-svg e-eicon-close\" viewBox=\"0 0 1000 1000\" xmlns=\"http:\/\/www.w3.org\/2000\/svg\"><path d=\"M742 167L500 408 258 167C246 154 233 150 217 150 196 150 179 158 167 167 154 179 150 196 150 212 150 229 154 242 171 254L408 500 167 742C138 771 138 800 167 829 196 858 225 858 254 829L496 587 738 829C750 842 767 846 783 846 800 846 817 842 829 829 842 817 846 804 846 783 846 767 842 750 829 737L588 500 833 258C863 229 863 200 833 171 804 137 775 137 742 167Z\"><\/path><\/svg>\t\t\t<span class=\"elementor-screen-only\">Menu<\/span>\n\t\t<\/div>\n\t\t\t\t\t<nav class=\"elementor-nav-menu--dropdown elementor-nav-menu__container\" aria-hidden=\"true\">\n\t\t\t\t<ul id=\"menu-2-1c2b647c\" class=\"elementor-nav-menu\"><li class=\"menu-item menu-item-type-post_type menu-item-object-page menu-item-home menu-item-60\"><a href=\"https:\/\/sparrow.up.poznan.pl\/life\/tr\/\" class=\"elementor-item\" tabindex=\"-1\">ANASAYFA<\/a><\/li>\n<li class=\"menu-item menu-item-type-post_type menu-item-object-page menu-item-58\"><a href=\"https:\/\/sparrow.up.poznan.pl\/life\/tr\/news\/\" class=\"elementor-item\" tabindex=\"-1\">HABERLER<\/a><\/li>\n<li class=\"menu-item menu-item-type-post_type menu-item-object-page menu-item-59\"><a href=\"https:\/\/sparrow.up.poznan.pl\/life\/tr\/about-the-project\/\" class=\"elementor-item\" tabindex=\"-1\">HAKKINDA PROJES\u0130<\/a><\/li>\n<li class=\"menu-item menu-item-type-post_type menu-item-object-page menu-item-57\"><a href=\"https:\/\/sparrow.up.poznan.pl\/life\/tr\/about-us\/\" class=\"elementor-item\" tabindex=\"-1\">HAKKIMIZDA<\/a><\/li>\n<li class=\"menu-item menu-item-type-post_type menu-item-object-page menu-item-56\"><a href=\"https:\/\/sparrow.up.poznan.pl\/life\/tr\/map\/\" class=\"elementor-item\" tabindex=\"-1\">HAR\u0130TA<\/a><\/li>\n<li class=\"menu-item menu-item-type-post_type menu-item-object-page menu-item-55\"><a href=\"https:\/\/sparrow.up.poznan.pl\/life\/tr\/downloads\/\" class=\"elementor-item\" tabindex=\"-1\">\u0130ND\u0130RMELER<\/a><\/li>\n<li class=\"menu-item menu-item-type-post_type menu-item-object-page menu-item-54\"><a href=\"https:\/\/sparrow.up.poznan.pl\/life\/tr\/contact\/\" class=\"elementor-item\" tabindex=\"-1\">\u0130LET\u0130\u015e\u0130M<\/a><\/li>\n<\/ul>\t\t\t<\/nav>\n\t\t\t\t<\/div>\n\t\t\t\t<\/div>\n\t\t\t\t<\/div>\n\t\t<div class=\"elementor-element elementor-element-1d7294b5 e-con-full e-flex e-con e-child\" data-id=\"1d7294b5\" data-element_type=\"container\">\n\t\t\t\t<div class=\"elementor-element elementor-element-46ba5d87 elementor-widget elementor-widget-image\" data-id=\"46ba5d87\" data-element_type=\"widget\" data-widget_type=\"image.default\">\n\t\t\t\t<div class=\"elementor-widget-container\">\n\t\t\t\t\t\t\t\t\t\t\t\t\t\t<a href=\"http:\/\/sparrow.up.poznan.pl\/life\/\">\n\t\t\t\t\t\t\t<img loading=\"lazy\" decoding=\"async\" width=\"240\" height=\"160\" src=\"https:\/\/sparrow.up.poznan.pl\/life\/tr\/wp-content\/uploads\/2024\/05\/250px-Flag_of_Poland_normative.svg.png\" class=\"attachment-large size-large wp-image-89\" alt=\"\" \/>\t\t\t\t\t\t\t\t<\/a>\n\t\t\t\t\t\t\t\t\t\t\t\t\t<\/div>\n\t\t\t\t<\/div>\n\t\t\t\t<\/div>\n\t\t<div class=\"elementor-element elementor-element-2d53db9c e-con-full e-flex e-con e-child\" data-id=\"2d53db9c\" data-element_type=\"container\">\n\t\t\t\t<div class=\"elementor-element elementor-element-4564607b elementor-widget elementor-widget-image\" data-id=\"4564607b\" data-element_type=\"widget\" data-widget_type=\"image.default\">\n\t\t\t\t<div class=\"elementor-widget-container\">\n\t\t\t\t\t\t\t\t\t\t\t\t\t\t<a href=\"https:\/\/sparrow.up.poznan.pl\/life\/ee\/\">\n\t\t\t\t\t\t\t<img loading=\"lazy\" decoding=\"async\" width=\"240\" height=\"160\" src=\"https:\/\/sparrow.up.poznan.pl\/life\/tr\/wp-content\/uploads\/2024\/05\/Flag_of_Estonia.svg_.png\" class=\"attachment-large size-large wp-image-13\" alt=\"\" \/>\t\t\t\t\t\t\t\t<\/a>\n\t\t\t\t\t\t\t\t\t\t\t\t\t<\/div>\n\t\t\t\t<\/div>\n\t\t\t\t<\/div>\n\t\t<div class=\"elementor-element elementor-element-7ed4fd5 e-con-full e-flex e-con e-child\" data-id=\"7ed4fd5\" data-element_type=\"container\">\n\t\t\t\t<div class=\"elementor-element elementor-element-68e7b5b1 elementor-widget elementor-widget-image\" data-id=\"68e7b5b1\" data-element_type=\"widget\" data-widget_type=\"image.default\">\n\t\t\t\t<div class=\"elementor-widget-container\">\n\t\t\t\t\t\t\t\t\t\t\t\t\t\t<a href=\"https:\/\/sparrow.up.poznan.pl\/life\/bg\/\">\n\t\t\t\t\t\t\t<img loading=\"lazy\" decoding=\"async\" width=\"240\" height=\"160\" src=\"https:\/\/sparrow.up.poznan.pl\/life\/tr\/wp-content\/uploads\/2024\/05\/Flag_of_Bulgaria.svg_.png\" class=\"attachment-large size-large wp-image-14\" alt=\"\" \/>\t\t\t\t\t\t\t\t<\/a>\n\t\t\t\t\t\t\t\t\t\t\t\t\t<\/div>\n\t\t\t\t<\/div>\n\t\t\t\t<\/div>\n\t\t<div class=\"elementor-element elementor-element-47a501cd e-con-full e-flex e-con e-child\" data-id=\"47a501cd\" data-element_type=\"container\">\n\t\t\t\t<div class=\"elementor-element elementor-element-438e17e elementor-widget elementor-widget-image\" data-id=\"438e17e\" data-element_type=\"widget\" data-widget_type=\"image.default\">\n\t\t\t\t<div class=\"elementor-widget-container\">\n\t\t\t\t\t\t\t\t\t\t\t\t\t\t<a href=\"https:\/\/sparrow.up.poznan.pl\/life\/en\/\">\n\t\t\t\t\t\t\t<img loading=\"lazy\" decoding=\"async\" width=\"240\" height=\"160\" src=\"https:\/\/sparrow.up.poznan.pl\/life\/tr\/wp-content\/uploads\/2024\/05\/Flag_of_the_United_Kingdom_1-2.svg_.png\" class=\"attachment-large size-large wp-image-12\" alt=\"\" \/>\t\t\t\t\t\t\t\t<\/a>\n\t\t\t\t\t\t\t\t\t\t\t\t\t<\/div>\n\t\t\t\t<\/div>\n\t\t\t\t<\/div>\n\t\t\t\t\t<\/div>\n\t\t\t\t<\/div>\n\t\t<div class=\"elementor-element elementor-element-6fd85574 e-flex e-con-boxed e-con e-parent\" data-id=\"6fd85574\" data-element_type=\"container\">\n\t\t\t\t\t<div class=\"e-con-inner\">\n\t\t\t\t<div class=\"elementor-element elementor-element-45eebaf7 animated-slow elementor-invisible elementor-widget elementor-widget-image\" data-id=\"45eebaf7\" data-element_type=\"widget\" data-settings=\"{&quot;_animation&quot;:&quot;fadeIn&quot;,&quot;_animation_delay&quot;:300}\" data-widget_type=\"image.default\">\n\t\t\t\t<div class=\"elementor-widget-container\">\n\t\t\t\t\t\t\t\t\t\t\t\t\t<img loading=\"lazy\" decoding=\"async\" width=\"2000\" height=\"800\" src=\"https:\/\/sparrow.up.poznan.pl\/life\/tr\/wp-content\/uploads\/2024\/05\/IMG_2265.jpg\" class=\"attachment-2048x2048 size-2048x2048 wp-image-199\" alt=\"\" srcset=\"https:\/\/sparrow.up.poznan.pl\/life\/tr\/wp-content\/uploads\/2024\/05\/IMG_2265.jpg 2000w, https:\/\/sparrow.up.poznan.pl\/life\/tr\/wp-content\/uploads\/2024\/05\/IMG_2265-300x120.jpg 300w, https:\/\/sparrow.up.poznan.pl\/life\/tr\/wp-content\/uploads\/2024\/05\/IMG_2265-1024x410.jpg 1024w, https:\/\/sparrow.up.poznan.pl\/life\/tr\/wp-content\/uploads\/2024\/05\/IMG_2265-768x307.jpg 768w, https:\/\/sparrow.up.poznan.pl\/life\/tr\/wp-content\/uploads\/2024\/05\/IMG_2265-1536x614.jpg 1536w\" sizes=\"(max-width: 2000px) 100vw, 2000px\" \/>\t\t\t\t\t\t\t\t\t\t\t\t\t<\/div>\n\t\t\t\t<\/div>\n\t\t\t\t\t<\/div>\n\t\t\t\t<\/div>\n\t\t<div class=\"elementor-element elementor-element-21ae06db animated-slow e-flex e-con-boxed elementor-invisible e-con e-parent\" data-id=\"21ae06db\" data-element_type=\"container\" data-settings=\"{&quot;animation&quot;:&quot;fadeIn&quot;,&quot;animation_delay&quot;:400}\">\n\t\t\t\t\t<div class=\"e-con-inner\">\n\t\t\t\t<div class=\"elementor-element elementor-element-2537b64e elementor-widget elementor-widget-heading\" data-id=\"2537b64e\" data-element_type=\"widget\" data-widget_type=\"heading.default\">\n\t\t\t\t<div class=\"elementor-widget-container\">\n\t\t\t<style>\/*! elementor - v3.21.0 - 26-05-2024 *\/\n.elementor-heading-title{padding:0;margin:0;line-height:1}.elementor-widget-heading .elementor-heading-title[class*=elementor-size-]>a{color:inherit;font-size:inherit;line-height:inherit}.elementor-widget-heading .elementor-heading-title.elementor-size-small{font-size:15px}.elementor-widget-heading .elementor-heading-title.elementor-size-medium{font-size:19px}.elementor-widget-heading .elementor-heading-title.elementor-size-large{font-size:29px}.elementor-widget-heading .elementor-heading-title.elementor-size-xl{font-size:39px}.elementor-widget-heading .elementor-heading-title.elementor-size-xxl{font-size:59px}<\/style><h1 class=\"elementor-heading-title elementor-size-default\">Hakk\u0131m\u0131zda<\/h1>\t\t<\/div>\n\t\t\t\t<\/div>\n\t\t\t\t<div class=\"elementor-element elementor-element-3102f4d elementor-widget elementor-widget-image\" data-id=\"3102f4d\" data-element_type=\"widget\" data-widget_type=\"image.default\">\n\t\t\t\t<div class=\"elementor-widget-container\">\n\t\t\t\t\t\t\t\t\t\t\t\t\t<img loading=\"lazy\" decoding=\"async\" width=\"800\" height=\"322\" src=\"https:\/\/sparrow.up.poznan.pl\/life\/tr\/wp-content\/uploads\/2024\/05\/logo_zielone_polskie_uklad_poziomy.png\" class=\"attachment-large size-large wp-image-18\" alt=\"\" srcset=\"https:\/\/sparrow.up.poznan.pl\/life\/tr\/wp-content\/uploads\/2024\/05\/logo_zielone_polskie_uklad_poziomy.png 900w, https:\/\/sparrow.up.poznan.pl\/life\/tr\/wp-content\/uploads\/2024\/05\/logo_zielone_polskie_uklad_poziomy-300x121.png 300w, https:\/\/sparrow.up.poznan.pl\/life\/tr\/wp-content\/uploads\/2024\/05\/logo_zielone_polskie_uklad_poziomy-768x309.png 768w\" sizes=\"(max-width: 800px) 100vw, 800px\" \/>\t\t\t\t\t\t\t\t\t\t\t\t\t<\/div>\n\t\t\t\t<\/div>\n\t\t\t\t<div class=\"elementor-element elementor-element-a413f26 elementor-widget elementor-widget-text-editor\" data-id=\"a413f26\" data-element_type=\"widget\" data-widget_type=\"text-editor.default\">\n\t\t\t\t<div class=\"elementor-widget-container\">\n\t\t\t<style>\/*! elementor - v3.21.0 - 26-05-2024 *\/\n.elementor-widget-text-editor.elementor-drop-cap-view-stacked .elementor-drop-cap{background-color:#69727d;color:#fff}.elementor-widget-text-editor.elementor-drop-cap-view-framed .elementor-drop-cap{color:#69727d;border:3px solid;background-color:transparent}.elementor-widget-text-editor:not(.elementor-drop-cap-view-default) .elementor-drop-cap{margin-top:8px}.elementor-widget-text-editor:not(.elementor-drop-cap-view-default) .elementor-drop-cap-letter{width:1em;height:1em}.elementor-widget-text-editor .elementor-drop-cap{float:left;text-align:center;line-height:1;font-size:50px}.elementor-widget-text-editor .elementor-drop-cap-letter{display:inline-block}<\/style>\t\t\t\t<p>Poznan Ya\u015fam Bilimleri \u00dcniversitesi (PULS), d\u00fcnyan\u0131n en uzun B\u00fcy\u00fck Benekli Kartal \u00e7al\u0131\u015fmas\u0131 da dahil olmak \u00fczere (bu t\u00fcr\u00fcn Avrupa&#8217;da bilinen tek pop\u00fclasyonu olan Polonya pop\u00fclasyonunun \u00f6nemli \u00f6l\u00e7\u00fcde tehlike alt\u0131nda olmamas\u0131 sayesinde) nesli t\u00fckenmekte olan bitki ve hayvan t\u00fcrlerinin tan\u0131nmas\u0131 ve aktif olarak korunmas\u0131na y\u00f6nelik ara\u015ft\u0131rma yapan ve koruma faaliyetlerini uygulayan bilimsel ve didaktik bir birimdir. Genel olarak, \u00dcniversitenin bilimsel ve ara\u015ft\u0131rma faaliyet alanlar\u0131ndan biri, hem ulusal hem de uluslararas\u0131 fonlar taraf\u0131ndan finanse edilen \u00e7e\u015fitli projelerin uygulanmas\u0131d\u0131r. Bunlardan baz\u0131lar\u0131 Avrupa Birli\u011fi&#8217;nin Yedinci \u00c7er\u00e7eve Program\u0131 ve Horizon 2020 kapsam\u0131nda finanse edilirken, di\u011ferleri de uluslararas\u0131 ara\u015ft\u0131rma ve stratejik programlar taraf\u0131ndan desteklenmektedir. Ara\u015ft\u0131rmac\u0131lar\u0131n faaliyetleri ayr\u0131ca Ulusal Bilim Merkezi, Ulusal Ara\u015ft\u0131rma ve Geli\u015ftirme Merkezi ve Bilim ve Y\u00fcksek \u00d6\u011fretim Bakanl\u0131\u011f\u0131 ile yap\u0131lan anla\u015fmalar kapsam\u0131nda ulusal fonlar taraf\u0131ndan finanse edilen hibelere de yans\u0131maktad\u0131r. \u00dcniversitenin \u00e7e\u015fitli bilim, \u00f6\u011fretim ve ara\u015ft\u0131rma birimleri taraf\u0131ndan y\u0131lda 100&#8217;e yak\u0131n proje y\u00fcr\u00fct\u00fclmektedir.<\/p>\t\t\t\t\t\t<\/div>\n\t\t\t\t<\/div>\n\t\t\t\t\t<\/div>\n\t\t\t\t<\/div>\n\t\t<div class=\"elementor-element elementor-element-453fe467 e-flex e-con-boxed e-con e-parent\" data-id=\"453fe467\" data-element_type=\"container\">\n\t\t\t\t\t<div class=\"e-con-inner\">\n\t\t\t\t<div class=\"elementor-element elementor-element-2a6ff952 elementor-widget elementor-widget-heading\" data-id=\"2a6ff952\" data-element_type=\"widget\" data-widget_type=\"heading.default\">\n\t\t\t\t<div class=\"elementor-widget-container\">\n\t\t\t<h1 class=\"elementor-heading-title elementor-size-default\">Yararlan\u0131c\u0131lar<\/h1>\t\t<\/div>\n\t\t\t\t<\/div>\n\t\t\t\t<div class=\"elementor-element elementor-element-310d6f3 elementor-widget elementor-widget-image\" data-id=\"310d6f3\" data-element_type=\"widget\" data-widget_type=\"image.default\">\n\t\t\t\t<div class=\"elementor-widget-container\">\n\t\t\t\t\t\t\t\t\t\t\t\t\t<img loading=\"lazy\" decoding=\"async\" width=\"800\" height=\"828\" src=\"https:\/\/sparrow.up.poznan.pl\/life\/tr\/wp-content\/uploads\/2024\/05\/Biebrzanski-okragle-podstawowe-cmyk.png\" class=\"attachment-large size-large wp-image-21\" alt=\"\" srcset=\"https:\/\/sparrow.up.poznan.pl\/life\/tr\/wp-content\/uploads\/2024\/05\/Biebrzanski-okragle-podstawowe-cmyk.png 924w, https:\/\/sparrow.up.poznan.pl\/life\/tr\/wp-content\/uploads\/2024\/05\/Biebrzanski-okragle-podstawowe-cmyk-290x300.png 290w, https:\/\/sparrow.up.poznan.pl\/life\/tr\/wp-content\/uploads\/2024\/05\/Biebrzanski-okragle-podstawowe-cmyk-768x795.png 768w\" sizes=\"(max-width: 800px) 100vw, 800px\" \/>\t\t\t\t\t\t\t\t\t\t\t\t\t<\/div>\n\t\t\t\t<\/div>\n\t\t\t\t<div class=\"elementor-element elementor-element-53aa7c97 elementor-widget elementor-widget-text-editor\" data-id=\"53aa7c97\" data-element_type=\"widget\" data-widget_type=\"text-editor.default\">\n\t\t\t\t<div class=\"elementor-widget-container\">\n\t\t\t\t\t\t\t<p>Biebrza Ulusal Park\u0131 (Polonya)<\/p>\t\t\t\t\t\t<\/div>\n\t\t\t\t<\/div>\n\t\t\t\t<div class=\"elementor-element elementor-element-7b44957b elementor-widget elementor-widget-image\" data-id=\"7b44957b\" data-element_type=\"widget\" data-widget_type=\"image.default\">\n\t\t\t\t<div class=\"elementor-widget-container\">\n\t\t\t\t\t\t\t\t\t\t\t\t\t<img loading=\"lazy\" decoding=\"async\" width=\"2000\" height=\"800\" src=\"https:\/\/sparrow.up.poznan.pl\/life\/tr\/wp-content\/uploads\/2024\/05\/BIEBRZA_2.jpg\" class=\"attachment-2048x2048 size-2048x2048 wp-image-200\" alt=\"\" srcset=\"https:\/\/sparrow.up.poznan.pl\/life\/tr\/wp-content\/uploads\/2024\/05\/BIEBRZA_2.jpg 2000w, https:\/\/sparrow.up.poznan.pl\/life\/tr\/wp-content\/uploads\/2024\/05\/BIEBRZA_2-300x120.jpg 300w, https:\/\/sparrow.up.poznan.pl\/life\/tr\/wp-content\/uploads\/2024\/05\/BIEBRZA_2-1024x410.jpg 1024w, https:\/\/sparrow.up.poznan.pl\/life\/tr\/wp-content\/uploads\/2024\/05\/BIEBRZA_2-768x307.jpg 768w, https:\/\/sparrow.up.poznan.pl\/life\/tr\/wp-content\/uploads\/2024\/05\/BIEBRZA_2-1536x614.jpg 1536w\" sizes=\"(max-width: 2000px) 100vw, 2000px\" \/>\t\t\t\t\t\t\t\t\t\t\t\t\t<\/div>\n\t\t\t\t<\/div>\n\t\t\t\t<div class=\"elementor-element elementor-element-1b7c245e elementor-widget elementor-widget-text-editor\" data-id=\"1b7c245e\" data-element_type=\"widget\" data-widget_type=\"text-editor.default\">\n\t\t\t\t<div class=\"elementor-widget-container\">\n\t\t\t\t\t\t\t<p>Polonya&#8217;n\u0131n on sekizinci milli park\u0131 olarak 1993 y\u0131l\u0131nda kurulan Biebrza Milli Park\u0131, do\u011fal de\u011feri tart\u0131\u015f\u0131lmaz ola\u011fan\u00fcst\u00fc bir \u00e7evreyi temsil etmektedir. Polonya&#8217;n\u0131n 23 milli park\u0131 aras\u0131nda en b\u00fcy\u00fc\u011f\u00fc ve Avrupa&#8217;n\u0131n en b\u00fcy\u00fcklerinden biri olan park, \u00fclkenin kuzeydo\u011fu kesiminde 59 223 hektarl\u0131k bir alan\u0131 kapsamaktad\u0131r. Do\u011fal k\u0131vr\u0131mlarla karakterize edilen Biebrza Nehri vadisi ve Biebrza Batakl\u0131klar\u0131 olarak bilinen geni\u015f turba batakl\u0131klar\u0131ndan olu\u015fan e\u015fsiz bir kompleksi kapsamaktad\u0131r.<\/p><p>E\u015fsiz sulak alan habitatlar\u0131 mozai\u011fi ve geni\u015f tar\u0131m alanlar\u0131yla bu b\u00f6lge, \u00f6zellikle su b\u00fclb\u00fcl\u00fc (Acrocephalus paludicola), b\u00fcy\u00fck \u00e7ulluk (Gallinago media) ve b\u00fcy\u00fck benekli kartal (Clanga clanga) gibi ku\u015flar olmak \u00fczere nadir, nesli t\u00fckenmekte olan ve azalan bitki ve hayvan t\u00fcrleri i\u00e7in bir s\u0131\u011f\u0131nak g\u00f6revi g\u00f6rmektedir. Burada do\u011fall\u0131\u011f\u0131n\u0131 koruyan nehir vadilerinin karakteristik peyzajlar\u0131, ekosistemleri ve habitatlar\u0131 zaten nadirdir.<\/p><p>Biebrza Vadisi&#8217;nin do\u011fal de\u011ferlerinin uluslararas\u0131 alanda tan\u0131nmas\u0131, BirdLife International&#8217;\u0131n s\u0131n\u0131fland\u0131rmas\u0131 ve 2004 y\u0131l\u0131nda Ku\u015flar i\u00e7in \u00d6zel Koruma Alan\u0131 (148.509,33 hektarl\u0131k alan\u0131yla PLB 200006 Ostoja Biebrza\u0144ska) ve \u00d6zel Koruma Alan\u0131 (121.206,23 hektarl\u0131k alan\u0131yla PLH 200008 Dolina Biebrzy) olarak Natura 2000 a\u011f\u0131na dahil edilmesiyle teyit edilmi\u015ftir. Biebrza Milli Park\u0131&#8217;n\u0131n Ramsar S\u00f6zle\u015fmesi sulak alanlar listesine dahil edilmesi, bu e\u015fsiz alan\u0131n uluslararas\u0131 \u00f6neminin alt\u0131n\u0131 \u00e7izmektedir, Sadece do\u011fal ekosistemler i\u00e7in bir s\u0131\u011f\u0131nak de\u011fil, ayn\u0131 zamanda ekoloji merakl\u0131lar\u0131 ve vah\u015fi ya\u015fam severler i\u00e7in ilham verici bir yerdir.<br \/>Abel soyundan gelen yavrular\u0131n hackleme y\u00f6ntemi kullan\u0131larak yeti\u015ftirilmesi gibi hassas bir g\u00f6rev \u00e7ok deneyimli uzmanlar, bu alanda uzun y\u0131llara dayanan deneyime sahip BNP ku\u015f rehabilitasyon merkezi \u00e7al\u0131\u015fanlar\u0131<\/p>\t\t\t\t\t\t<\/div>\n\t\t\t\t<\/div>\n\t\t\t\t<div class=\"elementor-element elementor-element-64925fba elementor-widget elementor-widget-image\" data-id=\"64925fba\" data-element_type=\"widget\" data-widget_type=\"image.default\">\n\t\t\t\t<div class=\"elementor-widget-container\">\n\t\t\t\t\t\t\t\t\t\t\t\t\t<img loading=\"lazy\" decoding=\"async\" width=\"800\" height=\"619\" src=\"https:\/\/sparrow.up.poznan.pl\/life\/tr\/wp-content\/uploads\/2024\/05\/BDZP-logo-large-1024x792.png\" class=\"attachment-large size-large wp-image-20\" alt=\"\" srcset=\"https:\/\/sparrow.up.poznan.pl\/life\/tr\/wp-content\/uploads\/2024\/05\/BDZP-logo-large-1024x792.png 1024w, https:\/\/sparrow.up.poznan.pl\/life\/tr\/wp-content\/uploads\/2024\/05\/BDZP-logo-large-300x232.png 300w, https:\/\/sparrow.up.poznan.pl\/life\/tr\/wp-content\/uploads\/2024\/05\/BDZP-logo-large-768x594.png 768w, https:\/\/sparrow.up.poznan.pl\/life\/tr\/wp-content\/uploads\/2024\/05\/BDZP-logo-large.png 1465w\" sizes=\"(max-width: 800px) 100vw, 800px\" \/>\t\t\t\t\t\t\t\t\t\t\t\t\t<\/div>\n\t\t\t\t<\/div>\n\t\t\t\t<div class=\"elementor-element elementor-element-3c232e18 elementor-widget elementor-widget-text-editor\" data-id=\"3c232e18\" data-element_type=\"widget\" data-widget_type=\"text-editor.default\">\n\t\t\t\t<div class=\"elementor-widget-container\">\n\t\t\t\t\t\t\t<p>Bulgaristan Ku\u015flar\u0131 Koruma Derne\u011fi (Bulgaristan)<\/p>\t\t\t\t\t\t<\/div>\n\t\t\t\t<\/div>\n\t\t\t\t<div class=\"elementor-element elementor-element-2dea26ce elementor-widget elementor-widget-text-editor\" data-id=\"2dea26ce\" data-element_type=\"widget\" data-widget_type=\"text-editor.default\">\n\t\t\t\t<div class=\"elementor-widget-container\">\n\t\t\t\t\t\t\t<p>BSPB, 30 y\u0131ld\u0131r yabani ku\u015flar\u0131 ve onlar\u0131n ya\u015fam alanlar\u0131n\u0131 do\u011fan\u0131n ve insanlar\u0131n yarar\u0131na korumak i\u00e7in \u00e7al\u0131\u015fan Bulgaristan&#8217;daki en b\u00fcy\u00fck \u00e7evreci Sivil Toplum Kurulu\u015fudur. BirdLife International&#8217;\u0131n ulusal orta\u011f\u0131d\u0131r. \u00c7al\u0131\u015fmalar\u0131m\u0131z, \u00d6nemli Ku\u015f Alanlar\u0131 kavram\u0131n\u0131n uygulanmas\u0131na ve Natura 2000 a\u011f\u0131n\u0131n temel ta\u015f\u0131 olarak i\u015flevsel olarak ba\u011flant\u0131l\u0131 \u00d6zel Koruma Alanlar\u0131 (SPA) a\u011f\u0131n\u0131n kurulmas\u0131na odaklanmaktad\u0131r. BSPB&#8217;nin \u00e7al\u0131\u015fmalar\u0131n\u0131n merkezi bir bile\u015feni, aralar\u0131nda bir\u00e7ok y\u0131rt\u0131c\u0131 ku\u015fun (\u00f6rne\u011fin M\u0131s\u0131r akbabas\u0131, Kara akbaba, \u0130mparatorluk kartal\u0131, K\u00fc\u00e7\u00fck benekli kartal ve Saker \u015fahini) da bulundu\u011fu k\u00fcresel \u00f6l\u00e7ekte tehdit alt\u0131ndaki t\u00fcrleri, kar\u015f\u0131 kar\u015f\u0131ya olduklar\u0131 tehditleri azaltmak i\u00e7in \u00e7e\u015fitli koruma \u00f6nlemleri uygulayarak (\u00f6rne\u011fin ya\u015fam alanlar\u0131na uzun vadeli koruma sa\u011flamak, ku\u015flar\u0131 elektrik \u00e7arpmas\u0131na neden olan \u00f6l\u00fcmc\u00fcl elektrik direklerini kald\u0131rmak) korumaya adanm\u0131\u015ft\u0131r. BSPB&#8217;nin Sakar \u015eahin ile ilgili \u00e7al\u0131\u015fmalar\u0131, kurulu\u015fumuzdan bu yana, kalan \u00fcreme b\u00f6lgelerinin izlenmesi ve tehditlerin anla\u015f\u0131lmas\u0131yla ba\u015flad\u0131. Daha sonra BSPB, Bulgaristan&#8217;da \u00dcreyen Ku\u015flar Atlas\u0131 i\u00e7in pop\u00fclasyonun haritas\u0131n\u0131 \u00e7\u0131kard\u0131, Bulgaristan i\u00e7in K\u0131rm\u0131z\u0131 Veri Kitab\u0131 i\u00e7in ilgili b\u00f6l\u00fcm\u00fc geli\u015ftirdi ve BSPB projelerinden biri Avrupa Komisyonu taraf\u0131ndan prestijli &#8222;NATURA 2000 \u00d6d\u00fcl\u00fc&#8221; ve &#8222;En \u0130yi LIFE Do\u011fa Projelerinin En \u0130yisi&#8221; ile \u00f6d\u00fcllendirildi.<\/p>\t\t\t\t\t\t<\/div>\n\t\t\t\t<\/div>\n\t\t\t\t<div class=\"elementor-element elementor-element-1b2e32e9 elementor-widget elementor-widget-image\" data-id=\"1b2e32e9\" data-element_type=\"widget\" data-widget_type=\"image.default\">\n\t\t\t\t<div class=\"elementor-widget-container\">\n\t\t\t\t\t\t\t\t\t\t\t\t\t<img loading=\"lazy\" decoding=\"async\" width=\"192\" height=\"220\" src=\"https:\/\/sparrow.up.poznan.pl\/life\/tr\/wp-content\/uploads\/2024\/05\/EmU.png\" class=\"attachment-large size-large wp-image-22\" alt=\"\" \/>\t\t\t\t\t\t\t\t\t\t\t\t\t<\/div>\n\t\t\t\t<\/div>\n\t\t\t\t<div class=\"elementor-element elementor-element-2e7d86c7 elementor-widget elementor-widget-text-editor\" data-id=\"2e7d86c7\" data-element_type=\"widget\" data-widget_type=\"text-editor.default\">\n\t\t\t\t<div class=\"elementor-widget-container\">\n\t\t\t\t\t\t\t<p>Estonya Ya\u015fam Bilimleri \u00dcniversitesi (EULS) (Estonya)<\/p>\t\t\t\t\t\t<\/div>\n\t\t\t\t<\/div>\n\t\t\t\t<div class=\"elementor-element elementor-element-1bb08f8c elementor-widget elementor-widget-text-editor\" data-id=\"1bb08f8c\" data-element_type=\"widget\" data-widget_type=\"text-editor.default\">\n\t\t\t\t<div class=\"elementor-widget-container\">\n\t\t\t\t\t\t\t<p>Estonya Ya\u015fam Bilimleri \u00dcniversitesi&#8217;nin (EULS) misyonu, bilgiye dayal\u0131 e\u011fitim ve miras ile habitatlar\u0131n korunmas\u0131 yoluyla do\u011fal kaynaklar\u0131n s\u00fcrd\u00fcr\u00fclebilir kullan\u0131m\u0131n\u0131 te\u015fvik etmektir. Uzmanl\u0131k alanlar\u0131 aras\u0131nda t\u00fcrlerden ekosistemlere kadar \u00e7e\u015fitli seviyelerde \u00e7al\u0131\u015f\u0131lan biyo\u00e7e\u015fitlilik ve peyzaj koruma yer almaktad\u0131r. Projede, EULS Estonya&#8217;daki t\u00fcm faaliyetlerden sorumlu olacak ve \u00e7e\u015fitli faaliyetleri destekleyecektir.<br \/>uluslararas\u0131 d\u00fczeyde faaliyetler (\u00f6rne\u011fin, telemetri, t\u00fcr kimli\u011finin genetik olarak do\u011frulanmas\u0131, vb.) EULS hakk\u0131nda daha fazla bilgiye https:\/\/www.emu.ee\/en\/about-the-university\/ adresinden ula\u015f\u0131labilir.<\/p>\t\t\t\t\t\t<\/div>\n\t\t\t\t<\/div>\n\t\t\t\t<div class=\"elementor-element elementor-element-602b7ff elementor-widget elementor-widget-image\" data-id=\"602b7ff\" data-element_type=\"widget\" data-widget_type=\"image.default\">\n\t\t\t\t<div class=\"elementor-widget-container\">\n\t\t\t\t\t\t\t\t\t\t\t\t\t<img loading=\"lazy\" decoding=\"async\" width=\"800\" height=\"396\" src=\"https:\/\/sparrow.up.poznan.pl\/life\/tr\/wp-content\/uploads\/2024\/05\/DADlogo-1024x507.png\" class=\"attachment-large size-large wp-image-19\" alt=\"\" srcset=\"https:\/\/sparrow.up.poznan.pl\/life\/tr\/wp-content\/uploads\/2024\/05\/DADlogo-1024x507.png 1024w, https:\/\/sparrow.up.poznan.pl\/life\/tr\/wp-content\/uploads\/2024\/05\/DADlogo-300x149.png 300w, https:\/\/sparrow.up.poznan.pl\/life\/tr\/wp-content\/uploads\/2024\/05\/DADlogo-768x381.png 768w, https:\/\/sparrow.up.poznan.pl\/life\/tr\/wp-content\/uploads\/2024\/05\/DADlogo-1536x761.png 1536w, https:\/\/sparrow.up.poznan.pl\/life\/tr\/wp-content\/uploads\/2024\/05\/DADlogo-2048x1015.png 2048w\" sizes=\"(max-width: 800px) 100vw, 800px\" \/>\t\t\t\t\t\t\t\t\t\t\t\t\t<\/div>\n\t\t\t\t<\/div>\n\t\t\t\t<div class=\"elementor-element elementor-element-bcb9837 elementor-widget elementor-widget-text-editor\" data-id=\"bcb9837\" data-element_type=\"widget\" data-widget_type=\"text-editor.default\">\n\t\t\t\t<div class=\"elementor-widget-container\">\n\t\t\t\t\t\t\t<p>Do\u011fa Ara\u015ft\u0131rmalar\u0131 Derne\u011fi (T\u00fcrkiye)<\/p>\t\t\t\t\t\t<\/div>\n\t\t\t\t<\/div>\n\t\t\t\t<div class=\"elementor-element elementor-element-2df43074 elementor-widget elementor-widget-text-editor\" data-id=\"2df43074\" data-element_type=\"widget\" data-widget_type=\"text-editor.default\">\n\t\t\t\t<div class=\"elementor-widget-container\">\n\t\t\t\t\t\t\t<p>Bir grup ku\u015f g\u00f6zlemcisi ve ara\u015ft\u0131rmac\u0131s\u0131 taraf\u0131ndan 1998 y\u0131l\u0131nda Ku\u015f Ara\u015ft\u0131rmalar\u0131 Derne\u011fi (KAD) olarak kurulan derne\u011fimiz (DAD), \u00e7al\u0131\u015fmalar\u0131n\u0131 sadece ku\u015flar \u00fczerine de\u011fil t\u00fcm alanlara yaymak amac\u0131yla 2011 y\u0131l\u0131nda ad\u0131n\u0131 Do\u011fa Ara\u015ft\u0131rmalar\u0131 Derne\u011fi (DAD) olarak de\u011fi\u015ftirdi.<\/p><p>T\u00fcrkiye&#8217;nin do\u011fas\u0131n\u0131n korunmas\u0131na \u00f6nemli katk\u0131 sa\u011flayaca\u011f\u0131n\u0131 d\u00fc\u015f\u00fcnd\u00fc\u011f\u00fcm\u00fcz bu isim de\u011fi\u015fikli\u011finin ard\u0131ndan, o zamana kadar sadece ku\u015flarla s\u0131n\u0131rl\u0131 olan alan koruma ve t\u00fcr koruma faaliyetlerimizi geni\u015fleterek, kapasite g\u00fc\u00e7lendirme konusunda \u00e7al\u0131\u015fmalar yapmaya ve do\u011fa koruma ile ilgili politika olu\u015fturma s\u00fcre\u00e7lerine katk\u0131 sa\u011flamaya ba\u015flad\u0131k.<\/p><p>Faaliyetlerini ulusal d\u00fczeyde ger\u00e7ekle\u015ftiren derne\u011fimizde, do\u011fan\u0131n kar\u015f\u0131la\u015ft\u0131\u011f\u0131 sorunlara \u00e7\u00f6z\u00fcm \u00fcretebilmek i\u00e7in ba\u015fta sivil toplum kurulu\u015flar\u0131 ve do\u011fa alan\u0131nda \u00e7al\u0131\u015fan kamu kurumlar\u0131 olmak \u00fczere akademi ile i\u015fbirlikleri geli\u015ftiriyor, yerel d\u00fczeyde kapasite g\u00fc\u00e7lendirmeye ve kal\u0131c\u0131 \u00e7\u00f6z\u00fcmler \u00fcretecek ara\u00e7lar geli\u015ftirmeye \u00f6nem veriyor ve ulusal d\u00fczeyde politika olu\u015fturma s\u00fcre\u00e7lerine katk\u0131 sa\u011flamaya \u00e7al\u0131\u015f\u0131yoruz.<\/p><p>Do\u011fa Ara\u015ft\u0131rmalar\u0131 Derne\u011fi olarak, uluslararas\u0131 do\u011fa koruma s\u00f6zle\u015fmeleri do\u011frultusunda do\u011fa koruma lehine etkin ve uygulanabilir ulusal do\u011fa koruma politikalar\u0131n\u0131n olu\u015fturulmas\u0131 ve bu konudaki yasal altyap\u0131n\u0131n g\u00fc\u00e7lendirilmesi i\u00e7in de \u00e7al\u0131\u015f\u0131yoruz.<\/p><p>Bunun i\u00e7in kamu kurumlar\u0131n\u0131n d\u00fczenledi\u011fi \u015furalardan strateji belgesi taslaklar\u0131na kadar hemen her platformu de\u011ferlendirmeye \u00e7al\u0131\u015f\u0131yoruz. Bu platformlarda sorumluluk al\u0131yor, katk\u0131 sa\u011fl\u0131yor ve benzer ama\u00e7larla \u00e7al\u0131\u015fan sivil toplum kurulu\u015flar\u0131 ile i\u015fbirlikleri geli\u015ftiriyoruz.<\/p><p>T\u00fcm bunlar\u0131n yan\u0131 s\u0131ra do\u011fa koruma alan\u0131ndaki ba\u015far\u0131n\u0131n, bu alanda faaliyet g\u00f6steren kurum ve kurulu\u015flar\u0131n kapasiteleri ve sivil toplumun karar s\u00fcre\u00e7lerindeki etkinli\u011fi ile do\u011frudan ili\u015fkili oldu\u011funa inan\u0131yoruz. Kapasite geli\u015ftirme faaliyetleri kurulu\u015fumuzdan bu yana \u00f6nceliklerimiz aras\u0131nda yer al\u0131rken, bu kapsamda do\u011fa koruma alan\u0131nda faaliyet g\u00f6steren kurumlar\u0131n ve yerel sivil toplum kurulu\u015flar\u0131n\u0131n kapasitelerini art\u0131rmaya y\u00f6nelik \u00e7al\u0131\u015fmalar\u0131m\u0131z\u0131 da s\u00fcrd\u00fcr\u00fcyoruz.<\/p><p>www.dogaarastirmalari.org.tr<\/p><p>https:\/\/www.facebook.com\/dogaarastirma\/<\/p><p>https:\/\/www.instagram.com\/dogaarastirma<\/p><p>https:\/\/www.youtube.com\/user\/dogaarastirmalari Przet\u0142umaczono za pomoc\u0105 www.DeepL.com\/Translator (wersja darmowa)<\/p><p>\u00a0<\/p>\t\t\t\t\t\t<\/div>\n\t\t\t\t<\/div>\n\t\t\t\t<div class=\"elementor-element elementor-element-22268c86 elementor-widget elementor-widget-heading\" data-id=\"22268c86\" data-element_type=\"widget\" data-widget_type=\"heading.default\">\n\t\t\t\t<div class=\"elementor-widget-container\">\n\t\t\t<h1 class=\"elementor-heading-title elementor-size-default\">Tak\u0131m<\/h1>\t\t<\/div>\n\t\t\t\t<\/div>\n\t\t\t\t\t<\/div>\n\t\t\t\t<\/div>\n\t\t<div class=\"elementor-element elementor-element-4823bb9 e-flex e-con-boxed e-con e-parent\" data-id=\"4823bb9\" data-element_type=\"container\">\n\t\t\t\t\t<div class=\"e-con-inner\">\n\t\t<div class=\"elementor-element elementor-element-31501ea2 e-con-full e-flex e-con e-child\" data-id=\"31501ea2\" data-element_type=\"container\">\n\t\t\t\t<div class=\"elementor-element elementor-element-2cc6137e elementor-flip-box--effect-fade animated-slow elementor-invisible elementor-widget elementor-widget-flip-box\" data-id=\"2cc6137e\" data-element_type=\"widget\" data-settings=\"{&quot;_animation&quot;:&quot;fadeIn&quot;,&quot;_animation_delay&quot;:100}\" data-widget_type=\"flip-box.default\">\n\t\t\t\t<div class=\"elementor-widget-container\">\n\t\t\t<link rel=\"stylesheet\" href=\"https:\/\/sparrow.up.poznan.pl\/life\/tr\/wp-content\/plugins\/elementor-pro\/assets\/css\/widget-flip-box.min.css\">\t\t<div class=\"elementor-flip-box\" tabindex=\"0\">\n\t\t\t<div class=\"elementor-flip-box__layer elementor-flip-box__front\">\n\t\t\t\t<div class=\"elementor-flip-box__layer__overlay\">\n\t\t\t\t\t<div class=\"elementor-flip-box__layer__inner\">\n\t\t\t\t\t\t\n\t\t\t\t\t\t\t\t\t\t\t\t\t<h3 class=\"elementor-flip-box__layer__title\">\n\t\t\t\t\t\t\t\tMARIA URBA\u0143SKA\t\t\t\t\t\t\t<\/h3>\n\t\t\t\t\t\t\n\t\t\t\t\t\t\t\t\t\t\t<\/div>\n\t\t\t\t<\/div>\n\t\t\t<\/div>\n\t\t\t<div class=\"elementor-flip-box__layer elementor-flip-box__back\">\n\t\t\t<div class=\"elementor-flip-box__layer__overlay\">\n\t\t\t\t<div class=\"elementor-flip-box__layer__inner\">\n\t\t\t\t\t\t\t\t\t\t\t<h3 class=\"elementor-flip-box__layer__title\">\n\t\t\t\t\t\t\tdr in\u017c.\/PhD Maria Urba\u0144ska\t\t\t\t\t\t<\/h3>\n\t\t\t\t\t\n\t\t\t\t\t\t\t\t\t\t\t<div class=\"elementor-flip-box__layer__description\">\n\t\t\t\t\t\t\tProjenin ileti\u015fim, e\u011fitim ve yayg\u0131nla\u015ft\u0131rma koordinat\u00f6r\u00fc\nl Poznan'daki Ya\u015fam Bilimleri \u00dcniversitesi Zooloji B\u00f6l\u00fcm\u00fc'nde \u00e7al\u0131\u015f\u0131yorum. Benim tutkum malakoloji. Do\u011fay\u0131 tan\u0131tma ve e\u011fitim y\u00f6ntemleri \u00fczerine projeler ve dersler y\u00fcr\u00fct\u00fcyorum.\n\nmaria.urbanska@up.poznan.p\t\t\t\t\t\t<\/div>\n\t\t\t\t\t\n\t\t\t\t\t\t\t\t<\/div>\n\t\t<\/div>\n\t\t<\/div>\n\t\t<\/div>\n\t\t\t\t<\/div>\n\t\t\t\t<\/div>\n\t\t\t\t<\/div>\n\t\t<div class=\"elementor-element elementor-element-726640b3 e-con-full e-flex e-con e-child\" data-id=\"726640b3\" data-element_type=\"container\">\n\t\t\t\t<div class=\"elementor-element elementor-element-5f0e7f31 elementor-flip-box--effect-fade animated-slow elementor-invisible elementor-widget elementor-widget-flip-box\" data-id=\"5f0e7f31\" data-element_type=\"widget\" data-settings=\"{&quot;_animation&quot;:&quot;fadeIn&quot;,&quot;_animation_delay&quot;:300}\" data-widget_type=\"flip-box.default\">\n\t\t\t\t<div class=\"elementor-widget-container\">\n\t\t\t\t\t<div class=\"elementor-flip-box\" tabindex=\"0\">\n\t\t\t<div class=\"elementor-flip-box__layer elementor-flip-box__front\">\n\t\t\t\t<div class=\"elementor-flip-box__layer__overlay\">\n\t\t\t\t\t<div class=\"elementor-flip-box__layer__inner\">\n\t\t\t\t\t\t\n\t\t\t\t\t\t\t\t\t\t\t\t\t<h3 class=\"elementor-flip-box__layer__title\">\n\t\t\t\t\t\t\t\tANNA WAWRZYNIAK-STRZELI\u0143SKA\t\t\t\t\t\t\t<\/h3>\n\t\t\t\t\t\t\n\t\t\t\t\t\t\t\t\t\t\t<\/div>\n\t\t\t\t<\/div>\n\t\t\t<\/div>\n\t\t\t<div class=\"elementor-flip-box__layer elementor-flip-box__back\">\n\t\t\t<div class=\"elementor-flip-box__layer__overlay\">\n\t\t\t\t<div class=\"elementor-flip-box__layer__inner\">\n\t\t\t\t\t\t\t\t\t\t\t<h3 class=\"elementor-flip-box__layer__title\">\n\t\t\t\t\t\t\tmgr Anna Wawrzyniak-Strzeli\u0144ska\t\t\t\t\t\t<\/h3>\n\t\t\t\t\t\n\t\t\t\t\t\t\t\t\t\t\t<div class=\"elementor-flip-box__layer__description\">\n\t\t\t\t\t\t\ty\u00f6neti\u0307ci\u0307 asi\u0307stani\/i\u0307dari\u0307 asi\u0307stan\t\n2016'dan beri Poznan'daki Ya\u015fam Bilimleri \u00dcniversitesi'nde \u00e7al\u0131\u015f\u0131yorum ve \u00e7e\u015fitli idari g\u00f6revlerle ilgileniyorum. Halkla ili\u015fkiler ve STK'lar konusunda deneyimim var. \n\nanna.strzelinska@up.poznan.pl tel. 61 848 76 92\t\t\t\t\t\t\t<\/div>\n\t\t\t\t\t\n\t\t\t\t\t\t\t\t<\/div>\n\t\t<\/div>\n\t\t<\/div>\n\t\t<\/div>\n\t\t\t\t<\/div>\n\t\t\t\t<\/div>\n\t\t\t\t<\/div>\n\t\t<div class=\"elementor-element elementor-element-7b294bdd e-con-full e-flex e-con e-child\" data-id=\"7b294bdd\" data-element_type=\"container\">\n\t\t\t\t<div class=\"elementor-element elementor-element-1386a7ac elementor-flip-box--effect-fade animated-slow elementor-invisible elementor-widget elementor-widget-flip-box\" data-id=\"1386a7ac\" data-element_type=\"widget\" data-settings=\"{&quot;_animation&quot;:&quot;fadeIn&quot;,&quot;_animation_delay&quot;:500}\" data-widget_type=\"flip-box.default\">\n\t\t\t\t<div class=\"elementor-widget-container\">\n\t\t\t\t\t<div class=\"elementor-flip-box\" tabindex=\"0\">\n\t\t\t<div class=\"elementor-flip-box__layer elementor-flip-box__front\">\n\t\t\t\t<div class=\"elementor-flip-box__layer__overlay\">\n\t\t\t\t\t<div class=\"elementor-flip-box__layer__inner\">\n\t\t\t\t\t\t\n\t\t\t\t\t\t\t\t\t\t\t\t\t<h3 class=\"elementor-flip-box__layer__title\">\n\t\t\t\t\t\t\t\tANNA WIERZBICKA\t\t\t\t\t\t\t<\/h3>\n\t\t\t\t\t\t\n\t\t\t\t\t\t\t\t\t\t\t<\/div>\n\t\t\t\t<\/div>\n\t\t\t<\/div>\n\t\t\t<div class=\"elementor-flip-box__layer elementor-flip-box__back\">\n\t\t\t<div class=\"elementor-flip-box__layer__overlay\">\n\t\t\t\t<div class=\"elementor-flip-box__layer__inner\">\n\t\t\t\t\t\t\t\t\t\t\t<h3 class=\"elementor-flip-box__layer__title\">\n\t\t\t\t\t\t\tdr in\u017c. \/ PhD  \/ e\u011fitimci Anna Wierzbicka\t\t\t\t\t\t<\/h3>\n\t\t\t\t\t\n\t\t\t\t\t\t\t\t\t\t\t<div class=\"elementor-flip-box__layer__description\">\n\t\t\t\t\t\t\tPoznan'daki Ya\u015fam Bilimleri \u00dcniversitesi'nde \u00e7al\u0131\u015fan bir zoologum ama ayn\u0131 zamanda orman e\u011fitimiyle de ilgileniyorum. Orman E\u011fitimcileri Derne\u011fi Ba\u015fkan\u0131y\u0131m, \u00e7ocuklar ve yeti\u015fkinler i\u00e7in dersler veriyorum. Bocianimy! e\u011fitim paketinin yazar\u0131y\u0131m. (AB Uyum Fonu projesi).\nanna.wierzbicka@puls.edu.pl\t\t\t\t\t\t<\/div>\n\t\t\t\t\t\n\t\t\t\t\t\t\t\t<\/div>\n\t\t<\/div>\n\t\t<\/div>\n\t\t<\/div>\n\t\t\t\t<\/div>\n\t\t\t\t<\/div>\n\t\t\t\t<\/div>\n\t\t\t\t\t<\/div>\n\t\t\t\t<\/div>\n\t\t<div class=\"elementor-element elementor-element-4007089a e-flex e-con-boxed e-con e-parent\" data-id=\"4007089a\" data-element_type=\"container\">\n\t\t\t\t\t<div class=\"e-con-inner\">\n\t\t<div class=\"elementor-element elementor-element-32275385 e-con-full e-flex e-con e-child\" data-id=\"32275385\" data-element_type=\"container\">\n\t\t\t\t<div class=\"elementor-element elementor-element-749f3447 elementor-flip-box--effect-fade animated-slow elementor-invisible elementor-widget elementor-widget-flip-box\" data-id=\"749f3447\" data-element_type=\"widget\" data-settings=\"{&quot;_animation&quot;:&quot;fadeIn&quot;,&quot;_animation_delay&quot;:100}\" data-widget_type=\"flip-box.default\">\n\t\t\t\t<div class=\"elementor-widget-container\">\n\t\t\t\t\t<div class=\"elementor-flip-box\" tabindex=\"0\">\n\t\t\t<div class=\"elementor-flip-box__layer elementor-flip-box__front\">\n\t\t\t\t<div class=\"elementor-flip-box__layer__overlay\">\n\t\t\t\t\t<div class=\"elementor-flip-box__layer__inner\">\n\t\t\t\t\t\t\n\t\t\t\t\t\t\t\t\t\t\t\t\t<h3 class=\"elementor-flip-box__layer__title\">\n\t\t\t\t\t\t\t\tCANER GONEL \t\t\t\t\t\t\t<\/h3>\n\t\t\t\t\t\t\n\t\t\t\t\t\t\t\t\t\t\t<\/div>\n\t\t\t\t<\/div>\n\t\t\t<\/div>\n\t\t\t<div class=\"elementor-flip-box__layer elementor-flip-box__back\">\n\t\t\t<div class=\"elementor-flip-box__layer__overlay\">\n\t\t\t\t<div class=\"elementor-flip-box__layer__inner\">\n\t\t\t\t\t\t\t\t\t\t\t<h3 class=\"elementor-flip-box__layer__title\">\n\t\t\t\t\t\t\tCaner Gone\t\t\t\t\t\t<\/h3>\n\t\t\t\t\t\n\t\t\t\t\t\t\t\t\t\t\t<div class=\"elementor-flip-box__layer__description\">\n\t\t\t\t\t\t\tTeknik Asistan \t\nAmat\u00f6r olarak ku\u015f g\u00f6zlemcili\u011fi ve yaban hayat\u0131 foto\u011fraf\u00e7\u0131l\u0131\u011f\u0131na 2009 y\u0131l\u0131nda ba\u015flad\u0131m ve 2018 y\u0131l\u0131 itibariyle profesyonel olarak devam ediyorum \ncanerrgnl@gmail.com\t \t\t\t\t\t\t<\/div>\n\t\t\t\t\t\n\t\t\t\t\t\t\t\t<\/div>\n\t\t<\/div>\n\t\t<\/div>\n\t\t<\/div>\n\t\t\t\t<\/div>\n\t\t\t\t<\/div>\n\t\t\t\t<\/div>\n\t\t<div class=\"elementor-element elementor-element-6720420a e-con-full e-flex e-con e-child\" data-id=\"6720420a\" data-element_type=\"container\">\n\t\t\t\t<div class=\"elementor-element elementor-element-792d5758 elementor-flip-box--effect-fade animated-slow elementor-invisible elementor-widget elementor-widget-flip-box\" data-id=\"792d5758\" data-element_type=\"widget\" data-settings=\"{&quot;_animation&quot;:&quot;fadeIn&quot;,&quot;_animation_delay&quot;:300}\" data-widget_type=\"flip-box.default\">\n\t\t\t\t<div class=\"elementor-widget-container\">\n\t\t\t\t\t<div class=\"elementor-flip-box\" tabindex=\"0\">\n\t\t\t<div class=\"elementor-flip-box__layer elementor-flip-box__front\">\n\t\t\t\t<div class=\"elementor-flip-box__layer__overlay\">\n\t\t\t\t\t<div class=\"elementor-flip-box__layer__inner\">\n\t\t\t\t\t\t\n\t\t\t\t\t\t\t\t\t\t\t\t\t<h3 class=\"elementor-flip-box__layer__title\">\n\t\t\t\t\t\t\t\tDARIUSZ KARP\t\t\t\t\t\t\t<\/h3>\n\t\t\t\t\t\t\n\t\t\t\t\t\t\t\t\t\t\t<\/div>\n\t\t\t\t<\/div>\n\t\t\t<\/div>\n\t\t\t<div class=\"elementor-flip-box__layer elementor-flip-box__back\">\n\t\t\t<div class=\"elementor-flip-box__layer__overlay\">\n\t\t\t\t<div class=\"elementor-flip-box__layer__inner\">\n\t\t\t\t\t\t\t\t\t\t\t<h3 class=\"elementor-flip-box__layer__title\">\n\t\t\t\t\t\t\tDariusz Karp\t\t\t\t\t\t<\/h3>\n\t\t\t\t\t\n\t\t\t\t\t\t\t\t\t\t\t<div class=\"elementor-flip-box__layer__description\">\n\t\t\t\t\t\t\tTeknik\/saha asistan\u0131\nDo\u011fabilimci, yazar, do\u011fa foto\u011fraf\u00e7\u0131s\u0131, Biebrza Ulusal Park\u0131 Koruma B\u00f6lgesi korucusu. Do\u011fa koruma alan\u0131nda 40 y\u0131l\u0131 a\u015fk\u0131n s\u00fcredir faaliyet g\u00f6steriyor\ndarekkarp@wp.pl  tel.607764604\t\t\t\t\t\t<\/div>\n\t\t\t\t\t\n\t\t\t\t\t\t\t\t<\/div>\n\t\t<\/div>\n\t\t<\/div>\n\t\t<\/div>\n\t\t\t\t<\/div>\n\t\t\t\t<\/div>\n\t\t\t\t<\/div>\n\t\t<div class=\"elementor-element elementor-element-47627b63 e-con-full e-flex e-con e-child\" data-id=\"47627b63\" data-element_type=\"container\">\n\t\t\t\t<div class=\"elementor-element elementor-element-212e4cd2 elementor-flip-box--effect-fade animated-slow elementor-invisible elementor-widget elementor-widget-flip-box\" data-id=\"212e4cd2\" data-element_type=\"widget\" data-settings=\"{&quot;_animation&quot;:&quot;fadeIn&quot;,&quot;_animation_delay&quot;:500}\" data-widget_type=\"flip-box.default\">\n\t\t\t\t<div class=\"elementor-widget-container\">\n\t\t\t\t\t<div class=\"elementor-flip-box\" tabindex=\"0\">\n\t\t\t<div class=\"elementor-flip-box__layer elementor-flip-box__front\">\n\t\t\t\t<div class=\"elementor-flip-box__layer__overlay\">\n\t\t\t\t\t<div class=\"elementor-flip-box__layer__inner\">\n\t\t\t\t\t\t\n\t\t\t\t\t\t\t\t\t\t\t\t\t<h3 class=\"elementor-flip-box__layer__title\">\n\t\t\t\t\t\t\t\tDOBROMIR DOBREV\t\t\t\t\t\t\t<\/h3>\n\t\t\t\t\t\t\n\t\t\t\t\t\t\t\t\t\t\t<\/div>\n\t\t\t\t<\/div>\n\t\t\t<\/div>\n\t\t\t<div class=\"elementor-flip-box__layer elementor-flip-box__back\">\n\t\t\t<div class=\"elementor-flip-box__layer__overlay\">\n\t\t\t\t<div class=\"elementor-flip-box__layer__inner\">\n\t\t\t\t\t\t\t\t\t\t\t<h3 class=\"elementor-flip-box__layer__title\">\n\t\t\t\t\t\t\tPhD Dobromir Dobrev\t\t\t\t\t\t<\/h3>\n\t\t\t\t\t\n\t\t\t\t\t\t\t\t\t\t\t<div class=\"elementor-flip-box__layer__description\">\n\t\t\t\t\t\t\tProje koordinat\u00f6r\u00fc\t\nBulgaristan'da y\u0131rt\u0131c\u0131 ku\u015flar\u0131n korunmas\u0131 konusunda 20 y\u0131l\u0131 a\u015fk\u0131n s\u00fcredir \u00e7al\u0131\u015f\u0131yorum. \u00dclkede Do\u011fu \u0130mparatorluk Kartal\u0131 ve K\u00fc\u00e7\u00fck Benekli Kartal'\u0131n korunmas\u0131 i\u00e7in \u00e7ok say\u0131da projede yer ald\u0131m\ndobromir.dobrev@bspb.org\t\t\t\t\t\t\t<\/div>\n\t\t\t\t\t\n\t\t\t\t\t\t\t\t<\/div>\n\t\t<\/div>\n\t\t<\/div>\n\t\t<\/div>\n\t\t\t\t<\/div>\n\t\t\t\t<\/div>\n\t\t\t\t<\/div>\n\t\t\t\t\t<\/div>\n\t\t\t\t<\/div>\n\t\t<div class=\"elementor-element elementor-element-4c7f9478 e-flex e-con-boxed e-con e-parent\" data-id=\"4c7f9478\" data-element_type=\"container\">\n\t\t\t\t\t<div class=\"e-con-inner\">\n\t\t<div class=\"elementor-element elementor-element-6ddbce6a e-con-full e-flex e-con e-child\" data-id=\"6ddbce6a\" data-element_type=\"container\">\n\t\t\t\t<div class=\"elementor-element elementor-element-39aaadf9 elementor-flip-box--effect-fade animated-slow elementor-invisible elementor-widget elementor-widget-flip-box\" data-id=\"39aaadf9\" data-element_type=\"widget\" data-settings=\"{&quot;_animation&quot;:&quot;fadeIn&quot;,&quot;_animation_delay&quot;:100}\" data-widget_type=\"flip-box.default\">\n\t\t\t\t<div class=\"elementor-widget-container\">\n\t\t\t\t\t<div class=\"elementor-flip-box\" tabindex=\"0\">\n\t\t\t<div class=\"elementor-flip-box__layer elementor-flip-box__front\">\n\t\t\t\t<div class=\"elementor-flip-box__layer__overlay\">\n\t\t\t\t\t<div class=\"elementor-flip-box__layer__inner\">\n\t\t\t\t\t\t\n\t\t\t\t\t\t\t\t\t\t\t\t\t<h3 class=\"elementor-flip-box__layer__title\">\n\t\t\t\t\t\t\t\tGRZEGORZ MACIOROWSKI\t\t\t\t\t\t\t<\/h3>\n\t\t\t\t\t\t\n\t\t\t\t\t\t\t\t\t\t\t<\/div>\n\t\t\t\t<\/div>\n\t\t\t<\/div>\n\t\t\t<div class=\"elementor-flip-box__layer elementor-flip-box__back\">\n\t\t\t<div class=\"elementor-flip-box__layer__overlay\">\n\t\t\t\t<div class=\"elementor-flip-box__layer__inner\">\n\t\t\t\t\t\t\t\t\t\t\t<h3 class=\"elementor-flip-box__layer__title\">\n\t\t\t\t\t\t\tdr hab.\/PhD doktor habilitowany Grzegorz Maciorowski\t\t\t\t\t\t<\/h3>\n\t\t\t\t\t\n\t\t\t\t\t\t\t\t\t\t\t<div class=\"elementor-flip-box__layer__description\">\n\t\t\t\t\t\t\tB\u00fcy\u00fck Benekli Kartal\/GSE K\u0131demli Koruma Koordinat\u00f6r\u00fc. \t\nB\u00fcy\u00fck Benekli Kartallar\u0131n ve di\u011fer y\u0131rt\u0131c\u0131 ku\u015f t\u00fcrlerinin ara\u015ft\u0131r\u0131lmas\u0131 ve korunmas\u0131nda yakla\u015f\u0131k 35 y\u0131ll\u0131k deneyim. 2010 - 2014 y\u0131llar\u0131 aras\u0131nda \"Polonya'daki Aquila clanga pop\u00fclasyonunun g\u00fcvence alt\u0131na al\u0131nmas\u0131: Ulusal Eylem Plan\u0131n\u0131n haz\u0131rlanmas\u0131 ve birincil alan\u0131n korunmas\u0131\" ba\u015fl\u0131kl\u0131 LIFE + projesinin Bilimsel Koordinat\u00f6r\u00fc \"B\u00fcy\u00fck Benekli Kartal Aquila clanga'n\u0131n Korunmas\u0131 i\u00e7in Ulusal Program\" \u0131n ortak yazar\u0131.\ngrzegorz.maciorowski@up.poznan.pl  \n\t\t\t\t\t\t<\/div>\n\t\t\t\t\t\n\t\t\t\t\t\t\t\t<\/div>\n\t\t<\/div>\n\t\t<\/div>\n\t\t<\/div>\n\t\t\t\t<\/div>\n\t\t\t\t<\/div>\n\t\t\t\t<\/div>\n\t\t<div class=\"elementor-element elementor-element-32189bf0 e-con-full e-flex e-con e-child\" data-id=\"32189bf0\" data-element_type=\"container\">\n\t\t\t\t<div class=\"elementor-element elementor-element-5eaaef6f elementor-flip-box--effect-fade animated-slow elementor-invisible elementor-widget elementor-widget-flip-box\" data-id=\"5eaaef6f\" data-element_type=\"widget\" data-settings=\"{&quot;_animation&quot;:&quot;fadeIn&quot;,&quot;_animation_delay&quot;:300}\" data-widget_type=\"flip-box.default\">\n\t\t\t\t<div class=\"elementor-widget-container\">\n\t\t\t\t\t<div class=\"elementor-flip-box\" tabindex=\"0\">\n\t\t\t<div class=\"elementor-flip-box__layer elementor-flip-box__front\">\n\t\t\t\t<div class=\"elementor-flip-box__layer__overlay\">\n\t\t\t\t\t<div class=\"elementor-flip-box__layer__inner\">\n\t\t\t\t\t\t\n\t\t\t\t\t\t\t\t\t\t\t\t\t<h3 class=\"elementor-flip-box__layer__title\">\n\t\t\t\t\t\t\t\tJACEK SKUBIS\t\t\t\t\t\t\t<\/h3>\n\t\t\t\t\t\t\n\t\t\t\t\t\t\t\t\t\t\t<\/div>\n\t\t\t\t<\/div>\n\t\t\t<\/div>\n\t\t\t<div class=\"elementor-flip-box__layer elementor-flip-box__back\">\n\t\t\t<div class=\"elementor-flip-box__layer__overlay\">\n\t\t\t\t<div class=\"elementor-flip-box__layer__inner\">\n\t\t\t\t\t\t\t\t\t\t\t<h3 class=\"elementor-flip-box__layer__title\">\n\t\t\t\t\t\t\tdr in\u017c.\/PhD Jacek Skubis\t\t\t\t\t\t<\/h3>\n\t\t\t\t\t\n\t\t\t\t\t\t\t\t\t\t\t<div class=\"elementor-flip-box__layer__description\">\n\t\t\t\t\t\t\ty\u00f6neti\u0307ci\u0307 asi\u0307stani\/i\u0307dari\u0307 asi\u0307stan\t\nBen bir biyolo\u011fum ve 25 y\u0131l\u0131 a\u015fk\u0131n s\u00fcredir Ya\u015fam Bilimleri \u00dcniversitesi'nde \u00e7al\u0131\u015f\u0131yorum. Ayr\u0131ca, kendi \u015firketimi y\u00f6netiyorum ve bu da bana \u00e7ok fazla idari deneyim kazand\u0131r\u0131yor   507192365\t\t\t\t\t\t<\/div>\n\t\t\t\t\t\n\t\t\t\t\t\t\t\t<\/div>\n\t\t<\/div>\n\t\t<\/div>\n\t\t<\/div>\n\t\t\t\t<\/div>\n\t\t\t\t<\/div>\n\t\t\t\t<\/div>\n\t\t<div class=\"elementor-element elementor-element-76732a67 e-con-full e-flex e-con e-child\" data-id=\"76732a67\" data-element_type=\"container\">\n\t\t\t\t<div class=\"elementor-element elementor-element-1cfe18f1 elementor-flip-box--effect-fade animated-slow elementor-invisible elementor-widget elementor-widget-flip-box\" data-id=\"1cfe18f1\" data-element_type=\"widget\" data-settings=\"{&quot;_animation&quot;:&quot;fadeIn&quot;,&quot;_animation_delay&quot;:500}\" data-widget_type=\"flip-box.default\">\n\t\t\t\t<div class=\"elementor-widget-container\">\n\t\t\t\t\t<div class=\"elementor-flip-box\" tabindex=\"0\">\n\t\t\t<div class=\"elementor-flip-box__layer elementor-flip-box__front\">\n\t\t\t\t<div class=\"elementor-flip-box__layer__overlay\">\n\t\t\t\t\t<div class=\"elementor-flip-box__layer__inner\">\n\t\t\t\t\t\t\n\t\t\t\t\t\t\t\t\t\t\t\t\t<h3 class=\"elementor-flip-box__layer__title\">\n\t\t\t\t\t\t\t\tJAN MACIOROWSKI\t\t\t\t\t\t\t<\/h3>\n\t\t\t\t\t\t\n\t\t\t\t\t\t\t\t\t\t\t<\/div>\n\t\t\t\t<\/div>\n\t\t\t<\/div>\n\t\t\t<div class=\"elementor-flip-box__layer elementor-flip-box__back\">\n\t\t\t<div class=\"elementor-flip-box__layer__overlay\">\n\t\t\t\t<div class=\"elementor-flip-box__layer__inner\">\n\t\t\t\t\t\t\t\t\t\t\t<h3 class=\"elementor-flip-box__layer__title\">\n\t\t\t\t\t\t\tDoktorant\/PhD \u00f6\u011frenci Jan Maciorwski\t\t\t\t\t\t<\/h3>\n\t\t\t\t\t\n\t\t\t\t\t\t\t\t\t\t\t<div class=\"elementor-flip-box__layer__description\">\n\t\t\t\t\t\t\ti\u0307zleme anali\u0307z asi\u0307stani\nPoznan'daki Ya\u015fam Bilimleri \u00dcniversitesi'nde doktora \u00f6\u011frencisiyim. Hayvanlar ve yeni teknolojilerle ilgileniyorum\njan.maciorowski@up.poznan.pl \t\t\t\t\t\t<\/div>\n\t\t\t\t\t\n\t\t\t\t\t\t\t\t<\/div>\n\t\t<\/div>\n\t\t<\/div>\n\t\t<\/div>\n\t\t\t\t<\/div>\n\t\t\t\t<\/div>\n\t\t\t\t<\/div>\n\t\t\t\t\t<\/div>\n\t\t\t\t<\/div>\n\t\t<div class=\"elementor-element elementor-element-6c259269 e-flex e-con-boxed e-con e-parent\" data-id=\"6c259269\" data-element_type=\"container\">\n\t\t\t\t\t<div class=\"e-con-inner\">\n\t\t<div class=\"elementor-element elementor-element-62ff0455 e-con-full e-flex e-con e-child\" data-id=\"62ff0455\" data-element_type=\"container\">\n\t\t\t\t<div class=\"elementor-element elementor-element-4f78cc41 elementor-flip-box--effect-fade animated-slow elementor-invisible elementor-widget elementor-widget-flip-box\" data-id=\"4f78cc41\" data-element_type=\"widget\" data-settings=\"{&quot;_animation&quot;:&quot;fadeIn&quot;,&quot;_animation_delay&quot;:100}\" data-widget_type=\"flip-box.default\">\n\t\t\t\t<div class=\"elementor-widget-container\">\n\t\t\t\t\t<div class=\"elementor-flip-box\" tabindex=\"0\">\n\t\t\t<div class=\"elementor-flip-box__layer elementor-flip-box__front\">\n\t\t\t\t<div class=\"elementor-flip-box__layer__overlay\">\n\t\t\t\t\t<div class=\"elementor-flip-box__layer__inner\">\n\t\t\t\t\t\t\n\t\t\t\t\t\t\t\t\t\t\t\t\t<h3 class=\"elementor-flip-box__layer__title\">\n\t\t\t\t\t\t\t\tKATARZYNA PACZKOWSKA\t\t\t\t\t\t\t<\/h3>\n\t\t\t\t\t\t\n\t\t\t\t\t\t\t\t\t\t\t<\/div>\n\t\t\t\t<\/div>\n\t\t\t<\/div>\n\t\t\t<div class=\"elementor-flip-box__layer elementor-flip-box__back\">\n\t\t\t<div class=\"elementor-flip-box__layer__overlay\">\n\t\t\t\t<div class=\"elementor-flip-box__layer__inner\">\n\t\t\t\t\t\t\t\t\t\t\t<h3 class=\"elementor-flip-box__layer__title\">\n\t\t\t\t\t\t\tmgr Katarzyna Paczkowska\t\t\t\t\t\t<\/h3>\n\t\t\t\t\t\n\t\t\t\t\t\t\t\t\t\t\t<div class=\"elementor-flip-box__layer__description\">\n\t\t\t\t\t\t\t\u0130dari Y\u00f6netici\/Proje \u0130dari Y\u00f6neticisi\nE\u011fitimli medya e\u011fitmeni, 10 y\u0131l\u0131 a\u015fk\u0131n s\u00fcredir AB projelerinde yer almaktad\u0131r (NAWA, NCN, NCBR, POWER, Horizon Europe, MSCA). Y\u00f6netimsel yetkinliklerini 2023 y\u0131l\u0131nda MBA derecesi ile teyit etmi\u015ftir.\nkatarzyna.paczkowska@up.poznan.pl\t\t\t\t\t\t<\/div>\n\t\t\t\t\t\n\t\t\t\t\t\t\t\t<\/div>\n\t\t<\/div>\n\t\t<\/div>\n\t\t<\/div>\n\t\t\t\t<\/div>\n\t\t\t\t<\/div>\n\t\t\t\t<\/div>\n\t\t<div class=\"elementor-element elementor-element-4876147c e-con-full e-flex e-con e-child\" data-id=\"4876147c\" data-element_type=\"container\">\n\t\t\t\t<div class=\"elementor-element elementor-element-5cedd552 elementor-flip-box--effect-fade animated-slow elementor-invisible elementor-widget elementor-widget-flip-box\" data-id=\"5cedd552\" data-element_type=\"widget\" data-settings=\"{&quot;_animation&quot;:&quot;fadeIn&quot;,&quot;_animation_delay&quot;:300}\" data-widget_type=\"flip-box.default\">\n\t\t\t\t<div class=\"elementor-widget-container\">\n\t\t\t\t\t<div class=\"elementor-flip-box\" tabindex=\"0\">\n\t\t\t<div class=\"elementor-flip-box__layer elementor-flip-box__front\">\n\t\t\t\t<div class=\"elementor-flip-box__layer__overlay\">\n\t\t\t\t\t<div class=\"elementor-flip-box__layer__inner\">\n\t\t\t\t\t\t\n\t\t\t\t\t\t\t\t\t\t\t\t\t<h3 class=\"elementor-flip-box__layer__title\">\n\t\t\t\t\t\t\t\tMACIEJ SKORUPSKI\t\t\t\t\t\t\t<\/h3>\n\t\t\t\t\t\t\n\t\t\t\t\t\t\t\t\t\t\t<\/div>\n\t\t\t\t<\/div>\n\t\t\t<\/div>\n\t\t\t<div class=\"elementor-flip-box__layer elementor-flip-box__back\">\n\t\t\t<div class=\"elementor-flip-box__layer__overlay\">\n\t\t\t\t<div class=\"elementor-flip-box__layer__inner\">\n\t\t\t\t\t\t\t\t\t\t\t<h3 class=\"elementor-flip-box__layer__title\">\n\t\t\t\t\t\t\tprof. dr hab. in\u017c.\/Prof. Proje Y\u00f6neticisi Maciej Skorupski\t\t\t\t\t\t<\/h3>\n\t\t\t\t\t\n\t\t\t\t\t\t\t\t\t\t\t<div class=\"elementor-flip-box__layer__description\">\n\t\t\t\t\t\t\tPoznan Ya\u015fam Bilimleri \u00dcniversitesi'nde Avc\u0131l\u0131k ve Orman Koruma B\u00f6l\u00fcm\u00fc ba\u015fkan\u0131y\u0131m. Ulusal Ara\u015ft\u0131rma ve Geli\u015ftirme Merkezi, Ulusal Bilim Merkezi ve Devlet Ormanlar\u0131 Genel M\u00fcd\u00fcrl\u00fc\u011f\u00fc taraf\u0131ndan finanse edilen hibe projelerinde ara\u015ft\u0131rma ekiplerine liderlik etme deneyimine sahibim. Avrupa Orman Enstit\u00fcs\u00fc'n\u00fcn ConForest konsorsiyumunun Biyo\u00e7e\u015fitlilik \u00c7G'sine ba\u015fkanl\u0131k ettim (2004-2008). 2010 y\u0131l\u0131ndan bu yana IUFRO Ofis Sahibi 8.02.05 - Yaban Hayat\u0131n\u0131n Korunmas\u0131 ve Y\u00f6netimi olarak g\u00f6rev yapmaktay\u0131m - ilk olarak 2010-2014 y\u0131llar\u0131 aras\u0131nda \u00c7G'nin koordinat\u00f6r yard\u0131mc\u0131s\u0131 olarak ve 2014'ten bu yana\nmaciej.skorupski@up.poznan.pl\n\t\t\t\t\t\t<\/div>\n\t\t\t\t\t\n\t\t\t\t\t\t\t\t<\/div>\n\t\t<\/div>\n\t\t<\/div>\n\t\t<\/div>\n\t\t\t\t<\/div>\n\t\t\t\t<\/div>\n\t\t\t\t<\/div>\n\t\t<div class=\"elementor-element elementor-element-53467934 e-con-full e-flex e-con e-child\" data-id=\"53467934\" data-element_type=\"container\">\n\t\t\t\t<div class=\"elementor-element elementor-element-7e64a287 elementor-flip-box--effect-fade animated-slow elementor-invisible elementor-widget elementor-widget-flip-box\" data-id=\"7e64a287\" data-element_type=\"widget\" data-settings=\"{&quot;_animation&quot;:&quot;fadeIn&quot;,&quot;_animation_delay&quot;:500}\" data-widget_type=\"flip-box.default\">\n\t\t\t\t<div class=\"elementor-widget-container\">\n\t\t\t\t\t<div class=\"elementor-flip-box\" tabindex=\"0\">\n\t\t\t<div class=\"elementor-flip-box__layer elementor-flip-box__front\">\n\t\t\t\t<div class=\"elementor-flip-box__layer__overlay\">\n\t\t\t\t\t<div class=\"elementor-flip-box__layer__inner\">\n\t\t\t\t\t\t\n\t\t\t\t\t\t\t\t\t\t\t\t\t<h3 class=\"elementor-flip-box__layer__title\">\n\t\t\t\t\t\t\t\tPAWE\u0141 PODKOWA\t\t\t\t\t\t\t<\/h3>\n\t\t\t\t\t\t\n\t\t\t\t\t\t\t\t\t\t\t<\/div>\n\t\t\t\t<\/div>\n\t\t\t<\/div>\n\t\t\t<div class=\"elementor-flip-box__layer elementor-flip-box__back\">\n\t\t\t<div class=\"elementor-flip-box__layer__overlay\">\n\t\t\t\t<div class=\"elementor-flip-box__layer__inner\">\n\t\t\t\t\t\t\t\t\t\t\t<h3 class=\"elementor-flip-box__layer__title\">\n\t\t\t\t\t\t\tDr\/ PhD Pawe\u0142 Podkowa \t\t\t\t\t\t<\/h3>\n\t\t\t\t\t\n\t\t\t\t\t\t\t\t\t\t\t<div class=\"elementor-flip-box__layer__description\">\n\t\t\t\t\t\t\ttekni\u0307k asi\u0307stan \t\nKrakow'daki Jagiellonian \u00dcniversitesi \u00c7evre Bilimleri Enstit\u00fcs\u00fc'nde g\u00fcnl\u00fck olarak \u00e7al\u0131\u015fmaktad\u0131r. Bug\u00fcne kadar tamamlad\u0131\u011f\u0131 projelerde y\u0131rt\u0131c\u0131 ku\u015flar\u0131n yuvalar\u0131n\u0131n izlenmesi, yuva platformlar\u0131n\u0131n kurulmas\u0131 ve ara\u015ft\u0131rma materyallerinin elde edilmesi ile ilgilenmi\u015ftir.\npawel.podkowa@gmail.com\t\t\t\t\t\t\t<\/div>\n\t\t\t\t\t\n\t\t\t\t\t\t\t\t<\/div>\n\t\t<\/div>\n\t\t<\/div>\n\t\t<\/div>\n\t\t\t\t<\/div>\n\t\t\t\t<\/div>\n\t\t\t\t<\/div>\n\t\t\t\t\t<\/div>\n\t\t\t\t<\/div>\n\t\t<div class=\"elementor-element elementor-element-2e34397e e-flex e-con-boxed e-con e-parent\" data-id=\"2e34397e\" data-element_type=\"container\">\n\t\t\t\t\t<div class=\"e-con-inner\">\n\t\t<div class=\"elementor-element elementor-element-26867335 e-con-full e-flex e-con e-child\" data-id=\"26867335\" data-element_type=\"container\">\n\t\t\t\t<div class=\"elementor-element elementor-element-7c99a845 elementor-flip-box--effect-fade animated-slow elementor-invisible elementor-widget elementor-widget-flip-box\" data-id=\"7c99a845\" data-element_type=\"widget\" data-settings=\"{&quot;_animation&quot;:&quot;fadeIn&quot;,&quot;_animation_delay&quot;:100}\" data-widget_type=\"flip-box.default\">\n\t\t\t\t<div class=\"elementor-widget-container\">\n\t\t\t\t\t<div class=\"elementor-flip-box\" tabindex=\"0\">\n\t\t\t<div class=\"elementor-flip-box__layer elementor-flip-box__front\">\n\t\t\t\t<div class=\"elementor-flip-box__layer__overlay\">\n\t\t\t\t\t<div class=\"elementor-flip-box__layer__inner\">\n\t\t\t\t\t\t\n\t\t\t\t\t\t\t\t\t\t\t\t\t<h3 class=\"elementor-flip-box__layer__title\">\n\t\t\t\t\t\t\t\tPIOTR ZDUNIAK\t\t\t\t\t\t\t<\/h3>\n\t\t\t\t\t\t\n\t\t\t\t\t\t\t\t\t\t\t<\/div>\n\t\t\t\t<\/div>\n\t\t\t<\/div>\n\t\t\t<div class=\"elementor-flip-box__layer elementor-flip-box__back\">\n\t\t\t<div class=\"elementor-flip-box__layer__overlay\">\n\t\t\t\t<div class=\"elementor-flip-box__layer__inner\">\n\t\t\t\t\t\t\t\t\t\t\t<h3 class=\"elementor-flip-box__layer__title\">\n\t\t\t\t\t\t\tdr hab.\/PhD Piotr Zduniak\t\t\t\t\t\t<\/h3>\n\t\t\t\t\t\n\t\t\t\t\t\t\t\t\t\t\t<div class=\"elementor-flip-box__layer__description\">\n\t\t\t\t\t\t\tB\u00fcy\u00fck Benekli Kartal'\u0131n korunmas\u0131 i\u00e7in uzman\t\n\nkudlaty@amu.edu.pl\t\t\t\t\t\t\t<\/div>\n\t\t\t\t\t\n\t\t\t\t\t\t\t\t<\/div>\n\t\t<\/div>\n\t\t<\/div>\n\t\t<\/div>\n\t\t\t\t<\/div>\n\t\t\t\t<\/div>\n\t\t\t\t<\/div>\n\t\t<div class=\"elementor-element elementor-element-d35f308 e-con-full e-flex e-con e-child\" data-id=\"d35f308\" data-element_type=\"container\">\n\t\t\t\t<div class=\"elementor-element elementor-element-31b782c elementor-flip-box--effect-fade animated-slow elementor-invisible elementor-widget elementor-widget-flip-box\" data-id=\"31b782c\" data-element_type=\"widget\" data-settings=\"{&quot;_animation&quot;:&quot;fadeIn&quot;,&quot;_animation_delay&quot;:300}\" data-widget_type=\"flip-box.default\">\n\t\t\t\t<div class=\"elementor-widget-container\">\n\t\t\t\t\t<div class=\"elementor-flip-box\" tabindex=\"0\">\n\t\t\t<div class=\"elementor-flip-box__layer elementor-flip-box__front\">\n\t\t\t\t<div class=\"elementor-flip-box__layer__overlay\">\n\t\t\t\t\t<div class=\"elementor-flip-box__layer__inner\">\n\t\t\t\t\t\t\n\t\t\t\t\t\t\t\t\t\t\t\t\t<h3 class=\"elementor-flip-box__layer__title\">\n\t\t\t\t\t\t\t\t\u00d6mral \u00dcnsal \u00d6ZKO\u00c7\t\t\t\t\t\t\t<\/h3>\n\t\t\t\t\t\t\n\t\t\t\t\t\t\t\t\t\t\t<\/div>\n\t\t\t\t<\/div>\n\t\t\t<\/div>\n\t\t\t<div class=\"elementor-flip-box__layer elementor-flip-box__back\">\n\t\t\t<div class=\"elementor-flip-box__layer__overlay\">\n\t\t\t\t<div class=\"elementor-flip-box__layer__inner\">\n\t\t\t\t\t\t\t\t\t\t\t<h3 class=\"elementor-flip-box__layer__title\">\n\t\t\t\t\t\t\tPhd student \u00d6mral \u00dcnsal \u00d6ZKO\u00c7\t\t\t\t\t\t<\/h3>\n\t\t\t\t\t\n\t\t\t\t\t\t\t\t\t\t\t<div class=\"elementor-flip-box__layer__description\">\n\t\t\t\t\t\t\tGSE koruma koordinat\u00f6r\u00fc\t\nBen bir biyolo\u011fum ve ornitoloji alan\u0131nda doktora aday\u0131y\u0131m, ku\u015flarla ilgilenme ve bantlama konusunda deneyimliyim. K\u0131z\u0131l\u0131rmak Deltas\u0131'ndaki 7 y\u0131ll\u0131k \u00e7al\u0131\u015fmalar\u0131m s\u0131ras\u0131nda ku\u015flarla ilgili bir\u00e7ok deneyimim oldu. \nozkoc@dogaarastirmalari.org.tr\t\t\t\t\t\t<\/div>\n\t\t\t\t\t\n\t\t\t\t\t\t\t\t<\/div>\n\t\t<\/div>\n\t\t<\/div>\n\t\t<\/div>\n\t\t\t\t<\/div>\n\t\t\t\t<\/div>\n\t\t\t\t<\/div>\n\t\t<div class=\"elementor-element elementor-element-232df493 e-con-full e-flex e-con e-child\" data-id=\"232df493\" data-element_type=\"container\">\n\t\t\t\t<\/div>\n\t\t\t\t\t<\/div>\n\t\t\t\t<\/div>\n\t\t<div class=\"elementor-element elementor-element-6afd5918 e-con-full e-flex e-con e-parent\" data-id=\"6afd5918\" data-element_type=\"container\" data-settings=\"{&quot;background_background&quot;:&quot;classic&quot;}\">\n\t\t<div class=\"elementor-element elementor-element-61257a92 e-flex e-con-boxed e-con e-child\" data-id=\"61257a92\" data-element_type=\"container\" data-settings=\"{&quot;background_background&quot;:&quot;classic&quot;}\">\n\t\t\t\t\t<div class=\"e-con-inner\">\n\t\t\t\t<div class=\"elementor-element elementor-element-5dbc887a elementor-widget elementor-widget-image\" data-id=\"5dbc887a\" data-element_type=\"widget\" data-widget_type=\"image.default\">\n\t\t\t\t<div class=\"elementor-widget-container\">\n\t\t\t\t\t\t\t\t\t\t\t\t\t\t<a href=\"http:\/\/sparrow.up.poznan.pl\/life\/home\/\">\n\t\t\t\t\t\t\t<img fetchpriority=\"high\" decoding=\"async\" width=\"800\" height=\"800\" src=\"https:\/\/sparrow.up.poznan.pl\/life\/tr\/wp-content\/uploads\/2024\/05\/gse_life_orlik-1024x1024.png\" class=\"attachment-large size-large wp-image-9\" alt=\"\" srcset=\"https:\/\/sparrow.up.poznan.pl\/life\/tr\/wp-content\/uploads\/2024\/05\/gse_life_orlik-1024x1024.png 1024w, https:\/\/sparrow.up.poznan.pl\/life\/tr\/wp-content\/uploads\/2024\/05\/gse_life_orlik-300x300.png 300w, https:\/\/sparrow.up.poznan.pl\/life\/tr\/wp-content\/uploads\/2024\/05\/gse_life_orlik-150x150.png 150w, https:\/\/sparrow.up.poznan.pl\/life\/tr\/wp-content\/uploads\/2024\/05\/gse_life_orlik-768x768.png 768w, https:\/\/sparrow.up.poznan.pl\/life\/tr\/wp-content\/uploads\/2024\/05\/gse_life_orlik-1536x1536.png 1536w, https:\/\/sparrow.up.poznan.pl\/life\/tr\/wp-content\/uploads\/2024\/05\/gse_life_orlik-2048x2048.png 2048w\" sizes=\"(max-width: 800px) 100vw, 800px\" \/>\t\t\t\t\t\t\t\t<\/a>\n\t\t\t\t\t\t\t\t\t\t\t\t\t<\/div>\n\t\t\t\t<\/div>\n\t\t\t\t\t<\/div>\n\t\t\t\t<\/div>\n\t\t\t\t<\/div>\n\t\t\t\t<\/div>\n\t\t","protected":false},"excerpt":{"rendered":"<p>Hakk\u0131m\u0131zda Poznan Ya\u015fam Bilimleri \u00dcniversitesi (PULS), d\u00fcnyan\u0131n en uzun B\u00fcy\u00fck Benekli Kartal \u00e7al\u0131\u015fmas\u0131 da dahil olmak \u00fczere (bu t\u00fcr\u00fcn Avrupa&#8217;da bilinen tek pop\u00fclasyonu olan Polonya pop\u00fclasyonunun \u00f6nemli \u00f6l\u00e7\u00fcde tehlike alt\u0131nda olmamas\u0131 sayesinde) nesli t\u00fckenmekte olan bitki ve hayvan t\u00fcrlerinin tan\u0131nmas\u0131 ve aktif olarak korunmas\u0131na y\u00f6nelik ara\u015ft\u0131rma yapan ve koruma faaliyetlerini uygulayan bilimsel ve didaktik bir [&hellip;]<\/p>\n","protected":false},"author":2,"featured_media":0,"parent":0,"menu_order":0,"comment_status":"closed","ping_status":"closed","template":"elementor_canvas","meta":{"footnotes":""},"_links":{"self":[{"href":"https:\/\/sparrow.up.poznan.pl\/life\/tr\/wp-json\/wp\/v2\/pages\/46"}],"collection":[{"href":"https:\/\/sparrow.up.poznan.pl\/life\/tr\/wp-json\/wp\/v2\/pages"}],"about":[{"href":"https:\/\/sparrow.up.poznan.pl\/life\/tr\/wp-json\/wp\/v2\/types\/page"}],"author":[{"embeddable":true,"href":"https:\/\/sparrow.up.poznan.pl\/life\/tr\/wp-json\/wp\/v2\/users\/2"}],"replies":[{"embeddable":true,"href":"https:\/\/sparrow.up.poznan.pl\/life\/tr\/wp-json\/wp\/v2\/comments?post=46"}],"version-history":[{"count":35,"href":"https:\/\/sparrow.up.poznan.pl\/life\/tr\/wp-json\/wp\/v2\/pages\/46\/revisions"}],"predecessor-version":[{"id":388,"href":"https:\/\/sparrow.up.poznan.pl\/life\/tr\/wp-json\/wp\/v2\/pages\/46\/revisions\/388"}],"wp:attachment":[{"href":"https:\/\/sparrow.up.poznan.pl\/life\/tr\/wp-json\/wp\/v2\/media?parent=46"}],"curies":[{"name":"wp","href":"https:\/\/api.w.org\/{rel}","templated":true}]}}