{"id":40,"date":"2024-02-28T21:02:29","date_gmt":"2024-02-28T20:02:29","guid":{"rendered":"https:\/\/sparrow.up.poznan.pl\/life\/?page_id=40"},"modified":"2026-04-07T23:25:06","modified_gmt":"2026-04-07T21:25:06","slug":"o-nas","status":"publish","type":"page","link":"https:\/\/sparrow.up.poznan.pl\/life\/o-nas\/","title":{"rendered":"O NAS"},"content":{"rendered":"\t\t<div data-elementor-type=\"wp-page\" data-elementor-id=\"40\" class=\"elementor elementor-40\" data-elementor-post-type=\"page\">\n\t\t\t\t<div class=\"elementor-element elementor-element-4a1ca47d e-flex e-con-boxed e-con e-parent\" data-id=\"4a1ca47d\" data-element_type=\"container\" data-settings=\"{&quot;background_background&quot;:&quot;classic&quot;,&quot;content_width&quot;:&quot;boxed&quot;}\" data-core-v316-plus=\"true\">\n\t\t\t\t\t<div class=\"e-con-inner\">\n\t\t<div class=\"elementor-element elementor-element-606ea5fb e-con-full e-flex e-con e-child\" data-id=\"606ea5fb\" data-element_type=\"container\" data-settings=\"{&quot;content_width&quot;:&quot;full&quot;}\">\n\t\t\t\t<div class=\"elementor-element elementor-element-6610f339 elementor-widget elementor-widget-image\" data-id=\"6610f339\" data-element_type=\"widget\" data-widget_type=\"image.default\">\n\t\t\t\t<div class=\"elementor-widget-container\">\n\t\t\t<style>\/*! elementor - v3.19.0 - 28-02-2024 *\/\n.elementor-widget-image{text-align:center}.elementor-widget-image a{display:inline-block}.elementor-widget-image a img[src$=\".svg\"]{width:48px}.elementor-widget-image img{vertical-align:middle;display:inline-block}<\/style>\t\t\t\t\t\t\t\t\t\t<img fetchpriority=\"high\" decoding=\"async\" width=\"800\" height=\"800\" src=\"https:\/\/sparrow.up.poznan.pl\/life\/wp-content\/uploads\/2024\/02\/gse_life_orlik-1024x1024.png\" class=\"attachment-large size-large wp-image-48\" alt=\"\" srcset=\"https:\/\/sparrow.up.poznan.pl\/life\/wp-content\/uploads\/2024\/02\/gse_life_orlik-1024x1024.png 1024w, https:\/\/sparrow.up.poznan.pl\/life\/wp-content\/uploads\/2024\/02\/gse_life_orlik-300x300.png 300w, https:\/\/sparrow.up.poznan.pl\/life\/wp-content\/uploads\/2024\/02\/gse_life_orlik-150x150.png 150w, https:\/\/sparrow.up.poznan.pl\/life\/wp-content\/uploads\/2024\/02\/gse_life_orlik-768x768.png 768w, https:\/\/sparrow.up.poznan.pl\/life\/wp-content\/uploads\/2024\/02\/gse_life_orlik-1536x1536.png 1536w, https:\/\/sparrow.up.poznan.pl\/life\/wp-content\/uploads\/2024\/02\/gse_life_orlik-2048x2048.png 2048w\" sizes=\"(max-width: 800px) 100vw, 800px\" \/>\t\t\t\t\t\t\t\t\t\t\t\t\t<\/div>\n\t\t\t\t<\/div>\n\t\t\t\t<\/div>\n\t\t<div class=\"elementor-element elementor-element-3b6e1fb4 e-con-full e-flex e-con e-child\" data-id=\"3b6e1fb4\" data-element_type=\"container\" data-settings=\"{&quot;content_width&quot;:&quot;full&quot;}\">\n\t\t\t\t<div class=\"elementor-element elementor-element-4567bba2 elementor-widget elementor-widget-image\" data-id=\"4567bba2\" data-element_type=\"widget\" data-widget_type=\"image.default\">\n\t\t\t\t<div class=\"elementor-widget-container\">\n\t\t\t\t\t\t\t\t\t\t\t\t\t<img decoding=\"async\" width=\"800\" height=\"556\" src=\"https:\/\/sparrow.up.poznan.pl\/life\/wp-content\/uploads\/2024\/03\/Natura_2000_logo.svg_-1024x712.png\" class=\"attachment-large size-large wp-image-81\" alt=\"\" srcset=\"https:\/\/sparrow.up.poznan.pl\/life\/wp-content\/uploads\/2024\/03\/Natura_2000_logo.svg_-1024x712.png 1024w, https:\/\/sparrow.up.poznan.pl\/life\/wp-content\/uploads\/2024\/03\/Natura_2000_logo.svg_-300x209.png 300w, https:\/\/sparrow.up.poznan.pl\/life\/wp-content\/uploads\/2024\/03\/Natura_2000_logo.svg_-768x534.png 768w, https:\/\/sparrow.up.poznan.pl\/life\/wp-content\/uploads\/2024\/03\/Natura_2000_logo.svg_-1536x1068.png 1536w, https:\/\/sparrow.up.poznan.pl\/life\/wp-content\/uploads\/2024\/03\/Natura_2000_logo.svg_-2048x1424.png 2048w\" sizes=\"(max-width: 800px) 100vw, 800px\" \/>\t\t\t\t\t\t\t\t\t\t\t\t\t<\/div>\n\t\t\t\t<\/div>\n\t\t\t\t<\/div>\n\t\t<div class=\"elementor-element elementor-element-67164e5d e-con-full e-flex e-con e-child\" data-id=\"67164e5d\" data-element_type=\"container\" data-settings=\"{&quot;content_width&quot;:&quot;full&quot;}\">\n\t\t\t\t<div class=\"elementor-element elementor-element-59c83543 elementor-widget elementor-widget-image\" data-id=\"59c83543\" data-element_type=\"widget\" data-widget_type=\"image.default\">\n\t\t\t\t<div class=\"elementor-widget-container\">\n\t\t\t\t\t\t\t\t\t\t\t\t\t<img decoding=\"async\" width=\"800\" height=\"578\" src=\"https:\/\/sparrow.up.poznan.pl\/life\/wp-content\/uploads\/2024\/04\/life_1_11-1024x740.jpg\" class=\"attachment-large size-large wp-image-511\" alt=\"\" srcset=\"https:\/\/sparrow.up.poznan.pl\/life\/wp-content\/uploads\/2024\/04\/life_1_11-1024x740.jpg 1024w, https:\/\/sparrow.up.poznan.pl\/life\/wp-content\/uploads\/2024\/04\/life_1_11-300x217.jpg 300w, https:\/\/sparrow.up.poznan.pl\/life\/wp-content\/uploads\/2024\/04\/life_1_11-768x555.jpg 768w, https:\/\/sparrow.up.poznan.pl\/life\/wp-content\/uploads\/2024\/04\/life_1_11-1536x1110.jpg 1536w, https:\/\/sparrow.up.poznan.pl\/life\/wp-content\/uploads\/2024\/04\/life_1_11.jpg 1580w\" sizes=\"(max-width: 800px) 100vw, 800px\" \/>\t\t\t\t\t\t\t\t\t\t\t\t\t<\/div>\n\t\t\t\t<\/div>\n\t\t\t\t<\/div>\n\t\t<div class=\"elementor-element elementor-element-422a5ed4 e-con-full e-flex e-con e-child\" data-id=\"422a5ed4\" data-element_type=\"container\" data-settings=\"{&quot;content_width&quot;:&quot;full&quot;}\">\n\t\t\t\t<div class=\"elementor-element elementor-element-7d784513 elementor-nav-menu__align-center elementor-nav-menu--stretch elementor-nav-menu--dropdown-tablet elementor-nav-menu__text-align-aside elementor-nav-menu--toggle elementor-nav-menu--burger elementor-widget elementor-widget-nav-menu\" data-id=\"7d784513\" data-element_type=\"widget\" data-settings=\"{&quot;full_width&quot;:&quot;stretch&quot;,&quot;layout&quot;:&quot;horizontal&quot;,&quot;submenu_icon&quot;:{&quot;value&quot;:&quot;&lt;svg class=\\&quot;e-font-icon-svg e-fas-caret-down\\&quot; viewBox=\\&quot;0 0 320 512\\&quot; xmlns=\\&quot;http:\\\/\\\/www.w3.org\\\/2000\\\/svg\\&quot;&gt;&lt;path d=\\&quot;M31.3 192h257.3c17.8 0 26.7 21.5 14.1 34.1L174.1 354.8c-7.8 7.8-20.5 7.8-28.3 0L17.2 226.1C4.6 213.5 13.5 192 31.3 192z\\&quot;&gt;&lt;\\\/path&gt;&lt;\\\/svg&gt;&quot;,&quot;library&quot;:&quot;fa-solid&quot;},&quot;toggle&quot;:&quot;burger&quot;}\" data-widget_type=\"nav-menu.default\">\n\t\t\t\t<div class=\"elementor-widget-container\">\n\t\t\t<link rel=\"stylesheet\" href=\"https:\/\/sparrow.up.poznan.pl\/life\/wp-content\/plugins\/elementor-pro\/assets\/css\/widget-nav-menu.min.css\">\t\t\t<nav class=\"elementor-nav-menu--main elementor-nav-menu__container elementor-nav-menu--layout-horizontal e--pointer-underline e--animation-fade\">\n\t\t\t\t<ul id=\"menu-1-7d784513\" class=\"elementor-nav-menu\"><li class=\"menu-item menu-item-type-post_type menu-item-object-page menu-item-home menu-item-67\"><a href=\"https:\/\/sparrow.up.poznan.pl\/life\/\" class=\"elementor-item\">HOME<\/a><\/li>\n<li class=\"menu-item menu-item-type-post_type menu-item-object-page menu-item-66\"><a href=\"https:\/\/sparrow.up.poznan.pl\/life\/o-projekcie\/\" class=\"elementor-item\">O PROJEKCIE<\/a><\/li>\n<li class=\"menu-item menu-item-type-post_type menu-item-object-page menu-item-65\"><a href=\"https:\/\/sparrow.up.poznan.pl\/life\/aktualnosci\/\" class=\"elementor-item\">AKTUALNO\u015aCI<\/a><\/li>\n<li class=\"menu-item menu-item-type-post_type menu-item-object-page menu-item-64\"><a href=\"https:\/\/sparrow.up.poznan.pl\/life\/o-nas\/\" class=\"elementor-item\">O NAS<\/a><\/li>\n<li class=\"menu-item menu-item-type-post_type menu-item-object-page menu-item-441\"><a href=\"https:\/\/sparrow.up.poznan.pl\/life\/mapa\/\" class=\"elementor-item\">MAPA<\/a><\/li>\n<li class=\"menu-item menu-item-type-post_type menu-item-object-page menu-item-63\"><a href=\"https:\/\/sparrow.up.poznan.pl\/life\/do-pobrania\/\" class=\"elementor-item\">DO POBRANIA<\/a><\/li>\n<li class=\"menu-item menu-item-type-post_type menu-item-object-page menu-item-62\"><a href=\"https:\/\/sparrow.up.poznan.pl\/life\/kontakt\/\" class=\"elementor-item\">KONTAKT<\/a><\/li>\n<\/ul>\t\t\t<\/nav>\n\t\t\t\t\t<div class=\"elementor-menu-toggle\" role=\"button\" tabindex=\"0\" aria-label=\"Menu Toggle\" aria-expanded=\"false\">\n\t\t\t<svg aria-hidden=\"true\" role=\"presentation\" class=\"elementor-menu-toggle__icon--open e-font-icon-svg e-eicon-menu-bar\" viewBox=\"0 0 1000 1000\" xmlns=\"http:\/\/www.w3.org\/2000\/svg\"><path d=\"M104 333H896C929 333 958 304 958 271S929 208 896 208H104C71 208 42 237 42 271S71 333 104 333ZM104 583H896C929 583 958 554 958 521S929 458 896 458H104C71 458 42 487 42 521S71 583 104 583ZM104 833H896C929 833 958 804 958 771S929 708 896 708H104C71 708 42 737 42 771S71 833 104 833Z\"><\/path><\/svg><svg aria-hidden=\"true\" role=\"presentation\" class=\"elementor-menu-toggle__icon--close e-font-icon-svg e-eicon-close\" viewBox=\"0 0 1000 1000\" xmlns=\"http:\/\/www.w3.org\/2000\/svg\"><path d=\"M742 167L500 408 258 167C246 154 233 150 217 150 196 150 179 158 167 167 154 179 150 196 150 212 150 229 154 242 171 254L408 500 167 742C138 771 138 800 167 829 196 858 225 858 254 829L496 587 738 829C750 842 767 846 783 846 800 846 817 842 829 829 842 817 846 804 846 783 846 767 842 750 829 737L588 500 833 258C863 229 863 200 833 171 804 137 775 137 742 167Z\"><\/path><\/svg>\t\t\t<span class=\"elementor-screen-only\">Menu<\/span>\n\t\t<\/div>\n\t\t\t\t\t<nav class=\"elementor-nav-menu--dropdown elementor-nav-menu__container\" aria-hidden=\"true\">\n\t\t\t\t<ul id=\"menu-2-7d784513\" class=\"elementor-nav-menu\"><li class=\"menu-item menu-item-type-post_type menu-item-object-page menu-item-home menu-item-67\"><a href=\"https:\/\/sparrow.up.poznan.pl\/life\/\" class=\"elementor-item\" tabindex=\"-1\">HOME<\/a><\/li>\n<li class=\"menu-item menu-item-type-post_type menu-item-object-page menu-item-66\"><a href=\"https:\/\/sparrow.up.poznan.pl\/life\/o-projekcie\/\" class=\"elementor-item\" tabindex=\"-1\">O PROJEKCIE<\/a><\/li>\n<li class=\"menu-item menu-item-type-post_type menu-item-object-page menu-item-65\"><a href=\"https:\/\/sparrow.up.poznan.pl\/life\/aktualnosci\/\" class=\"elementor-item\" tabindex=\"-1\">AKTUALNO\u015aCI<\/a><\/li>\n<li class=\"menu-item menu-item-type-post_type menu-item-object-page menu-item-64\"><a href=\"https:\/\/sparrow.up.poznan.pl\/life\/o-nas\/\" class=\"elementor-item\" tabindex=\"-1\">O NAS<\/a><\/li>\n<li class=\"menu-item menu-item-type-post_type menu-item-object-page menu-item-441\"><a href=\"https:\/\/sparrow.up.poznan.pl\/life\/mapa\/\" class=\"elementor-item\" tabindex=\"-1\">MAPA<\/a><\/li>\n<li class=\"menu-item menu-item-type-post_type menu-item-object-page menu-item-63\"><a href=\"https:\/\/sparrow.up.poznan.pl\/life\/do-pobrania\/\" class=\"elementor-item\" tabindex=\"-1\">DO POBRANIA<\/a><\/li>\n<li class=\"menu-item menu-item-type-post_type menu-item-object-page menu-item-62\"><a href=\"https:\/\/sparrow.up.poznan.pl\/life\/kontakt\/\" class=\"elementor-item\" tabindex=\"-1\">KONTAKT<\/a><\/li>\n<\/ul>\t\t\t<\/nav>\n\t\t\t\t<\/div>\n\t\t\t\t<\/div>\n\t\t\t\t<\/div>\n\t\t<div class=\"elementor-element elementor-element-16db7300 e-con-full e-flex e-con e-child\" data-id=\"16db7300\" data-element_type=\"container\" data-settings=\"{&quot;content_width&quot;:&quot;full&quot;}\">\n\t\t\t\t<div class=\"elementor-element elementor-element-158c144b elementor-widget elementor-widget-image\" data-id=\"158c144b\" data-element_type=\"widget\" data-widget_type=\"image.default\">\n\t\t\t\t<div class=\"elementor-widget-container\">\n\t\t\t\t\t\t\t\t\t\t\t\t\t\t<a href=\"https:\/\/sparrow.up.poznan.pl\/life\/en\/\">\n\t\t\t\t\t\t\t<img loading=\"lazy\" decoding=\"async\" width=\"240\" height=\"160\" src=\"https:\/\/sparrow.up.poznan.pl\/life\/wp-content\/uploads\/2024\/03\/Flag_of_the_United_Kingdom_1-2.svg_.png\" class=\"attachment-large size-large wp-image-181\" alt=\"\" \/>\t\t\t\t\t\t\t\t<\/a>\n\t\t\t\t\t\t\t\t\t\t\t\t\t<\/div>\n\t\t\t\t<\/div>\n\t\t\t\t<\/div>\n\t\t<div class=\"elementor-element elementor-element-28ee387a e-con-full e-flex e-con e-child\" data-id=\"28ee387a\" data-element_type=\"container\" data-settings=\"{&quot;content_width&quot;:&quot;full&quot;}\">\n\t\t\t\t<div class=\"elementor-element elementor-element-2a70bb43 elementor-widget elementor-widget-image\" data-id=\"2a70bb43\" data-element_type=\"widget\" data-widget_type=\"image.default\">\n\t\t\t\t<div class=\"elementor-widget-container\">\n\t\t\t\t\t\t\t\t\t\t\t\t\t\t<a href=\"https:\/\/sparrow.up.poznan.pl\/life\/ee\/\">\n\t\t\t\t\t\t\t<img loading=\"lazy\" decoding=\"async\" width=\"240\" height=\"160\" src=\"https:\/\/sparrow.up.poznan.pl\/life\/wp-content\/uploads\/2024\/03\/Flag_of_Estonia.svg_.png\" class=\"attachment-large size-large wp-image-182\" alt=\"\" \/>\t\t\t\t\t\t\t\t<\/a>\n\t\t\t\t\t\t\t\t\t\t\t\t\t<\/div>\n\t\t\t\t<\/div>\n\t\t\t\t<\/div>\n\t\t<div class=\"elementor-element elementor-element-cb57486 e-con-full e-flex e-con e-child\" data-id=\"cb57486\" data-element_type=\"container\" data-settings=\"{&quot;content_width&quot;:&quot;full&quot;}\">\n\t\t\t\t<div class=\"elementor-element elementor-element-32c47000 elementor-widget elementor-widget-image\" data-id=\"32c47000\" data-element_type=\"widget\" data-widget_type=\"image.default\">\n\t\t\t\t<div class=\"elementor-widget-container\">\n\t\t\t\t\t\t\t\t\t\t\t\t\t\t<a href=\"https:\/\/sparrow.up.poznan.pl\/life\/bg\/\">\n\t\t\t\t\t\t\t<img loading=\"lazy\" decoding=\"async\" width=\"240\" height=\"160\" src=\"https:\/\/sparrow.up.poznan.pl\/life\/wp-content\/uploads\/2024\/03\/Flag_of_Bulgaria.svg_.png\" class=\"attachment-large size-large wp-image-183\" alt=\"\" \/>\t\t\t\t\t\t\t\t<\/a>\n\t\t\t\t\t\t\t\t\t\t\t\t\t<\/div>\n\t\t\t\t<\/div>\n\t\t\t\t<\/div>\n\t\t<div class=\"elementor-element elementor-element-32ccdc5b e-con-full e-flex e-con e-child\" data-id=\"32ccdc5b\" data-element_type=\"container\" data-settings=\"{&quot;content_width&quot;:&quot;full&quot;}\">\n\t\t\t\t<div class=\"elementor-element elementor-element-65d7f4df elementor-widget elementor-widget-image\" data-id=\"65d7f4df\" data-element_type=\"widget\" data-widget_type=\"image.default\">\n\t\t\t\t<div class=\"elementor-widget-container\">\n\t\t\t\t\t\t\t\t\t\t\t\t\t\t<a href=\"https:\/\/sparrow.up.poznan.pl\/life\/tr\/\">\n\t\t\t\t\t\t\t<img loading=\"lazy\" decoding=\"async\" width=\"240\" height=\"160\" src=\"https:\/\/sparrow.up.poznan.pl\/life\/wp-content\/uploads\/2024\/03\/Flag_of_Turkey.svg_.png\" class=\"attachment-large size-large wp-image-168\" alt=\"\" \/>\t\t\t\t\t\t\t\t<\/a>\n\t\t\t\t\t\t\t\t\t\t\t\t\t<\/div>\n\t\t\t\t<\/div>\n\t\t\t\t<\/div>\n\t\t\t\t\t<\/div>\n\t\t\t\t<\/div>\n\t\t<div class=\"elementor-element elementor-element-3af694fa e-flex e-con-boxed e-con e-parent\" data-id=\"3af694fa\" data-element_type=\"container\" data-settings=\"{&quot;content_width&quot;:&quot;boxed&quot;}\" data-core-v316-plus=\"true\">\n\t\t\t\t\t<div class=\"e-con-inner\">\n\t\t\t\t<div class=\"elementor-element elementor-element-46cbadf2 animated-slow elementor-invisible elementor-widget elementor-widget-image\" data-id=\"46cbadf2\" data-element_type=\"widget\" data-settings=\"{&quot;_animation&quot;:&quot;fadeIn&quot;,&quot;_animation_delay&quot;:300}\" data-widget_type=\"image.default\">\n\t\t\t\t<div class=\"elementor-widget-container\">\n\t\t\t\t\t\t\t\t\t\t\t\t\t<img loading=\"lazy\" decoding=\"async\" width=\"2000\" height=\"800\" src=\"https:\/\/sparrow.up.poznan.pl\/life\/wp-content\/uploads\/2024\/03\/IMG_2265.jpg\" class=\"attachment-2048x2048 size-2048x2048 wp-image-370\" alt=\"\" srcset=\"https:\/\/sparrow.up.poznan.pl\/life\/wp-content\/uploads\/2024\/03\/IMG_2265.jpg 2000w, https:\/\/sparrow.up.poznan.pl\/life\/wp-content\/uploads\/2024\/03\/IMG_2265-300x120.jpg 300w, https:\/\/sparrow.up.poznan.pl\/life\/wp-content\/uploads\/2024\/03\/IMG_2265-1024x410.jpg 1024w, https:\/\/sparrow.up.poznan.pl\/life\/wp-content\/uploads\/2024\/03\/IMG_2265-768x307.jpg 768w, https:\/\/sparrow.up.poznan.pl\/life\/wp-content\/uploads\/2024\/03\/IMG_2265-1536x614.jpg 1536w\" sizes=\"(max-width: 2000px) 100vw, 2000px\" \/>\t\t\t\t\t\t\t\t\t\t\t\t\t<\/div>\n\t\t\t\t<\/div>\n\t\t\t\t\t<\/div>\n\t\t\t\t<\/div>\n\t\t<div class=\"elementor-element elementor-element-529bdd67 animated-slow e-flex e-con-boxed elementor-invisible e-con e-parent\" data-id=\"529bdd67\" data-element_type=\"container\" data-settings=\"{&quot;animation&quot;:&quot;fadeIn&quot;,&quot;animation_delay&quot;:400,&quot;content_width&quot;:&quot;boxed&quot;}\" data-core-v316-plus=\"true\">\n\t\t\t\t\t<div class=\"e-con-inner\">\n\t\t\t\t<div class=\"elementor-element elementor-element-6d092171 elementor-widget elementor-widget-heading\" data-id=\"6d092171\" data-element_type=\"widget\" data-widget_type=\"heading.default\">\n\t\t\t\t<div class=\"elementor-widget-container\">\n\t\t\t<style>\/*! elementor - v3.19.0 - 28-02-2024 *\/\n.elementor-heading-title{padding:0;margin:0;line-height:1}.elementor-widget-heading .elementor-heading-title[class*=elementor-size-]>a{color:inherit;font-size:inherit;line-height:inherit}.elementor-widget-heading .elementor-heading-title.elementor-size-small{font-size:15px}.elementor-widget-heading .elementor-heading-title.elementor-size-medium{font-size:19px}.elementor-widget-heading .elementor-heading-title.elementor-size-large{font-size:29px}.elementor-widget-heading .elementor-heading-title.elementor-size-xl{font-size:39px}.elementor-widget-heading .elementor-heading-title.elementor-size-xxl{font-size:59px}<\/style><h1 class=\"elementor-heading-title elementor-size-default\">O nas<\/h1>\t\t<\/div>\n\t\t\t\t<\/div>\n\t\t\t\t<div class=\"elementor-element elementor-element-fabf214 elementor-widget elementor-widget-image\" data-id=\"fabf214\" data-element_type=\"widget\" data-widget_type=\"image.default\">\n\t\t\t\t<div class=\"elementor-widget-container\">\n\t\t\t\t\t\t\t\t\t\t\t\t\t<img loading=\"lazy\" decoding=\"async\" width=\"800\" height=\"322\" src=\"https:\/\/sparrow.up.poznan.pl\/life\/wp-content\/uploads\/2024\/04\/logo_zielone_polskie_uklad_poziomy.png\" class=\"attachment-large size-large wp-image-413\" alt=\"\" srcset=\"https:\/\/sparrow.up.poznan.pl\/life\/wp-content\/uploads\/2024\/04\/logo_zielone_polskie_uklad_poziomy.png 900w, https:\/\/sparrow.up.poznan.pl\/life\/wp-content\/uploads\/2024\/04\/logo_zielone_polskie_uklad_poziomy-300x121.png 300w, https:\/\/sparrow.up.poznan.pl\/life\/wp-content\/uploads\/2024\/04\/logo_zielone_polskie_uklad_poziomy-768x309.png 768w\" sizes=\"(max-width: 800px) 100vw, 800px\" \/>\t\t\t\t\t\t\t\t\t\t\t\t\t<\/div>\n\t\t\t\t<\/div>\n\t\t\t\t<div class=\"elementor-element elementor-element-bd71479 elementor-widget elementor-widget-text-editor\" data-id=\"bd71479\" data-element_type=\"widget\" data-widget_type=\"text-editor.default\">\n\t\t\t\t<div class=\"elementor-widget-container\">\n\t\t\t<style>\/*! elementor - v3.19.0 - 28-02-2024 *\/\n.elementor-widget-text-editor.elementor-drop-cap-view-stacked .elementor-drop-cap{background-color:#69727d;color:#fff}.elementor-widget-text-editor.elementor-drop-cap-view-framed .elementor-drop-cap{color:#69727d;border:3px solid;background-color:transparent}.elementor-widget-text-editor:not(.elementor-drop-cap-view-default) .elementor-drop-cap{margin-top:8px}.elementor-widget-text-editor:not(.elementor-drop-cap-view-default) .elementor-drop-cap-letter{width:1em;height:1em}.elementor-widget-text-editor .elementor-drop-cap{float:left;text-align:center;line-height:1;font-size:50px}.elementor-widget-text-editor .elementor-drop-cap-letter{display:inline-block}<\/style>\t\t\t\t<p>Uniwersytet Przyrodniczy w Poznaniu (PULS) jest jednostk\u0105 naukowo-dydaktyczn\u0105 prowadz\u0105c\u0105 badania i realizuj\u0105c\u0105 dzia\u0142ania ochronne maj\u0105ce na celu poznanie i czynn\u0105 ochron\u0119 najbardziej zagro\u017conych gatunk\u00f3w ro\u015blin i zwierz\u0105t, w tym najd\u0142u\u017csze na \u015bwiecie badania orlika grubodziobego (dzi\u0119ki temu polska populacja tego gatunku, jako jedyna znana w Europie, nie jest znacz\u0105co zagro\u017cona). Generalnie jednym z obszar\u00f3w dzia\u0142alno\u015bci naukowo-badawczej Uczelni jest realizacja r\u00f3\u017cnego rodzaju projekt\u00f3w finansowanych zar\u00f3wno ze \u015brodk\u00f3w krajowych, jak i mi\u0119dzynarodowych. Cz\u0119\u015b\u0107 z nich finansowana jest w ramach Si\u00f3dmego Programu Ramowego Unii Europejskiej i programu Horyzont 2020, inne s\u0105 wspierane r\u00f3wnie\u017c przez mi\u0119dzynarodowe programy badawcze i programy strategiczne. Aktywno\u015b\u0107 naukowc\u00f3w odzwierciedlaj\u0105 r\u00f3wnie\u017c granty finansowane ze \u015brodk\u00f3w krajowych na podstawie um\u00f3w zawartych z Narodowym Centrum Nauki, Narodowym Centrum Bada\u0144 i Rozwoju oraz Ministerstwem Nauki i Szkolnictwa Wy\u017cszego. Rocznie realizowanych jest blisko 100 projekt\u00f3w przez r\u00f3\u017cne jednostki naukowe, dydaktyczne i badawcze Uniwersytetu.<\/p>\t\t\t\t\t\t<\/div>\n\t\t\t\t<\/div>\n\t\t\t\t\t<\/div>\n\t\t\t\t<\/div>\n\t\t<div class=\"elementor-element elementor-element-88c5558 e-flex e-con-boxed e-con e-parent\" data-id=\"88c5558\" data-element_type=\"container\" data-settings=\"{&quot;content_width&quot;:&quot;boxed&quot;}\" data-core-v316-plus=\"true\">\n\t\t\t\t\t<div class=\"e-con-inner\">\n\t\t\t\t<div class=\"elementor-element elementor-element-6b8c318 elementor-widget elementor-widget-heading\" data-id=\"6b8c318\" data-element_type=\"widget\" data-widget_type=\"heading.default\">\n\t\t\t\t<div class=\"elementor-widget-container\">\n\t\t\t<h1 class=\"elementor-heading-title elementor-size-default\">Beneficjenci<\/h1>\t\t<\/div>\n\t\t\t\t<\/div>\n\t\t\t\t<div class=\"elementor-element elementor-element-002968c elementor-widget elementor-widget-image\" data-id=\"002968c\" data-element_type=\"widget\" data-widget_type=\"image.default\">\n\t\t\t\t<div class=\"elementor-widget-container\">\n\t\t\t\t\t\t\t\t\t\t\t\t\t<img loading=\"lazy\" decoding=\"async\" width=\"800\" height=\"828\" src=\"https:\/\/sparrow.up.poznan.pl\/life\/wp-content\/uploads\/2024\/03\/Biebrzanski-okragle-podstawowe-cmyk.png\" class=\"attachment-large size-large wp-image-84\" alt=\"\" srcset=\"https:\/\/sparrow.up.poznan.pl\/life\/wp-content\/uploads\/2024\/03\/Biebrzanski-okragle-podstawowe-cmyk.png 924w, https:\/\/sparrow.up.poznan.pl\/life\/wp-content\/uploads\/2024\/03\/Biebrzanski-okragle-podstawowe-cmyk-290x300.png 290w, https:\/\/sparrow.up.poznan.pl\/life\/wp-content\/uploads\/2024\/03\/Biebrzanski-okragle-podstawowe-cmyk-768x795.png 768w\" sizes=\"(max-width: 800px) 100vw, 800px\" \/>\t\t\t\t\t\t\t\t\t\t\t\t\t<\/div>\n\t\t\t\t<\/div>\n\t\t\t\t<div class=\"elementor-element elementor-element-6e20e5d elementor-widget elementor-widget-text-editor\" data-id=\"6e20e5d\" data-element_type=\"widget\" data-widget_type=\"text-editor.default\">\n\t\t\t\t<div class=\"elementor-widget-container\">\n\t\t\t\t\t\t\tBiebrza\u0144ski Park Narodowy (Polska)\t\t\t\t\t\t<\/div>\n\t\t\t\t<\/div>\n\t\t\t\t<div class=\"elementor-element elementor-element-80c05e9 elementor-widget elementor-widget-image\" data-id=\"80c05e9\" data-element_type=\"widget\" data-widget_type=\"image.default\">\n\t\t\t\t<div class=\"elementor-widget-container\">\n\t\t\t\t\t\t\t\t\t\t<figure class=\"wp-caption\">\n\t\t\t\t\t\t\t\t\t\t<img loading=\"lazy\" decoding=\"async\" width=\"2048\" height=\"1310\" src=\"https:\/\/sparrow.up.poznan.pl\/life\/wp-content\/uploads\/2025\/01\/Piotr-Talalaj-Gorna-Biebrza-2048x1310.jpg\" class=\"attachment-2048x2048 size-2048x2048 wp-image-970\" alt=\"Widok na G\u00f3rn\u0105 Biebrz\u0119 (foto Piotr Ta\u0142a\u0142aj)\" srcset=\"https:\/\/sparrow.up.poznan.pl\/life\/wp-content\/uploads\/2025\/01\/Piotr-Talalaj-Gorna-Biebrza-2048x1310.jpg 2048w, https:\/\/sparrow.up.poznan.pl\/life\/wp-content\/uploads\/2025\/01\/Piotr-Talalaj-Gorna-Biebrza-300x192.jpg 300w, https:\/\/sparrow.up.poznan.pl\/life\/wp-content\/uploads\/2025\/01\/Piotr-Talalaj-Gorna-Biebrza-1024x655.jpg 1024w, https:\/\/sparrow.up.poznan.pl\/life\/wp-content\/uploads\/2025\/01\/Piotr-Talalaj-Gorna-Biebrza-768x491.jpg 768w, https:\/\/sparrow.up.poznan.pl\/life\/wp-content\/uploads\/2025\/01\/Piotr-Talalaj-Gorna-Biebrza-1536x982.jpg 1536w\" sizes=\"(max-width: 2048px) 100vw, 2048px\" \/>\t\t\t\t\t\t\t\t\t\t\t<figcaption class=\"widget-image-caption wp-caption-text\">Widok na G\u00f3rn\u0105 Biebrz\u0119 (foto Piotr Ta\u0142a\u0142aj)<\/figcaption>\n\t\t\t\t\t\t\t\t\t\t<\/figure>\n\t\t\t\t\t\t\t<\/div>\n\t\t\t\t<\/div>\n\t\t\t\t<div class=\"elementor-element elementor-element-f62cfc7 elementor-widget elementor-widget-text-editor\" data-id=\"f62cfc7\" data-element_type=\"widget\" data-widget_type=\"text-editor.default\">\n\t\t\t\t<div class=\"elementor-widget-container\">\n\t\t\t\t\t\t\t<p>Biebrza\u0144ski Park Narodowy, utworzony w 1993 roku, stanowi niezwyk\u0142e \u015brodowisko o niekwestionowanej warto\u015bci przyrodniczej. Jako najwi\u0119kszy spo\u015br\u00f3d 23 polskich park\u00f3w narodowych i jeden z najwi\u0119kszych w Europie, zajmuje powierzchni\u0119 59 223 ha w p\u00f3\u0142nocno-wschodniej cz\u0119\u015bci kraju. Obejmuje tereny doliny rzeki Biebrzy, charakteryzuj\u0105ce si\u0119 naturalnymi meandrami i unikalnym kompleksem rozleg\u0142ych torfowisk znanych jako Bagna Biebrza\u0144skie.<br \/>Miejsce to, z unikaln\u0105 mozaik\u0105 siedlisk podmok\u0142ych i ekstensywnym rolnictwem, s\u0142u\u017cy jako ostoja dla rzadkich, zagro\u017conych i gin\u0105cych gatunk\u00f3w ro\u015blin i zwierz\u0105t, w szczeg\u00f3lno\u015bci ptak\u00f3w, takich jak wodniczka (<em>Acrocephalus paludicola<\/em>), kszyk (<em>Gallinago media<\/em>) i orlik grubodzioby (<em>Clanga clanga<\/em>). Krajobrazy, ekosystemy i siedliska charakterystyczne dla dolin rzecznych, kt\u00f3re zachowa\u0142y tu swoj\u0105 naturalno\u015b\u0107, s\u0105 ju\u017c rzadko\u015bci\u0105.<br \/>Mi\u0119dzynarodowe uznanie walor\u00f3w przyrodniczych Doliny Biebrzy potwierdza klasyfikacja BirdLife International i w\u0142\u0105czenie jej w 2004 r. do sieci Natura 2000 jako Obszaru Specjalnej Ochrony Ptak\u00f3w (PLB 200006 Ostoja Biebrza\u0144ska o powierzchni 148 509,33 ha) oraz Specjalnego Obszaru Ochrony (PLH 200008 Dolina Biebrzy o powierzchni 121 206,23 ha). Wpisanie Biebrza\u0144skiego Parku Narodowego na list\u0119 obszar\u00f3w wodno-b\u0142otnych Konwencji Ramsarskiej podkre\u015bla mi\u0119dzynarodowe znaczenie tego wyj\u0105tkowego obszaru, kt\u00f3ry jest nie tylko ostoj\u0105 naturalnych ekosystem\u00f3w, ale tak\u017ce inspiruj\u0105cym miejscem dla entuzjast\u00f3w ekologii i mi\u0142o\u015bnik\u00f3w dzikiej przyrody.<br \/>Zadaniem, prowadzonym przez bardzo do\u015bwiadczonych specjalist\u00f3w pracuj\u0105cych\u00a0 w BNP b\u0119dzie odch\u00f3w m\u0142odych z linii Abel.<\/p>\t\t\t\t\t\t<\/div>\n\t\t\t\t<\/div>\n\t\t\t\t<div class=\"elementor-element elementor-element-a9a6022 elementor-widget elementor-widget-image\" data-id=\"a9a6022\" data-element_type=\"widget\" data-widget_type=\"image.default\">\n\t\t\t\t<div class=\"elementor-widget-container\">\n\t\t\t\t\t\t\t\t\t\t\t\t\t<img loading=\"lazy\" decoding=\"async\" width=\"800\" height=\"619\" src=\"https:\/\/sparrow.up.poznan.pl\/life\/wp-content\/uploads\/2024\/03\/BDZP-logo-large-1024x792.png\" class=\"attachment-large size-large wp-image-83\" alt=\"\" srcset=\"https:\/\/sparrow.up.poznan.pl\/life\/wp-content\/uploads\/2024\/03\/BDZP-logo-large-1024x792.png 1024w, https:\/\/sparrow.up.poznan.pl\/life\/wp-content\/uploads\/2024\/03\/BDZP-logo-large-300x232.png 300w, https:\/\/sparrow.up.poznan.pl\/life\/wp-content\/uploads\/2024\/03\/BDZP-logo-large-768x594.png 768w, https:\/\/sparrow.up.poznan.pl\/life\/wp-content\/uploads\/2024\/03\/BDZP-logo-large.png 1465w\" sizes=\"(max-width: 800px) 100vw, 800px\" \/>\t\t\t\t\t\t\t\t\t\t\t\t\t<\/div>\n\t\t\t\t<\/div>\n\t\t\t\t<div class=\"elementor-element elementor-element-4d1af5f elementor-widget elementor-widget-text-editor\" data-id=\"4d1af5f\" data-element_type=\"widget\" data-widget_type=\"text-editor.default\">\n\t\t\t\t<div class=\"elementor-widget-container\">\n\t\t\t\t\t\t\t<p>Bu\u0142garskie Towarzystwo Ochrony Ptak\u00f3w (Bu\u0142garia)<\/p>\t\t\t\t\t\t<\/div>\n\t\t\t\t<\/div>\n\t\t\t\t<div class=\"elementor-element elementor-element-202fc29 elementor-widget elementor-widget-text-editor\" data-id=\"202fc29\" data-element_type=\"widget\" data-widget_type=\"text-editor.default\">\n\t\t\t\t<div class=\"elementor-widget-container\">\n\t\t\t\t\t\t\tBu\u0142garskie Stowarzyszenie Ochrony Ptak\u00f3w (BSPB) jest najwi\u0119ksz\u0105 ekologiczn\u0105 organizacj\u0105 spo\u0142eczn\u0105 w Bu\u0142garii, kt\u00f3re od 30 lat dzia\u0142a na rzecz ochrony dzikich ptak\u00f3w i ich siedlisk z korzy\u015bci\u0105 dla przyrody i ludzi. Jest krajowym partnerem BirdLife International. Nasza praca koncentruje si\u0119 na wdra\u017caniu koncepcji  Obszar\u00f3w Ochrony Ptak\u00f3w i tworzeniu funkcjonalnie po\u0142\u0105czonej sieci Obszar\u00f3w Specjalnej Ochrony (OSO) jako kamienia w\u0119gielnego sieci Natura 2000. G\u0142\u00f3wnym elementem pracy BSPB jest ochrona globalnie zagro\u017conych gatunk\u00f3w, w tym wielu ptak\u00f3w szponiastych (np. s\u0119pa egipskiego, s\u0119pa czarnego, or\u0142a cesarskiego, orlika krzykliwego i soko\u0142a czarnodziobego), poprzez zastosowanie r\u00f3\u017cnorodnych \u015brodk\u00f3w ochronnych w celu z\u0142agodzenia stoj\u0105cych przed nimi zagro\u017ce\u0144 (np. zapewnienie d\u0142ugoterminowej ochrony ich siedlisk). BSPB rozpocz\u0119\u0142a swoj\u0105 dzia\u0142alno\u015b\u0107 od ochrony, monitorowania teren\u00f3w l\u0119gowych i zrozumienia zagro\u017ce\u0144 soko\u0142\u00f3w. P\u00f3\u017aniej BSPB zmapowa\u0142o populacj\u0119 dla Atlasu Ptak\u00f3w L\u0119gowych w Bu\u0142garii, opracowa\u0142o odpowiedni rozdzia\u0142 dla Czerwonej Ksi\u0119gi Bu\u0142garii i opublikowa\u0142o badania naukowe na temat statusu projektu BSPB, kt\u00f3ry zosta\u0142 nagrodzony przez Komisj\u0119 Europejsk\u0105 presti\u017cow\u0105 nagrod\u0105 &#8222;NATURA 2000 Award&#8221; i &#8222;Best of the Best LIFE Nature Projects&#8221;.\t\t\t\t\t\t<\/div>\n\t\t\t\t<\/div>\n\t\t\t\t<div class=\"elementor-element elementor-element-eb7fa92 elementor-widget elementor-widget-text-editor\" data-id=\"eb7fa92\" data-element_type=\"widget\" data-widget_type=\"text-editor.default\">\n\t\t\t\t<div class=\"elementor-widget-container\">\n\t\t\t\t\t\t\t<p><img loading=\"lazy\" decoding=\"async\" class=\"alignnone size-medium wp-image-1199\" src=\"https:\/\/sparrow.up.poznan.pl\/life\/wp-content\/uploads\/2026\/04\/EMU_LOGO_ENG_ROHELINE-1-300x61.png\" alt=\"\" width=\"300\" height=\"61\" srcset=\"https:\/\/sparrow.up.poznan.pl\/life\/wp-content\/uploads\/2026\/04\/EMU_LOGO_ENG_ROHELINE-1-300x61.png 300w, https:\/\/sparrow.up.poznan.pl\/life\/wp-content\/uploads\/2026\/04\/EMU_LOGO_ENG_ROHELINE-1-1024x207.png 1024w, https:\/\/sparrow.up.poznan.pl\/life\/wp-content\/uploads\/2026\/04\/EMU_LOGO_ENG_ROHELINE-1-768x155.png 768w, https:\/\/sparrow.up.poznan.pl\/life\/wp-content\/uploads\/2026\/04\/EMU_LOGO_ENG_ROHELINE-1-1536x311.png 1536w, https:\/\/sparrow.up.poznan.pl\/life\/wp-content\/uploads\/2026\/04\/EMU_LOGO_ENG_ROHELINE-1-2048x415.png 2048w\" sizes=\"(max-width: 300px) 100vw, 300px\" \/><\/p>\t\t\t\t\t\t<\/div>\n\t\t\t\t<\/div>\n\t\t\t\t<div class=\"elementor-element elementor-element-59e6db7 elementor-widget elementor-widget-text-editor\" data-id=\"59e6db7\" data-element_type=\"widget\" data-widget_type=\"text-editor.default\">\n\t\t\t\t<div class=\"elementor-widget-container\">\n\t\t\t\t\t\t\t<p>Esto\u0144ski Uniwersytet Nauk Przyrodniczych (Estonia)<\/p>\t\t\t\t\t\t<\/div>\n\t\t\t\t<\/div>\n\t\t\t\t<div class=\"elementor-element elementor-element-2fc97a6 elementor-widget elementor-widget-text-editor\" data-id=\"2fc97a6\" data-element_type=\"widget\" data-widget_type=\"text-editor.default\">\n\t\t\t\t<div class=\"elementor-widget-container\">\n\t\t\t\t\t\t\t<p>Misj\u0105 Esto\u0144skiego Uniwersytetu Nauk Przyrodniczych (EULS) jest wspieranie zr\u00f3wnowa\u017conego wykorzystania zasob\u00f3w naturalnych poprzez edukacj\u0119 opart\u0105 na wiedzy oraz ochron\u0119 dziedzictwa i siedlisk. Jego specjalno\u015bci\u0105 jest ochrona bior\u00f3\u017cnorodno\u015bci i krajobrazu, badanych na r\u00f3\u017cnych poziomach, od gatunk\u00f3w po ekosystemy. W ramach projektu EULS b\u0119dzie odpowiedzialny za wszystkie dzia\u0142ania w Estonii i b\u0119dzie wspiera\u0142 r\u00f3\u017cne dzia\u0142ania na poziomie mi\u0119dzynarodowym (np. dzia\u0142ania na poziomie mi\u0119dzynarodowym (np. telemetria, genetyczna walidacja to\u017csamo\u015bci gatunk\u00f3w itp.)&#8221;. Wi\u0119cej informacji na temat EULS mo\u017cna znale\u017a\u0107 na stronie: https:\/\/www.emu.ee\/en\u00a0<\/p>\t\t\t\t\t\t<\/div>\n\t\t\t\t<\/div>\n\t\t\t\t<div class=\"elementor-element elementor-element-e56ba14 elementor-widget elementor-widget-image\" data-id=\"e56ba14\" data-element_type=\"widget\" data-widget_type=\"image.default\">\n\t\t\t\t<div class=\"elementor-widget-container\">\n\t\t\t\t\t\t\t\t\t\t\t\t\t<img loading=\"lazy\" decoding=\"async\" width=\"800\" height=\"396\" src=\"https:\/\/sparrow.up.poznan.pl\/life\/wp-content\/uploads\/2024\/03\/DADlogo-1024x507.png\" class=\"attachment-large size-large wp-image-82\" alt=\"\" srcset=\"https:\/\/sparrow.up.poznan.pl\/life\/wp-content\/uploads\/2024\/03\/DADlogo-1024x507.png 1024w, https:\/\/sparrow.up.poznan.pl\/life\/wp-content\/uploads\/2024\/03\/DADlogo-300x149.png 300w, https:\/\/sparrow.up.poznan.pl\/life\/wp-content\/uploads\/2024\/03\/DADlogo-768x381.png 768w, https:\/\/sparrow.up.poznan.pl\/life\/wp-content\/uploads\/2024\/03\/DADlogo-1536x761.png 1536w, https:\/\/sparrow.up.poznan.pl\/life\/wp-content\/uploads\/2024\/03\/DADlogo-2048x1015.png 2048w\" sizes=\"(max-width: 800px) 100vw, 800px\" \/>\t\t\t\t\t\t\t\t\t\t\t\t\t<\/div>\n\t\t\t\t<\/div>\n\t\t\t\t<div class=\"elementor-element elementor-element-8fa5c0f elementor-widget elementor-widget-text-editor\" data-id=\"8fa5c0f\" data-element_type=\"widget\" data-widget_type=\"text-editor.default\">\n\t\t\t\t<div class=\"elementor-widget-container\">\n\t\t\t\t\t\t\t<p>Towarzystwo Bada\u0144 Przyrodniczych (Turcja)<\/p>\t\t\t\t\t\t<\/div>\n\t\t\t\t<\/div>\n\t\t\t\t<div class=\"elementor-element elementor-element-80b3645 elementor-widget elementor-widget-text-editor\" data-id=\"80b3645\" data-element_type=\"widget\" data-widget_type=\"text-editor.default\">\n\t\t\t\t<div class=\"elementor-widget-container\">\n\t\t\t\t\t\t\tNasze stowarzyszenie (DAD), zosta\u0142o za\u0142o\u017cone jako Bird Research Society (KAD) w 1998 roku przez grup\u0119 obserwator\u00f3w ptak\u00f3w i badaczy. W 2011 roku  zmieni\u0142o nazw\u0119 na Nature Research Society (DAD) w celu rozszerzenia swoich bada\u0144. Zmiana ta  znacz\u0105co przyczyni\u0142a si\u0119 do ochrony tureckiej przyrody, zacz\u0119li\u015bmy pracowa\u0107 nad wzmocnieniem potencja\u0142u i przyczynia\u0107 si\u0119 do proces\u00f3w kszta\u0142towania polityki zwi\u0105zanej z ochron\u0105 przyrody poprzez dzia\u0142ania w zakresie ochrony obszarowej i ochrony gatunk\u00f3w.\nW naszym stowarzyszeniu, kt\u00f3re prowadzi dzia\u0142alno\u015b\u0107 na poziomie krajowym, w celu tworzenia rozwi\u0105za\u0144 problem\u00f3w, przed kt\u00f3rymi stoi przyroda, rozwijamy wsp\u00f3\u0142prac\u0119 z o\u015brodkami naukowymi, z organizacjami pozarz\u0105dowymi i instytucjami publicznymi dzia\u0142aj\u0105cymi w dziedzinie przyrody, przywi\u0105zujemy wag\u0119 do wzmacniania potencja\u0142u i opracowywania narz\u0119dzi, kt\u00f3re przynios\u0105 trwa\u0142e rozwi\u0105zania na poziomie lokalnym.\nJako Towarzystwo Bada\u0144 Przyrodniczych pracujemy r\u00f3wnie\u017c nad ustanowieniem skutecznej i obowi\u0105zuj\u0105cej krajowej polityki ochrony przyrody zgodnie z mi\u0119dzynarodowymi konwencjami ochrony przyrody oraz nad wzmocnieniem infrastruktury prawnej w tym zakresie.\nW tym celu staramy si\u0119 wykorzysta\u0107 niemal ka\u017cd\u0105 platform\u0119, od rad organizowanych przez instytucje publiczne po projekty dokument\u00f3w strategicznych. Bierzemy odpowiedzialno\u015b\u0107 za te platformy, wnosimy do nich wk\u0142ad i rozwijamy wsp\u00f3\u0142prac\u0119 z organizacjami pozarz\u0105dowymi dzia\u0142aj\u0105cymi w podobnych obszarach. Opr\u00f3cz tego uwa\u017camy, \u017ce sukces w dziedzinie ochrony przyrody jest bezpo\u015brednio zwi\u0105zany z mo\u017cliwo\u015bciami instytucji i organizacji dzia\u0142aj\u0105cych w tej dziedzinie oraz wp\u0142ywem spo\u0142ecze\u0144stwa obywatelskiego na procesy decyzyjne. \t\t\t\t\t\t<\/div>\n\t\t\t\t<\/div>\n\t\t\t\t<div class=\"elementor-element elementor-element-418a4dc elementor-widget elementor-widget-heading\" data-id=\"418a4dc\" data-element_type=\"widget\" data-widget_type=\"heading.default\">\n\t\t\t\t<div class=\"elementor-widget-container\">\n\t\t\t<h1 class=\"elementor-heading-title elementor-size-default\">Zesp\u00f3\u0142<\/h1>\t\t<\/div>\n\t\t\t\t<\/div>\n\t\t\t\t\t<\/div>\n\t\t\t\t<\/div>\n\t\t<div class=\"elementor-element elementor-element-4081e7a e-flex e-con-boxed e-con e-parent\" data-id=\"4081e7a\" data-element_type=\"container\" data-settings=\"{&quot;content_width&quot;:&quot;boxed&quot;}\" data-core-v316-plus=\"true\">\n\t\t\t\t\t<div class=\"e-con-inner\">\n\t\t<div class=\"elementor-element elementor-element-d05bee0 e-con-full e-flex e-con e-child\" data-id=\"d05bee0\" data-element_type=\"container\" data-settings=\"{&quot;content_width&quot;:&quot;full&quot;}\">\n\t\t\t\t<div class=\"elementor-element elementor-element-14878d5 elementor-flip-box--effect-fade animated-slow elementor-invisible elementor-widget elementor-widget-flip-box\" data-id=\"14878d5\" data-element_type=\"widget\" data-settings=\"{&quot;_animation&quot;:&quot;fadeIn&quot;,&quot;_animation_delay&quot;:100}\" data-widget_type=\"flip-box.default\">\n\t\t\t\t<div class=\"elementor-widget-container\">\n\t\t\t<link rel=\"stylesheet\" href=\"https:\/\/sparrow.up.poznan.pl\/life\/wp-content\/plugins\/elementor-pro\/assets\/css\/widget-flip-box.min.css\">\t\t<div class=\"elementor-flip-box\" tabindex=\"0\">\n\t\t\t<div class=\"elementor-flip-box__layer elementor-flip-box__front\">\n\t\t\t\t<div class=\"elementor-flip-box__layer__overlay\">\n\t\t\t\t\t<div class=\"elementor-flip-box__layer__inner\">\n\t\t\t\t\t\t\n\t\t\t\t\t\t\t\t\t\t\t\t\t<h3 class=\"elementor-flip-box__layer__title\">\n\t\t\t\t\t\t\t\tMARIA URBA\u0143SKA\t\t\t\t\t\t\t<\/h3>\n\t\t\t\t\t\t\n\t\t\t\t\t\t\t\t\t\t\t<\/div>\n\t\t\t\t<\/div>\n\t\t\t<\/div>\n\t\t\t<div class=\"elementor-flip-box__layer elementor-flip-box__back\">\n\t\t\t<div class=\"elementor-flip-box__layer__overlay\">\n\t\t\t\t<div class=\"elementor-flip-box__layer__inner\">\n\t\t\t\t\t\t\t\t\t\t\t<h3 class=\"elementor-flip-box__layer__title\">\n\t\t\t\t\t\t\tdr in\u017c.\/PhD Maria Urba\u0144ska\t\t\t\t\t\t<\/h3>\n\t\t\t\t\t\n\t\t\t\t\t\t\t\t\t\t\t<div class=\"elementor-flip-box__layer__description\">\n\t\t\t\t\t\t\tKoordynator do spraw komunikacji, edukacji i upowszechniania projektu\nl\tPracuje w Katedrze Zoologii Uniwersytetu Przyrodniczego w Poznaniu. Moj\u0105 pasj\u0105 jest malakologia. Prowadz\u0119 projekty oraz zaj\u0119cia z metod promocji i edukacji przyrodniczej\n\nmaria.urbanska@up.poznan.p\t\t\t\t\t\t<\/div>\n\t\t\t\t\t\n\t\t\t\t\t\t\t\t<\/div>\n\t\t<\/div>\n\t\t<\/div>\n\t\t<\/div>\n\t\t\t\t<\/div>\n\t\t\t\t<\/div>\n\t\t\t\t<\/div>\n\t\t<div class=\"elementor-element elementor-element-fc0452d e-con-full e-flex e-con e-child\" data-id=\"fc0452d\" data-element_type=\"container\" data-settings=\"{&quot;content_width&quot;:&quot;full&quot;}\">\n\t\t\t\t<div class=\"elementor-element elementor-element-6050f73 elementor-flip-box--effect-fade animated-slow elementor-invisible elementor-widget elementor-widget-flip-box\" data-id=\"6050f73\" data-element_type=\"widget\" data-settings=\"{&quot;_animation&quot;:&quot;fadeIn&quot;,&quot;_animation_delay&quot;:300}\" data-widget_type=\"flip-box.default\">\n\t\t\t\t<div class=\"elementor-widget-container\">\n\t\t\t\t\t<div class=\"elementor-flip-box\" tabindex=\"0\">\n\t\t\t<div class=\"elementor-flip-box__layer elementor-flip-box__front\">\n\t\t\t\t<div class=\"elementor-flip-box__layer__overlay\">\n\t\t\t\t\t<div class=\"elementor-flip-box__layer__inner\">\n\t\t\t\t\t\t\n\t\t\t\t\t\t\t\t\t\t\t\t\t<h3 class=\"elementor-flip-box__layer__title\">\n\t\t\t\t\t\t\t\tANNA WAWRZYNIAK-STRZELI\u0143SKA\t\t\t\t\t\t\t<\/h3>\n\t\t\t\t\t\t\n\t\t\t\t\t\t\t\t\t\t\t<\/div>\n\t\t\t\t<\/div>\n\t\t\t<\/div>\n\t\t\t<div class=\"elementor-flip-box__layer elementor-flip-box__back\">\n\t\t\t<div class=\"elementor-flip-box__layer__overlay\">\n\t\t\t\t<div class=\"elementor-flip-box__layer__inner\">\n\t\t\t\t\t\t\t\t\t\t\t<h3 class=\"elementor-flip-box__layer__title\">\n\t\t\t\t\t\t\tmgr Anna Wawrzyniak-Strzeli\u0144ska\t\t\t\t\t\t<\/h3>\n\t\t\t\t\t\n\t\t\t\t\t\t\t\t\t\t\t<div class=\"elementor-flip-box__layer__description\">\n\t\t\t\t\t\t\tasystent administracyjny\/administrative assistant\t\nOd 2016 roku pracuj\u0119 na Uniwersytecie Przyrodniczym w Poznaniu, zajmuj\u0105c si\u0119 r\u00f3\u017cnego typu zadaniami administracyjnymi. Mam do\u015bwiadczenie w public relations i NGO. \n\nanna.strzelinska@up.poznan.pl tel. 61 848 76 92\t\t\t\t\t\t\t<\/div>\n\t\t\t\t\t\n\t\t\t\t\t\t\t\t<\/div>\n\t\t<\/div>\n\t\t<\/div>\n\t\t<\/div>\n\t\t\t\t<\/div>\n\t\t\t\t<\/div>\n\t\t\t\t<\/div>\n\t\t<div class=\"elementor-element elementor-element-9a0b4a0 e-con-full e-flex e-con e-child\" data-id=\"9a0b4a0\" data-element_type=\"container\" data-settings=\"{&quot;content_width&quot;:&quot;full&quot;}\">\n\t\t\t\t<div class=\"elementor-element elementor-element-30fe13c elementor-flip-box--effect-fade animated-slow elementor-invisible elementor-widget elementor-widget-flip-box\" data-id=\"30fe13c\" data-element_type=\"widget\" data-settings=\"{&quot;_animation&quot;:&quot;fadeIn&quot;,&quot;_animation_delay&quot;:500}\" data-widget_type=\"flip-box.default\">\n\t\t\t\t<div class=\"elementor-widget-container\">\n\t\t\t\t\t<div class=\"elementor-flip-box\" tabindex=\"0\">\n\t\t\t<div class=\"elementor-flip-box__layer elementor-flip-box__front\">\n\t\t\t\t<div class=\"elementor-flip-box__layer__overlay\">\n\t\t\t\t\t<div class=\"elementor-flip-box__layer__inner\">\n\t\t\t\t\t\t\n\t\t\t\t\t\t\t\t\t\t\t\t\t<h3 class=\"elementor-flip-box__layer__title\">\n\t\t\t\t\t\t\t\tANNA WIERZBICKA\t\t\t\t\t\t\t<\/h3>\n\t\t\t\t\t\t\n\t\t\t\t\t\t\t\t\t\t\t<\/div>\n\t\t\t\t<\/div>\n\t\t\t<\/div>\n\t\t\t<div class=\"elementor-flip-box__layer elementor-flip-box__back\">\n\t\t\t<div class=\"elementor-flip-box__layer__overlay\">\n\t\t\t\t<div class=\"elementor-flip-box__layer__inner\">\n\t\t\t\t\t\t\t\t\t\t\t<h3 class=\"elementor-flip-box__layer__title\">\n\t\t\t\t\t\t\tdr in\u017c. \/ PhD  \/ edukatorka Anna Wierzbicka\t\t\t\t\t\t<\/h3>\n\t\t\t\t\t\n\t\t\t\t\t\t\t\t\t\t\t<div class=\"elementor-flip-box__layer__description\">\n\t\t\t\t\t\t\tJestem zoologiem pracuj\u0105cym na Uniwersytecie Przyrodniczym w Poznaniu, ale zajmuje si\u0119 te\u017c edukacj\u0105 le\u015bn\u0105. Jestem Prezesk\u0105 Stowarzyszenia Edukator\u00f3w Le\u015bnych, prowadz\u0119 zaj\u0119cia dla dzieci i doros\u0142ych. Jestem autork\u0105 pakietu edukacyjnego Bocianimy! (projekt UE Fundusz Sp\u00f3jno\u015bci).\nanna.wierzbicka@puls.edu.pl\t\t\t\t\t\t<\/div>\n\t\t\t\t\t\n\t\t\t\t\t\t\t\t<\/div>\n\t\t<\/div>\n\t\t<\/div>\n\t\t<\/div>\n\t\t\t\t<\/div>\n\t\t\t\t<\/div>\n\t\t\t\t<\/div>\n\t\t\t\t\t<\/div>\n\t\t\t\t<\/div>\n\t\t<div class=\"elementor-element elementor-element-5696c04 e-flex e-con-boxed e-con e-parent\" data-id=\"5696c04\" data-element_type=\"container\" data-settings=\"{&quot;content_width&quot;:&quot;boxed&quot;}\" data-core-v316-plus=\"true\">\n\t\t\t\t\t<div class=\"e-con-inner\">\n\t\t<div class=\"elementor-element elementor-element-4827067 e-con-full e-flex e-con e-child\" data-id=\"4827067\" data-element_type=\"container\" data-settings=\"{&quot;content_width&quot;:&quot;full&quot;}\">\n\t\t\t\t<div class=\"elementor-element elementor-element-5f3b52a elementor-flip-box--effect-fade animated-slow elementor-invisible elementor-widget elementor-widget-flip-box\" data-id=\"5f3b52a\" data-element_type=\"widget\" data-settings=\"{&quot;_animation&quot;:&quot;fadeIn&quot;,&quot;_animation_delay&quot;:100}\" data-widget_type=\"flip-box.default\">\n\t\t\t\t<div class=\"elementor-widget-container\">\n\t\t\t\t\t<div class=\"elementor-flip-box\" tabindex=\"0\">\n\t\t\t<div class=\"elementor-flip-box__layer elementor-flip-box__front\">\n\t\t\t\t<div class=\"elementor-flip-box__layer__overlay\">\n\t\t\t\t\t<div class=\"elementor-flip-box__layer__inner\">\n\t\t\t\t\t\t\n\t\t\t\t\t\t\t\t\t\t\t\t\t<h3 class=\"elementor-flip-box__layer__title\">\n\t\t\t\t\t\t\t\tCANER GONEL \t\t\t\t\t\t\t<\/h3>\n\t\t\t\t\t\t\n\t\t\t\t\t\t\t\t\t\t\t<\/div>\n\t\t\t\t<\/div>\n\t\t\t<\/div>\n\t\t\t<div class=\"elementor-flip-box__layer elementor-flip-box__back\">\n\t\t\t<div class=\"elementor-flip-box__layer__overlay\">\n\t\t\t\t<div class=\"elementor-flip-box__layer__inner\">\n\t\t\t\t\t\t\t\t\t\t\t<h3 class=\"elementor-flip-box__layer__title\">\n\t\t\t\t\t\t\tCaner Gone\t\t\t\t\t\t<\/h3>\n\t\t\t\t\t\n\t\t\t\t\t\t\t\t\t\t\t<div class=\"elementor-flip-box__layer__description\">\n\t\t\t\t\t\t\tAsystent techniczny \t\nZacz\u0105\u0142em amatorsko obserwowa\u0107 ptaki i fotografowa\u0107 dzik\u0105 przyrod\u0119 w 2009 roku, a od 2018 roku kontynuuje to zawodowo \ncanerrgnl@gmail.com\t \t\t\t\t\t\t<\/div>\n\t\t\t\t\t\n\t\t\t\t\t\t\t\t<\/div>\n\t\t<\/div>\n\t\t<\/div>\n\t\t<\/div>\n\t\t\t\t<\/div>\n\t\t\t\t<\/div>\n\t\t\t\t<\/div>\n\t\t<div class=\"elementor-element elementor-element-4e9d00b e-con-full e-flex e-con e-child\" data-id=\"4e9d00b\" data-element_type=\"container\" data-settings=\"{&quot;content_width&quot;:&quot;full&quot;}\">\n\t\t\t\t<div class=\"elementor-element elementor-element-26c6498 elementor-flip-box--effect-fade animated-slow elementor-invisible elementor-widget elementor-widget-flip-box\" data-id=\"26c6498\" data-element_type=\"widget\" data-settings=\"{&quot;_animation&quot;:&quot;fadeIn&quot;,&quot;_animation_delay&quot;:300}\" data-widget_type=\"flip-box.default\">\n\t\t\t\t<div class=\"elementor-widget-container\">\n\t\t\t\t\t<div class=\"elementor-flip-box\" tabindex=\"0\">\n\t\t\t<div class=\"elementor-flip-box__layer elementor-flip-box__front\">\n\t\t\t\t<div class=\"elementor-flip-box__layer__overlay\">\n\t\t\t\t\t<div class=\"elementor-flip-box__layer__inner\">\n\t\t\t\t\t\t\n\t\t\t\t\t\t\t\t\t\t\t\t\t<h3 class=\"elementor-flip-box__layer__title\">\n\t\t\t\t\t\t\t\tDARIUSZ KARP\t\t\t\t\t\t\t<\/h3>\n\t\t\t\t\t\t\n\t\t\t\t\t\t\t\t\t\t\t<\/div>\n\t\t\t\t<\/div>\n\t\t\t<\/div>\n\t\t\t<div class=\"elementor-flip-box__layer elementor-flip-box__back\">\n\t\t\t<div class=\"elementor-flip-box__layer__overlay\">\n\t\t\t\t<div class=\"elementor-flip-box__layer__inner\">\n\t\t\t\t\t\t\t\t\t\t\t<h3 class=\"elementor-flip-box__layer__title\">\n\t\t\t\t\t\t\tDariusz Karp\t\t\t\t\t\t<\/h3>\n\t\t\t\t\t\n\t\t\t\t\t\t\t\t\t\t\t<div class=\"elementor-flip-box__layer__description\">\n\t\t\t\t\t\t\tAsystent techniczny\/terenowY\nPrzyrodnik, pisarz, fotograf przyrody, stra\u017cnik Obwodu Ochronnego w Biebrza\u0144skim Parku Narodowym. Od ponad 40 lat zaanga\u017cowany w ochron\u0119 przyrody\ndarekkarp@wp.pl  tel.607764604\t\t\t\t\t\t<\/div>\n\t\t\t\t\t\n\t\t\t\t\t\t\t\t<\/div>\n\t\t<\/div>\n\t\t<\/div>\n\t\t<\/div>\n\t\t\t\t<\/div>\n\t\t\t\t<\/div>\n\t\t\t\t<\/div>\n\t\t<div class=\"elementor-element elementor-element-3fed19a e-con-full e-flex e-con e-child\" data-id=\"3fed19a\" data-element_type=\"container\" data-settings=\"{&quot;content_width&quot;:&quot;full&quot;}\">\n\t\t\t\t<div class=\"elementor-element elementor-element-d76bef8 elementor-flip-box--effect-fade animated-slow elementor-invisible elementor-widget elementor-widget-flip-box\" data-id=\"d76bef8\" data-element_type=\"widget\" data-settings=\"{&quot;_animation&quot;:&quot;fadeIn&quot;,&quot;_animation_delay&quot;:500}\" data-widget_type=\"flip-box.default\">\n\t\t\t\t<div class=\"elementor-widget-container\">\n\t\t\t\t\t<div class=\"elementor-flip-box\" tabindex=\"0\">\n\t\t\t<div class=\"elementor-flip-box__layer elementor-flip-box__front\">\n\t\t\t\t<div class=\"elementor-flip-box__layer__overlay\">\n\t\t\t\t\t<div class=\"elementor-flip-box__layer__inner\">\n\t\t\t\t\t\t\n\t\t\t\t\t\t\t\t\t\t\t\t\t<h3 class=\"elementor-flip-box__layer__title\">\n\t\t\t\t\t\t\t\tDOBROMIR DOBREV\t\t\t\t\t\t\t<\/h3>\n\t\t\t\t\t\t\n\t\t\t\t\t\t\t\t\t\t\t<\/div>\n\t\t\t\t<\/div>\n\t\t\t<\/div>\n\t\t\t<div class=\"elementor-flip-box__layer elementor-flip-box__back\">\n\t\t\t<div class=\"elementor-flip-box__layer__overlay\">\n\t\t\t\t<div class=\"elementor-flip-box__layer__inner\">\n\t\t\t\t\t\t\t\t\t\t\t<h3 class=\"elementor-flip-box__layer__title\">\n\t\t\t\t\t\t\tPhD Dobromir Dobrev\t\t\t\t\t\t<\/h3>\n\t\t\t\t\t\n\t\t\t\t\t\t\t\t\t\t\t<div class=\"elementor-flip-box__layer__description\">\n\t\t\t\t\t\t\tKoordynator projektu\t\nOd ponad 20 lat zajmuj\u0119 si\u0119 ochron\u0105 ptak\u00f3w szponiastych w Bu\u0142garii. By\u0142em zaanga\u017cowany w liczne projekty maj\u0105ce na celu ochron\u0119 or\u0142a cesarskiego i orlika krzykliwego w tym kraju\ndobromir.dobrev@bspb.org\t\t\t\t\t\t\t<\/div>\n\t\t\t\t\t\n\t\t\t\t\t\t\t\t<\/div>\n\t\t<\/div>\n\t\t<\/div>\n\t\t<\/div>\n\t\t\t\t<\/div>\n\t\t\t\t<\/div>\n\t\t\t\t<\/div>\n\t\t\t\t\t<\/div>\n\t\t\t\t<\/div>\n\t\t<div class=\"elementor-element elementor-element-a241d2c e-flex e-con-boxed e-con e-parent\" data-id=\"a241d2c\" data-element_type=\"container\" data-settings=\"{&quot;content_width&quot;:&quot;boxed&quot;}\" data-core-v316-plus=\"true\">\n\t\t\t\t\t<div class=\"e-con-inner\">\n\t\t<div class=\"elementor-element elementor-element-6f7b228 e-con-full e-flex e-con e-child\" data-id=\"6f7b228\" data-element_type=\"container\" data-settings=\"{&quot;content_width&quot;:&quot;full&quot;}\">\n\t\t\t\t<div class=\"elementor-element elementor-element-3124e9a elementor-flip-box--effect-fade animated-slow elementor-invisible elementor-widget elementor-widget-flip-box\" data-id=\"3124e9a\" data-element_type=\"widget\" data-settings=\"{&quot;_animation&quot;:&quot;fadeIn&quot;,&quot;_animation_delay&quot;:100}\" data-widget_type=\"flip-box.default\">\n\t\t\t\t<div class=\"elementor-widget-container\">\n\t\t\t\t\t<div class=\"elementor-flip-box\" tabindex=\"0\">\n\t\t\t<div class=\"elementor-flip-box__layer elementor-flip-box__front\">\n\t\t\t\t<div class=\"elementor-flip-box__layer__overlay\">\n\t\t\t\t\t<div class=\"elementor-flip-box__layer__inner\">\n\t\t\t\t\t\t\n\t\t\t\t\t\t\t\t\t\t\t\t\t<h3 class=\"elementor-flip-box__layer__title\">\n\t\t\t\t\t\t\t\tGRZEGORZ MACIOROWSKI\t\t\t\t\t\t\t<\/h3>\n\t\t\t\t\t\t\n\t\t\t\t\t\t\t\t\t\t\t<\/div>\n\t\t\t\t<\/div>\n\t\t\t<\/div>\n\t\t\t<div class=\"elementor-flip-box__layer elementor-flip-box__back\">\n\t\t\t<div class=\"elementor-flip-box__layer__overlay\">\n\t\t\t\t<div class=\"elementor-flip-box__layer__inner\">\n\t\t\t\t\t\t\t\t\t\t\t<h3 class=\"elementor-flip-box__layer__title\">\n\t\t\t\t\t\t\tdr hab.\/PhD doktor habilitowany Grzegorz Maciorowski\t\t\t\t\t\t<\/h3>\n\t\t\t\t\t\n\t\t\t\t\t\t\t\t\t\t\t<div class=\"elementor-flip-box__layer__description\">\n\t\t\t\t\t\t\tStarszy koordynator ds. ochrony orlika grubodziobego\/GSE Senior Conservation Coordinator. \t\nBlisko 35-letnie do\u015bwiadczenie w badaniach i ochronie orlik\u00f3w grubodziobych, innych gatunk\u00f3w ptak\u00f3w szponiastych. W latach 2010 - 2014 Koordynator naukowy projektu LIFE+ pt.: \u201cSecuring the population of Aquila clanga in Poland: preparation of the National Action Plan and primary site conservation\u201d Wsp\u00f3\u0142autor \"Krajowego programu ochrony orlika grubodziobego Aquila clanga\u201d\ngrzegorz.maciorowski@up.poznan.pl  \n\t\t\t\t\t\t<\/div>\n\t\t\t\t\t\n\t\t\t\t\t\t\t\t<\/div>\n\t\t<\/div>\n\t\t<\/div>\n\t\t<\/div>\n\t\t\t\t<\/div>\n\t\t\t\t<\/div>\n\t\t\t\t<\/div>\n\t\t<div class=\"elementor-element elementor-element-0559f8f e-con-full e-flex e-con e-child\" data-id=\"0559f8f\" data-element_type=\"container\" data-settings=\"{&quot;content_width&quot;:&quot;full&quot;}\">\n\t\t\t\t<div class=\"elementor-element elementor-element-a015230 elementor-flip-box--effect-fade animated-slow elementor-invisible elementor-widget elementor-widget-flip-box\" data-id=\"a015230\" data-element_type=\"widget\" data-settings=\"{&quot;_animation&quot;:&quot;fadeIn&quot;,&quot;_animation_delay&quot;:300}\" data-widget_type=\"flip-box.default\">\n\t\t\t\t<div class=\"elementor-widget-container\">\n\t\t\t\t\t<div class=\"elementor-flip-box\" tabindex=\"0\">\n\t\t\t<div class=\"elementor-flip-box__layer elementor-flip-box__front\">\n\t\t\t\t<div class=\"elementor-flip-box__layer__overlay\">\n\t\t\t\t\t<div class=\"elementor-flip-box__layer__inner\">\n\t\t\t\t\t\t\n\t\t\t\t\t\t\t\t\t\t\t\t\t<h3 class=\"elementor-flip-box__layer__title\">\n\t\t\t\t\t\t\t\tJACEK SKUBIS\t\t\t\t\t\t\t<\/h3>\n\t\t\t\t\t\t\n\t\t\t\t\t\t\t\t\t\t\t<\/div>\n\t\t\t\t<\/div>\n\t\t\t<\/div>\n\t\t\t<div class=\"elementor-flip-box__layer elementor-flip-box__back\">\n\t\t\t<div class=\"elementor-flip-box__layer__overlay\">\n\t\t\t\t<div class=\"elementor-flip-box__layer__inner\">\n\t\t\t\t\t\t\t\t\t\t\t<h3 class=\"elementor-flip-box__layer__title\">\n\t\t\t\t\t\t\tdr in\u017c.\/PhD Jacek Skubis\t\t\t\t\t\t<\/h3>\n\t\t\t\t\t\n\t\t\t\t\t\t\t\t\t\t\t<div class=\"elementor-flip-box__layer__description\">\n\t\t\t\t\t\t\tasystent administracyjny\/administrative assistant\t\nJestem biologiem i pracuj\u0119 na Uniwersytecie Przyrodniczym ponad 25 lat. Dodatkowo prowadz\u0119 w\u0142asn\u0105 firm\u0119 co daje mi du\u017ce do\u015bwiadczenie administracyjne   507192365\t\t\t\t\t\t<\/div>\n\t\t\t\t\t\n\t\t\t\t\t\t\t\t<\/div>\n\t\t<\/div>\n\t\t<\/div>\n\t\t<\/div>\n\t\t\t\t<\/div>\n\t\t\t\t<\/div>\n\t\t\t\t<\/div>\n\t\t<div class=\"elementor-element elementor-element-0a83360 e-con-full e-flex e-con e-child\" data-id=\"0a83360\" data-element_type=\"container\" data-settings=\"{&quot;content_width&quot;:&quot;full&quot;}\">\n\t\t\t\t<div class=\"elementor-element elementor-element-eb5531f elementor-flip-box--effect-fade animated-slow elementor-invisible elementor-widget elementor-widget-flip-box\" data-id=\"eb5531f\" data-element_type=\"widget\" data-settings=\"{&quot;_animation&quot;:&quot;fadeIn&quot;,&quot;_animation_delay&quot;:500}\" data-widget_type=\"flip-box.default\">\n\t\t\t\t<div class=\"elementor-widget-container\">\n\t\t\t\t\t<div class=\"elementor-flip-box\" tabindex=\"0\">\n\t\t\t<div class=\"elementor-flip-box__layer elementor-flip-box__front\">\n\t\t\t\t<div class=\"elementor-flip-box__layer__overlay\">\n\t\t\t\t\t<div class=\"elementor-flip-box__layer__inner\">\n\t\t\t\t\t\t\n\t\t\t\t\t\t\t\t\t\t\t\t\t<h3 class=\"elementor-flip-box__layer__title\">\n\t\t\t\t\t\t\t\tJAN MACIOROWSKI\t\t\t\t\t\t\t<\/h3>\n\t\t\t\t\t\t\n\t\t\t\t\t\t\t\t\t\t\t<\/div>\n\t\t\t\t<\/div>\n\t\t\t<\/div>\n\t\t\t<div class=\"elementor-flip-box__layer elementor-flip-box__back\">\n\t\t\t<div class=\"elementor-flip-box__layer__overlay\">\n\t\t\t\t<div class=\"elementor-flip-box__layer__inner\">\n\t\t\t\t\t\t\t\t\t\t\t<h3 class=\"elementor-flip-box__layer__title\">\n\t\t\t\t\t\t\tDoktorant\/PhD student Jan Maciorwski\t\t\t\t\t\t<\/h3>\n\t\t\t\t\t\n\t\t\t\t\t\t\t\t\t\t\t<div class=\"elementor-flip-box__layer__description\">\n\t\t\t\t\t\t\tasystent ds. analiz monitoringowych\nJestem doktorantem na Uniwersytecie Przyrodniczym w Poznaniu. Interesuj\u0105 mnie zwierz\u0119ta i nowe technologie\njan.maciorowski@up.poznan.pl \t\t\t\t\t\t<\/div>\n\t\t\t\t\t\n\t\t\t\t\t\t\t\t<\/div>\n\t\t<\/div>\n\t\t<\/div>\n\t\t<\/div>\n\t\t\t\t<\/div>\n\t\t\t\t<\/div>\n\t\t\t\t<\/div>\n\t\t\t\t\t<\/div>\n\t\t\t\t<\/div>\n\t\t<div class=\"elementor-element elementor-element-a4e3b35 e-flex e-con-boxed e-con e-parent\" data-id=\"a4e3b35\" data-element_type=\"container\" data-settings=\"{&quot;content_width&quot;:&quot;boxed&quot;}\" data-core-v316-plus=\"true\">\n\t\t\t\t\t<div class=\"e-con-inner\">\n\t\t<div class=\"elementor-element elementor-element-d7b2513 e-con-full e-flex e-con e-child\" data-id=\"d7b2513\" data-element_type=\"container\" data-settings=\"{&quot;content_width&quot;:&quot;full&quot;}\">\n\t\t\t\t<div class=\"elementor-element elementor-element-a8ae459 elementor-flip-box--effect-fade animated-slow elementor-invisible elementor-widget elementor-widget-flip-box\" data-id=\"a8ae459\" data-element_type=\"widget\" data-settings=\"{&quot;_animation&quot;:&quot;fadeIn&quot;,&quot;_animation_delay&quot;:100}\" data-widget_type=\"flip-box.default\">\n\t\t\t\t<div class=\"elementor-widget-container\">\n\t\t\t\t\t<div class=\"elementor-flip-box\" tabindex=\"0\">\n\t\t\t<div class=\"elementor-flip-box__layer elementor-flip-box__front\">\n\t\t\t\t<div class=\"elementor-flip-box__layer__overlay\">\n\t\t\t\t\t<div class=\"elementor-flip-box__layer__inner\">\n\t\t\t\t\t\t\n\t\t\t\t\t\t\t\t\t\t\t\t\t<h3 class=\"elementor-flip-box__layer__title\">\n\t\t\t\t\t\t\t\tKATARZYNA PACZKOWSKA\t\t\t\t\t\t\t<\/h3>\n\t\t\t\t\t\t\n\t\t\t\t\t\t\t\t\t\t\t<\/div>\n\t\t\t\t<\/div>\n\t\t\t<\/div>\n\t\t\t<div class=\"elementor-flip-box__layer elementor-flip-box__back\">\n\t\t\t<div class=\"elementor-flip-box__layer__overlay\">\n\t\t\t\t<div class=\"elementor-flip-box__layer__inner\">\n\t\t\t\t\t\t\t\t\t\t\t<h3 class=\"elementor-flip-box__layer__title\">\n\t\t\t\t\t\t\tmgr Katarzyna Paczkowska\t\t\t\t\t\t<\/h3>\n\t\t\t\t\t\n\t\t\t\t\t\t\t\t\t\t\t<div class=\"elementor-flip-box__layer__description\">\n\t\t\t\t\t\t\tKierownik administracyjny\/Project Administrative Manager\nZ wykszta\u0142cenia pedagog medialny, zaanga\u017cowana w realizacj\u0119 projekt\u00f3w unijnych od ponad 10 lat (NAWA, NCN, NCBR, POWER, Horyzont Europa, MSCA). Kompetencje menad\u017cerskie potwierdzi\u0142a dyplomem studi\u00f3w MBA w 2023 r.\nkatarzyna.paczkowska@up.poznan.pl\t\t\t\t\t\t<\/div>\n\t\t\t\t\t\n\t\t\t\t\t\t\t\t<\/div>\n\t\t<\/div>\n\t\t<\/div>\n\t\t<\/div>\n\t\t\t\t<\/div>\n\t\t\t\t<\/div>\n\t\t\t\t<\/div>\n\t\t<div class=\"elementor-element elementor-element-3148dd8 e-con-full e-flex e-con e-child\" data-id=\"3148dd8\" data-element_type=\"container\" data-settings=\"{&quot;content_width&quot;:&quot;full&quot;}\">\n\t\t\t\t<div class=\"elementor-element elementor-element-b8093d6 elementor-flip-box--effect-fade animated-slow elementor-invisible elementor-widget elementor-widget-flip-box\" data-id=\"b8093d6\" data-element_type=\"widget\" data-settings=\"{&quot;_animation&quot;:&quot;fadeIn&quot;,&quot;_animation_delay&quot;:300}\" data-widget_type=\"flip-box.default\">\n\t\t\t\t<div class=\"elementor-widget-container\">\n\t\t\t\t\t<div class=\"elementor-flip-box\" tabindex=\"0\">\n\t\t\t<div class=\"elementor-flip-box__layer elementor-flip-box__front\">\n\t\t\t\t<div class=\"elementor-flip-box__layer__overlay\">\n\t\t\t\t\t<div class=\"elementor-flip-box__layer__inner\">\n\t\t\t\t\t\t\n\t\t\t\t\t\t\t\t\t\t\t\t\t<h3 class=\"elementor-flip-box__layer__title\">\n\t\t\t\t\t\t\t\tMACIEJ SKORUPSKI\t\t\t\t\t\t\t<\/h3>\n\t\t\t\t\t\t\n\t\t\t\t\t\t\t\t\t\t\t<\/div>\n\t\t\t\t<\/div>\n\t\t\t<\/div>\n\t\t\t<div class=\"elementor-flip-box__layer elementor-flip-box__back\">\n\t\t\t<div class=\"elementor-flip-box__layer__overlay\">\n\t\t\t\t<div class=\"elementor-flip-box__layer__inner\">\n\t\t\t\t\t\t\t\t\t\t\t<h3 class=\"elementor-flip-box__layer__title\">\n\t\t\t\t\t\t\tprof. dr hab. in\u017c.\/Prof. Kierownik projektu Maciej Skorupski\t\t\t\t\t\t<\/h3>\n\t\t\t\t\t\n\t\t\t\t\t\t\t\t\t\t\t<div class=\"elementor-flip-box__layer__description\">\n\t\t\t\t\t\t\tJestem kierownikiem Katedry \u0141owiectwa i Ochrony Lasu na Uniwersytecie Przyrodniczym w Poznaniu. Posiadam do\u015bwiadczenie w kierowaniu zespo\u0142ami badawczymi w projektach Narodowego Centrum Bada\u0144 i Rozwoju, Narodowego Centrum Nauki oraz Grant\u00f3w finansowanych przez Dyrekcj\u0119 Generaln\u0105 Las\u00f3w Pa\u0144stwowych. Przewodniczy\u0142em Biodiversity WG konsorcjum ConForest Europejskiego Instytutu Le\u015bnego (2004-2008). Od 2010 r. pe\u0142ni\u0119 funkcj\u0119 IUFRO Officeholder 8.02.05 - Ochrona i zarz\u0105dzanie dzik\u0105 faun\u0105 i flor\u0105 - najpierw jako zast\u0119pca koordynatora grupy roboczej w latach 2010-2014, a od 2014 r. jako koordynator\nmaciej.skorupski@up.poznan.pl\n\t\t\t\t\t\t<\/div>\n\t\t\t\t\t\n\t\t\t\t\t\t\t\t<\/div>\n\t\t<\/div>\n\t\t<\/div>\n\t\t<\/div>\n\t\t\t\t<\/div>\n\t\t\t\t<\/div>\n\t\t\t\t<\/div>\n\t\t<div class=\"elementor-element elementor-element-af36870 e-con-full e-flex e-con e-child\" data-id=\"af36870\" data-element_type=\"container\" data-settings=\"{&quot;content_width&quot;:&quot;full&quot;}\">\n\t\t\t\t<div class=\"elementor-element elementor-element-46c7e25 elementor-flip-box--effect-fade animated-slow elementor-invisible elementor-widget elementor-widget-flip-box\" data-id=\"46c7e25\" data-element_type=\"widget\" data-settings=\"{&quot;_animation&quot;:&quot;fadeIn&quot;,&quot;_animation_delay&quot;:500}\" data-widget_type=\"flip-box.default\">\n\t\t\t\t<div class=\"elementor-widget-container\">\n\t\t\t\t\t<div class=\"elementor-flip-box\" tabindex=\"0\">\n\t\t\t<div class=\"elementor-flip-box__layer elementor-flip-box__front\">\n\t\t\t\t<div class=\"elementor-flip-box__layer__overlay\">\n\t\t\t\t\t<div class=\"elementor-flip-box__layer__inner\">\n\t\t\t\t\t\t\n\t\t\t\t\t\t\t\t\t\t\t\t\t<h3 class=\"elementor-flip-box__layer__title\">\n\t\t\t\t\t\t\t\tPAWE\u0141 PODKOWA\t\t\t\t\t\t\t<\/h3>\n\t\t\t\t\t\t\n\t\t\t\t\t\t\t\t\t\t\t<\/div>\n\t\t\t\t<\/div>\n\t\t\t<\/div>\n\t\t\t<div class=\"elementor-flip-box__layer elementor-flip-box__back\">\n\t\t\t<div class=\"elementor-flip-box__layer__overlay\">\n\t\t\t\t<div class=\"elementor-flip-box__layer__inner\">\n\t\t\t\t\t\t\t\t\t\t\t<h3 class=\"elementor-flip-box__layer__title\">\n\t\t\t\t\t\t\tDr\/ PhD Pawe\u0142 Podkowa \t\t\t\t\t\t<\/h3>\n\t\t\t\t\t\n\t\t\t\t\t\t\t\t\t\t\t<div class=\"elementor-flip-box__layer__description\">\n\t\t\t\t\t\t\tasystent techniczny \t\nNa co dzie\u0144 pracuje w Instytucie Nauk o \u015arodowisku Uniwersytetu Jagiello\u0144skiego w Krakowie. W ramach zrealizowanych jak dot\u0105d projekt\u00f3w zajmowa\u0142 si\u0119 monitoringiem, monta\u017cem platform gniazdowych oraz pozyskiwaniem materia\u0142u badawczego z gniazd ptak\u00f3w szponiastych\npawel.podkowa@gmail.com\t\t\t\t\t\t\t<\/div>\n\t\t\t\t\t\n\t\t\t\t\t\t\t\t<\/div>\n\t\t<\/div>\n\t\t<\/div>\n\t\t<\/div>\n\t\t\t\t<\/div>\n\t\t\t\t<\/div>\n\t\t\t\t<\/div>\n\t\t\t\t\t<\/div>\n\t\t\t\t<\/div>\n\t\t<div class=\"elementor-element elementor-element-3080d53 e-flex e-con-boxed e-con e-parent\" data-id=\"3080d53\" data-element_type=\"container\" data-settings=\"{&quot;content_width&quot;:&quot;boxed&quot;}\" data-core-v316-plus=\"true\">\n\t\t\t\t\t<div class=\"e-con-inner\">\n\t\t<div class=\"elementor-element elementor-element-4c1c1c7 e-con-full e-flex e-con e-child\" data-id=\"4c1c1c7\" data-element_type=\"container\" data-settings=\"{&quot;content_width&quot;:&quot;full&quot;}\">\n\t\t\t\t<div class=\"elementor-element elementor-element-798d3cc elementor-flip-box--effect-fade animated-slow elementor-invisible elementor-widget elementor-widget-flip-box\" data-id=\"798d3cc\" data-element_type=\"widget\" data-settings=\"{&quot;_animation&quot;:&quot;fadeIn&quot;,&quot;_animation_delay&quot;:100}\" data-widget_type=\"flip-box.default\">\n\t\t\t\t<div class=\"elementor-widget-container\">\n\t\t\t\t\t<div class=\"elementor-flip-box\" tabindex=\"0\">\n\t\t\t<div class=\"elementor-flip-box__layer elementor-flip-box__front\">\n\t\t\t\t<div class=\"elementor-flip-box__layer__overlay\">\n\t\t\t\t\t<div class=\"elementor-flip-box__layer__inner\">\n\t\t\t\t\t\t\n\t\t\t\t\t\t\t\t\t\t\t\t\t<h3 class=\"elementor-flip-box__layer__title\">\n\t\t\t\t\t\t\t\tPIOTR ZDUNIAK\t\t\t\t\t\t\t<\/h3>\n\t\t\t\t\t\t\n\t\t\t\t\t\t\t\t\t\t\t<\/div>\n\t\t\t\t<\/div>\n\t\t\t<\/div>\n\t\t\t<div class=\"elementor-flip-box__layer elementor-flip-box__back\">\n\t\t\t<div class=\"elementor-flip-box__layer__overlay\">\n\t\t\t\t<div class=\"elementor-flip-box__layer__inner\">\n\t\t\t\t\t\t\t\t\t\t\t<h3 class=\"elementor-flip-box__layer__title\">\n\t\t\t\t\t\t\tdr hab.\/PhD Piotr Zduniak\t\t\t\t\t\t<\/h3>\n\t\t\t\t\t\n\t\t\t\t\t\t\t\t\t\t\t<div class=\"elementor-flip-box__layer__description\">\n\t\t\t\t\t\t\tSpecjalista od ochrony orlika grubodziobego\t\n\nkudlaty@amu.edu.pl\t\t\t\t\t\t\t<\/div>\n\t\t\t\t\t\n\t\t\t\t\t\t\t\t<\/div>\n\t\t<\/div>\n\t\t<\/div>\n\t\t<\/div>\n\t\t\t\t<\/div>\n\t\t\t\t<\/div>\n\t\t\t\t<\/div>\n\t\t<div class=\"elementor-element elementor-element-42cc199 e-con-full e-flex e-con e-child\" data-id=\"42cc199\" data-element_type=\"container\" data-settings=\"{&quot;content_width&quot;:&quot;full&quot;,&quot;background_background&quot;:&quot;classic&quot;}\">\n\t\t\t\t<div class=\"elementor-element elementor-element-3ddcf23 elementor-flip-box--effect-fade animated-slow elementor-invisible elementor-widget elementor-widget-flip-box\" data-id=\"3ddcf23\" data-element_type=\"widget\" data-settings=\"{&quot;_animation&quot;:&quot;fadeIn&quot;,&quot;_animation_delay&quot;:100}\" data-widget_type=\"flip-box.default\">\n\t\t\t\t<div class=\"elementor-widget-container\">\n\t\t\t\t\t<div class=\"elementor-flip-box\" tabindex=\"0\">\n\t\t\t<div class=\"elementor-flip-box__layer elementor-flip-box__front\">\n\t\t\t\t<div class=\"elementor-flip-box__layer__overlay\">\n\t\t\t\t\t<div class=\"elementor-flip-box__layer__inner\">\n\t\t\t\t\t\t\n\t\t\t\t\t\t\t\t\t\t\t\t\t<h3 class=\"elementor-flip-box__layer__title\">\n\t\t\t\t\t\t\t\tDANIEL P\u0118KALSKI\t\t\t\t\t\t\t<\/h3>\n\t\t\t\t\t\t\n\t\t\t\t\t\t\t\t\t\t\t<\/div>\n\t\t\t\t<\/div>\n\t\t\t<\/div>\n\t\t\t<div class=\"elementor-flip-box__layer elementor-flip-box__back\">\n\t\t\t<div class=\"elementor-flip-box__layer__overlay\">\n\t\t\t\t<div class=\"elementor-flip-box__layer__inner\">\n\t\t\t\t\t\t\t\t\t\t\t<h3 class=\"elementor-flip-box__layer__title\">\n\t\t\t\t\t\t\tin\u017c. Daniel P\u0119kalski\t\t\t\t\t\t<\/h3>\n\t\t\t\t\t\n\t\t\t\t\t\t\t\t\t\t\t<div class=\"elementor-flip-box__layer__description\">\n\t\t\t\t\t\t\tW projekcie rozpocz\u0105\u0142em prace w sezonie 2025, pocz\u0105tkowo pracowa\u0142em przy odchowie piskl\u0105t orlik\u00f3w grubodziobych. Od pa\u017adziernika 2025 obj\u0105\u0142em stanowisko koordynatora. Z wykszta\u0142cenia jestem le\u015bnikiem, z zami\u0142owania fotografem dzikiej przyrody oraz pasjonatem aktywnego sp\u0119dzania czasu na \u0142onie natury, w tym d\u0142ugich le\u015bnych w\u0119dr\u00f3wek i sp\u0119dzania nocy w hamaku g\u0142\u0119boko w lesie.\t\t\t\t\t\t\t<\/div>\n\t\t\t\t\t\n\t\t\t\t\t\t\t\t<\/div>\n\t\t<\/div>\n\t\t<\/div>\n\t\t<\/div>\n\t\t\t\t<\/div>\n\t\t\t\t<\/div>\n\t\t\t\t<\/div>\n\t\t<div class=\"elementor-element elementor-element-24e43b5 e-con-full e-flex e-con e-child\" data-id=\"24e43b5\" data-element_type=\"container\" data-settings=\"{&quot;content_width&quot;:&quot;full&quot;}\">\n\t\t\t\t<div class=\"elementor-element elementor-element-0bd0504 elementor-flip-box--effect-fade animated-slow elementor-invisible elementor-widget elementor-widget-flip-box\" data-id=\"0bd0504\" data-element_type=\"widget\" data-settings=\"{&quot;_animation&quot;:&quot;fadeIn&quot;,&quot;_animation_delay&quot;:300}\" data-widget_type=\"flip-box.default\">\n\t\t\t\t<div class=\"elementor-widget-container\">\n\t\t\t\t\t<div class=\"elementor-flip-box\" tabindex=\"0\">\n\t\t\t<div class=\"elementor-flip-box__layer elementor-flip-box__front\">\n\t\t\t\t<div class=\"elementor-flip-box__layer__overlay\">\n\t\t\t\t\t<div class=\"elementor-flip-box__layer__inner\">\n\t\t\t\t\t\t\n\t\t\t\t\t\t\t\t\t\t\t\t\t<h3 class=\"elementor-flip-box__layer__title\">\n\t\t\t\t\t\t\t\t\u00d6mral \u00dcnsal \u00d6ZKO\u00c7\t\t\t\t\t\t\t<\/h3>\n\t\t\t\t\t\t\n\t\t\t\t\t\t\t\t\t\t\t<\/div>\n\t\t\t\t<\/div>\n\t\t\t<\/div>\n\t\t\t<div class=\"elementor-flip-box__layer elementor-flip-box__back\">\n\t\t\t<div class=\"elementor-flip-box__layer__overlay\">\n\t\t\t\t<div class=\"elementor-flip-box__layer__inner\">\n\t\t\t\t\t\t\t\t\t\t\t<h3 class=\"elementor-flip-box__layer__title\">\n\t\t\t\t\t\t\tPhd student \u00d6mral \u00dcnsal \u00d6ZKO\u00c7\t\t\t\t\t\t<\/h3>\n\t\t\t\t\t\n\t\t\t\t\t\t\t\t\t\t\t<div class=\"elementor-flip-box__layer__description\">\n\t\t\t\t\t\t\tKoordynator ds. ochrony GSE\t\nJestem biologiem i doktorantem ornitologii z do\u015bwiadczeniem w pracy z ptakami. Mia\u0142em wiele do\u015bwiadcze\u0144 zwi\u0105zanych z ptakami w delcie K\u0131z\u0131l\u0131rmak podczas moich 7-letnich studi\u00f3w. \nozkoc@dogaarastirmalari.org.tr\t\t\t\t\t\t<\/div>\n\t\t\t\t\t\n\t\t\t\t\t\t\t\t<\/div>\n\t\t<\/div>\n\t\t<\/div>\n\t\t<\/div>\n\t\t\t\t<\/div>\n\t\t\t\t<\/div>\n\t\t\t\t<\/div>\n\t\t\t\t\t<\/div>\n\t\t\t\t<\/div>\n\t\t<div class=\"elementor-element elementor-element-70914c66 e-con-full e-flex e-con e-parent\" data-id=\"70914c66\" data-element_type=\"container\" data-settings=\"{&quot;content_width&quot;:&quot;full&quot;}\" data-core-v316-plus=\"true\">\n\t\t<div class=\"elementor-element elementor-element-18e35344 e-flex e-con-boxed e-con e-child\" data-id=\"18e35344\" data-element_type=\"container\" data-settings=\"{&quot;background_background&quot;:&quot;classic&quot;,&quot;content_width&quot;:&quot;boxed&quot;}\">\n\t\t\t\t\t<div class=\"e-con-inner\">\n\t\t\t\t<div class=\"elementor-element elementor-element-18e97f13 elementor-widget elementor-widget-image\" data-id=\"18e97f13\" data-element_type=\"widget\" data-widget_type=\"image.default\">\n\t\t\t\t<div class=\"elementor-widget-container\">\n\t\t\t\t\t\t\t\t\t\t\t\t\t\t<a href=\"http:\/\/sparrow.up.poznan.pl\/life\/home\/\">\n\t\t\t\t\t\t\t<img fetchpriority=\"high\" decoding=\"async\" width=\"800\" height=\"800\" src=\"https:\/\/sparrow.up.poznan.pl\/life\/wp-content\/uploads\/2024\/02\/gse_life_orlik-1024x1024.png\" class=\"attachment-large size-large wp-image-48\" alt=\"\" srcset=\"https:\/\/sparrow.up.poznan.pl\/life\/wp-content\/uploads\/2024\/02\/gse_life_orlik-1024x1024.png 1024w, https:\/\/sparrow.up.poznan.pl\/life\/wp-content\/uploads\/2024\/02\/gse_life_orlik-300x300.png 300w, https:\/\/sparrow.up.poznan.pl\/life\/wp-content\/uploads\/2024\/02\/gse_life_orlik-150x150.png 150w, https:\/\/sparrow.up.poznan.pl\/life\/wp-content\/uploads\/2024\/02\/gse_life_orlik-768x768.png 768w, https:\/\/sparrow.up.poznan.pl\/life\/wp-content\/uploads\/2024\/02\/gse_life_orlik-1536x1536.png 1536w, https:\/\/sparrow.up.poznan.pl\/life\/wp-content\/uploads\/2024\/02\/gse_life_orlik-2048x2048.png 2048w\" sizes=\"(max-width: 800px) 100vw, 800px\" \/>\t\t\t\t\t\t\t\t<\/a>\n\t\t\t\t\t\t\t\t\t\t\t\t\t<\/div>\n\t\t\t\t<\/div>\n\t\t\t\t\t<\/div>\n\t\t\t\t<\/div>\n\t\t\t\t<\/div>\n\t\t<div class=\"elementor-element elementor-element-c48fb6e e-flex e-con-boxed e-con e-parent\" data-id=\"c48fb6e\" data-element_type=\"container\" data-settings=\"{&quot;content_width&quot;:&quot;boxed&quot;}\" data-core-v316-plus=\"true\">\n\t\t\t\t\t<div class=\"e-con-inner\">\n\t\t\t\t<div class=\"elementor-element elementor-element-d628317 elementor-widget elementor-widget-text-editor\" data-id=\"d628317\" data-element_type=\"widget\" data-widget_type=\"text-editor.default\">\n\t\t\t\t<div class=\"elementor-widget-container\">\n\t\t\t\t\t\t\t\t\t\t\t\t\t<\/div>\n\t\t\t\t<\/div>\n\t\t\t\t\t<\/div>\n\t\t\t\t<\/div>\n\t\t\t\t<\/div>\n\t\t","protected":false},"excerpt":{"rendered":"<p>O nas Uniwersytet Przyrodniczy w Poznaniu (PULS) jest jednostk\u0105 naukowo-dydaktyczn\u0105 prowadz\u0105c\u0105 badania i realizuj\u0105c\u0105 dzia\u0142ania ochronne maj\u0105ce na celu poznanie i czynn\u0105 ochron\u0119 najbardziej zagro\u017conych gatunk\u00f3w ro\u015blin i zwierz\u0105t, w tym najd\u0142u\u017csze na \u015bwiecie badania orlika grubodziobego (dzi\u0119ki temu polska populacja tego gatunku, jako jedyna znana w Europie, nie jest znacz\u0105co zagro\u017cona). Generalnie jednym z [&hellip;]<\/p>\n","protected":false},"author":2,"featured_media":0,"parent":0,"menu_order":0,"comment_status":"closed","ping_status":"closed","template":"elementor_canvas","meta":{"footnotes":""},"aioseo_notices":[],"_links":{"self":[{"href":"https:\/\/sparrow.up.poznan.pl\/life\/wp-json\/wp\/v2\/pages\/40"}],"collection":[{"href":"https:\/\/sparrow.up.poznan.pl\/life\/wp-json\/wp\/v2\/pages"}],"about":[{"href":"https:\/\/sparrow.up.poznan.pl\/life\/wp-json\/wp\/v2\/types\/page"}],"author":[{"embeddable":true,"href":"https:\/\/sparrow.up.poznan.pl\/life\/wp-json\/wp\/v2\/users\/2"}],"replies":[{"embeddable":true,"href":"https:\/\/sparrow.up.poznan.pl\/life\/wp-json\/wp\/v2\/comments?post=40"}],"version-history":[{"count":85,"href":"https:\/\/sparrow.up.poznan.pl\/life\/wp-json\/wp\/v2\/pages\/40\/revisions"}],"predecessor-version":[{"id":1203,"href":"https:\/\/sparrow.up.poznan.pl\/life\/wp-json\/wp\/v2\/pages\/40\/revisions\/1203"}],"wp:attachment":[{"href":"https:\/\/sparrow.up.poznan.pl\/life\/wp-json\/wp\/v2\/media?parent=40"}],"curies":[{"name":"wp","href":"https:\/\/api.w.org\/{rel}","templated":true}]}}